{"id":7229,"date":"2019-03-05T19:10:32","date_gmt":"2019-03-05T18:10:32","guid":{"rendered":"https:\/\/swiss-soroptimist.ch\/event\/12-03-25-11-2019\/"},"modified":"2019-05-14T19:41:05","modified_gmt":"2019-05-14T17:41:05","slug":"50eme-anniversaire-du-club-soroptimist-fribourg","status":"publish","type":"tribe_events","link":"https:\/\/swiss-soroptimist.ch\/fr\/event\/50eme-anniversaire-du-club-soroptimist-fribourg\/","title":{"rendered":"07.09.2019 | 50\u00e8me anniversaire du Club Soroptimist Fribourg"},"content":{"rendered":"<p>Ch\u00e8res amies Soroptimistes, Madame, Monsieur,<\/p>\n<p>Au nom du Club Soroptimist de Fribourg, je vous invite cordialement \u00e0 c\u00e9l\u00e9brer avec nous le 50<sup>\u00e8me<\/sup> anniversaire de la fondation de notre club, qui aura lieu\u00a0:<\/p>\n<p><strong>le 7 septembre 2019\u00a0<\/strong><strong>\u00e0 11h30 \u00e0 l\u2019Aula Magna de l\u2019Universit\u00e9 de Fribourg. <\/strong><\/p>\n<p>Le Club Soroptimist de Fribourg a \u00e9t\u00e9 fond\u00e9 en 1969. Nous avons encore parmi nous des membres fondatrices et nous r\u00e9jouissons de pouvoir passer ce cap avec elles. C\u2019est aussi une belle opportunit\u00e9 pour faire conna\u00eetre nos actions et surtout pour engranger quelques b\u00e9n\u00e9fices lors du repas de soutien et du concert de bienfaisance. Ces b\u00e9n\u00e9fices seront vers\u00e9s \u00e0 des associations caritatives en lien avec le th\u00e8me de notre journ\u00e9e anniversaire\u00a0: <em>les jeunes en rupture<\/em>, qu\u2019ils ou elles soient en d\u00e9tresse physique, morale ou sociale. En effet, nous d\u00e9sirons agir dans le domaine de la pr\u00e9vention, afin d\u2019\u00e9viter que des jeunes en arrivent \u00e0 un point de rupture tel que tout espoir semble perdu, et\u00a0 soutenir des actions de pr\u00e9vention du suicide, plus sp\u00e9cifiquement chez les adolescents (Association Stop-suicide).<\/p>\n<p><a href=\"https:\/\/swiss-soroptimist.ch\/wp-content\/uploads\/2019\/05\/lettre-50ans-F.doc\" target=\"_blank\" rel=\"noopener noreferrer\"><strong>T\u00e9l\u00e9charger l&rsquo;invitation<\/strong><\/a><\/p>\n<p><a href=\"https:\/\/swiss-soroptimist.ch\/wp-content\/uploads\/2019\/03\/flyer_50e_290119.pdf\" target=\"_blank\" rel=\"noopener noreferrer\"><img decoding=\"async\" class=\"size-full wp-image-257 alignnone\" src=\"https:\/\/swiss-soroptimist.ch\/wp-content\/uploads\/2015\/12\/pdf-icon1.jpg\" alt=\"\" width=\"25\" height=\"26\" \/><\/a>\u00a0Flyer 50 ans Soroptimist International Club Fribourg!<\/p>\n","protected":false},"excerpt":{"rendered":"<p>Ch\u00e8res amies Soroptimistes, Madame, Monsieur, Au nom du Club Soroptimist de Fribourg, je vous invite cordialement \u00e0 c\u00e9l\u00e9brer avec nous le 50\u00e8me anniversaire de la fondation de notre club, qui aura lieu\u00a0: le 7 septembre 2019\u00a0\u00e0 11h30 \u00e0 l\u2019Aula Magna de l\u2019Universit\u00e9 de Fribourg. Le Club Soroptimist de Fribourg a \u00e9t\u00e9 fond\u00e9 en 1969. Nous <a href=\"https:\/\/swiss-soroptimist.ch\/fr\/event\/50eme-anniversaire-du-club-soroptimist-fribourg\/\"> [&#8230;]<\/a><\/p>\n","protected":false},"author":2,"featured_media":7220,"template":"","meta":{"_tribe_events_status":"","_tribe_events_status_reason":"","footnotes":""},"tags":[],"tribe_events_cat":[49],"class_list":["post-7229","tribe_events","type-tribe_events","status-publish","has-post-thumbnail","hentry","tribe_events_cat-veranstaltungen-2019-fr","cat_veranstaltungen-2019-fr"],"_links":{"self":[{"href":"https:\/\/swiss-soroptimist.ch\/fr\/wp-json\/wp\/v2\/tribe_events\/7229","targetHints":{"allow":["GET"]}}],"collection":[{"href":"https:\/\/swiss-soroptimist.ch\/fr\/wp-json\/wp\/v2\/tribe_events"}],"about":[{"href":"https:\/\/swiss-soroptimist.ch\/fr\/wp-json\/wp\/v2\/types\/tribe_events"}],"author":[{"embeddable":true,"href":"https:\/\/swiss-soroptimist.ch\/fr\/wp-json\/wp\/v2\/users\/2"}],"version-history":[{"count":9,"href":"https:\/\/swiss-soroptimist.ch\/fr\/wp-json\/wp\/v2\/tribe_events\/7229\/revisions"}],"predecessor-version":[{"id":8670,"href":"https:\/\/swiss-soroptimist.ch\/fr\/wp-json\/wp\/v2\/tribe_events\/7229\/revisions\/8670"}],"wp:featuredmedia":[{"embeddable":true,"href":"https:\/\/swiss-soroptimist.ch\/fr\/wp-json\/wp\/v2\/media\/7220"}],"wp:attachment":[{"href":"https:\/\/swiss-soroptimist.ch\/fr\/wp-json\/wp\/v2\/media?parent=7229"}],"wp:term":[{"taxonomy":"post_tag","embeddable":true,"href":"https:\/\/swiss-soroptimist.ch\/fr\/wp-json\/wp\/v2\/tags?post=7229"},{"taxonomy":"tribe_events_cat","embeddable":true,"href":"https:\/\/swiss-soroptimist.ch\/fr\/wp-json\/wp\/v2\/tribe_events_cat?post=7229"}],"curies":[{"name":"wp","href":"https:\/\/api.w.org\/{rel}","templated":true}]}}