{"id":24954,"date":"2026-04-26T23:50:50","date_gmt":"2026-04-26T21:50:50","guid":{"rendered":"https:\/\/swiss-soroptimist.ch\/?post_type=tribe_events&#038;p=24954"},"modified":"2026-04-26T23:50:50","modified_gmt":"2026-04-26T21:50:50","slug":"leadership-academy-2026","status":"publish","type":"tribe_events","link":"https:\/\/swiss-soroptimist.ch\/fr\/event\/leadership-academy-2026\/","title":{"rendered":"Leadership Academy 2026"},"content":{"rendered":"<h3><strong>Atelier du programme de mentorat SI CH<\/strong><\/h3>\n<p class=\"fusion-responsive-typography-calculated\" data-fontsize=\"24\" data-lineheight=\"31.92px\"><span lang=\"FR-CH\">D\u00e9couvre deux journ\u00e9es inspirantes, riches en \u00e9changes, en r\u00e9flexion et en d\u00e9veloppement personnel. Cet atelier s\u2019adresse \u00e0 toutes les femmes qui souhaitent renforcer leur potentiel, aider les autres et s\u2019aider elles-m\u00eames en pleine conscience, et d\u00e9velopper leurs comp\u00e9tences en mati\u00e8re de leadership.<\/span><\/p>\n<p>Les mentor\u00e9es et les mentors du programme de mentorat suisse, ainsi que toute autre personne int\u00e9ress\u00e9e, sont cordialement invit\u00e9es \u00e0 participer \u00e0 l\u2019atelier SI CH Leadership Academy.<\/p>\n<p data-fontsize=\"24\" data-lineheight=\"31.92px\"><a href=\"https:\/\/swiss-soroptimist.ch\/fr\/leadership-academy-2026\/\"><strong>TOUTES LES INFOS ICI !<\/strong><\/a><\/p>\n","protected":false},"excerpt":{"rendered":"<p>Atelier du programme de mentorat SI CH D\u00e9couvre deux journ\u00e9es inspirantes, riches en \u00e9changes, en r\u00e9flexion et en d\u00e9veloppement personnel. Cet atelier s\u2019adresse \u00e0 toutes les femmes qui souhaitent renforcer leur potentiel, aider les autres et s\u2019aider elles-m\u00eames en pleine conscience, et d\u00e9velopper leurs comp\u00e9tences en mati\u00e8re de leadership. Les mentor\u00e9es et les mentors du <a href=\"https:\/\/swiss-soroptimist.ch\/fr\/event\/leadership-academy-2026\/\"> [&#8230;]<\/a><\/p>\n","protected":false},"author":2,"featured_media":24949,"template":"","meta":{"_tribe_events_status":"","_tribe_events_status_reason":"","footnotes":""},"tags":[],"tribe_events_cat":[191],"class_list":["post-24954","tribe_events","type-tribe_events","status-publish","has-post-thumbnail","hentry","tribe_events_cat-veranstaltungen-2026","cat_veranstaltungen-2026"],"_links":{"self":[{"href":"https:\/\/swiss-soroptimist.ch\/fr\/wp-json\/wp\/v2\/tribe_events\/24954","targetHints":{"allow":["GET"]}}],"collection":[{"href":"https:\/\/swiss-soroptimist.ch\/fr\/wp-json\/wp\/v2\/tribe_events"}],"about":[{"href":"https:\/\/swiss-soroptimist.ch\/fr\/wp-json\/wp\/v2\/types\/tribe_events"}],"author":[{"embeddable":true,"href":"https:\/\/swiss-soroptimist.ch\/fr\/wp-json\/wp\/v2\/users\/2"}],"version-history":[{"count":1,"href":"https:\/\/swiss-soroptimist.ch\/fr\/wp-json\/wp\/v2\/tribe_events\/24954\/revisions"}],"predecessor-version":[{"id":24955,"href":"https:\/\/swiss-soroptimist.ch\/fr\/wp-json\/wp\/v2\/tribe_events\/24954\/revisions\/24955"}],"wp:featuredmedia":[{"embeddable":true,"href":"https:\/\/swiss-soroptimist.ch\/fr\/wp-json\/wp\/v2\/media\/24949"}],"wp:attachment":[{"href":"https:\/\/swiss-soroptimist.ch\/fr\/wp-json\/wp\/v2\/media?parent=24954"}],"wp:term":[{"taxonomy":"post_tag","embeddable":true,"href":"https:\/\/swiss-soroptimist.ch\/fr\/wp-json\/wp\/v2\/tags?post=24954"},{"taxonomy":"tribe_events_cat","embeddable":true,"href":"https:\/\/swiss-soroptimist.ch\/fr\/wp-json\/wp\/v2\/tribe_events_cat?post=24954"}],"curies":[{"name":"wp","href":"https:\/\/api.w.org\/{rel}","templated":true}]}}