{"id":20890,"date":"2024-02-05T21:49:17","date_gmt":"2024-02-05T20:49:17","guid":{"rendered":"https:\/\/swiss-soroptimist.ch\/?post_type=tribe_events&#038;p=20890"},"modified":"2024-10-29T20:55:18","modified_gmt":"2024-10-29T19:55:18","slug":"jef-2025","status":"publish","type":"tribe_events","link":"https:\/\/swiss-soroptimist.ch\/fr\/event\/jef-2025\/","title":{"rendered":"JEF 2025"},"content":{"rendered":"<h4 class=\"fusion-responsive-typography-calculated\" data-fontsize=\"17\" data-lineheight=\"18.87px\"><strong>21\u00e8mes Journ\u00e9es d\u2019expression fran\u00e7aise<\/strong><\/h4>\n<p><strong>Ch\u00e8re amie,<\/strong><\/p>\n<p>Nous t\u2019invitons \u00e0 participer \u00e0 notre \u00e9v\u00e9nement\u00a0intitul\u00e9\u00a0<strong>Le fran\u00e7ais\u00a0<em>forever<\/em>\u00a0!<\/strong><em>\u00a0<\/em>lors des 21<u><sup>\u00e8mes<\/sup><\/u>\u00a0Journ\u00e9es d\u2019expression fran\u00e7aise organis\u00e9es par les deux clubs Soroptimist genevois.<\/p>\n<p>Du\u00a0<strong>jeudi 1<sup>er<\/sup>\u00a0mai au samedi 3 mai 2025<\/strong>, tu pourras d\u00e9couvrir de la musique, des conf\u00e9rences, des discussions, des promenades et des visites guid\u00e9es sous le double signe du fran\u00e7ais et des femmes. Les intervenantes sont talentueuses et reconnues, elles sont romanci\u00e8res, po\u00e9tesses, essayistes, journalistes, chercheuses, th\u00e9ologiennes, \u00e9ditrices, traductrices et musiciennes. Enfin, avec nos guides chevronn\u00e9es, tu d\u00e9couvriras la Gen\u00e8ve de la culture, de l\u2019humanisme et des femmes.<\/p>\n<p><strong>Donc un conseil, inscris-toi vite et r\u00e9serve ton h\u00f4tel afin de b\u00e9n\u00e9ficier des tarifs n\u00e9goci\u00e9s pour toi\u00a0!<\/strong><\/p>\n<h3 class=\"fusion-responsive-typography-calculated\" data-fontsize=\"24\" data-lineheight=\"31.92px\">Voici le lien pour t\u2019inscrire avec le programme complet\u00a0:<\/h3>\n<h3 class=\"fusion-responsive-typography-calculated\" data-fontsize=\"24\" data-lineheight=\"31.92px\"><strong>\u00a0<\/strong><a href=\"https:\/\/www.jef2025.ch\/\"><strong>https:\/\/www.jef2025.ch\/<\/strong><\/a><\/h3>\n<p>P.S. Et pense \u00e0 en parler autour de toi et \u00e0 amener des amies.<\/p>\n","protected":false},"excerpt":{"rendered":"<p>21\u00e8mes Journ\u00e9es d\u2019expression fran\u00e7aise Ch\u00e8re amie, Nous t\u2019invitons \u00e0 participer \u00e0 notre \u00e9v\u00e9nement\u00a0intitul\u00e9\u00a0Le fran\u00e7ais\u00a0forever\u00a0!\u00a0lors des 21\u00e8mes\u00a0Journ\u00e9es d\u2019expression fran\u00e7aise organis\u00e9es par les deux clubs Soroptimist genevois. Du\u00a0jeudi 1er\u00a0mai au samedi 3 mai 2025, tu pourras d\u00e9couvrir de la musique, des conf\u00e9rences, des discussions, des promenades et des visites guid\u00e9es sous le double signe du fran\u00e7ais et <a href=\"https:\/\/swiss-soroptimist.ch\/fr\/event\/jef-2025\/\"> [&#8230;]<\/a><\/p>\n","protected":false},"author":2,"featured_media":21787,"template":"","meta":{"_tribe_events_status":"","_tribe_events_status_reason":"","footnotes":""},"tags":[],"tribe_events_cat":[170],"class_list":["post-20890","tribe_events","type-tribe_events","status-publish","has-post-thumbnail","hentry","tribe_events_cat-veranstaltungen-2025-2","cat_veranstaltungen-2025-2"],"_links":{"self":[{"href":"https:\/\/swiss-soroptimist.ch\/fr\/wp-json\/wp\/v2\/tribe_events\/20890","targetHints":{"allow":["GET"]}}],"collection":[{"href":"https:\/\/swiss-soroptimist.ch\/fr\/wp-json\/wp\/v2\/tribe_events"}],"about":[{"href":"https:\/\/swiss-soroptimist.ch\/fr\/wp-json\/wp\/v2\/types\/tribe_events"}],"author":[{"embeddable":true,"href":"https:\/\/swiss-soroptimist.ch\/fr\/wp-json\/wp\/v2\/users\/2"}],"version-history":[{"count":3,"href":"https:\/\/swiss-soroptimist.ch\/fr\/wp-json\/wp\/v2\/tribe_events\/20890\/revisions"}],"predecessor-version":[{"id":21790,"href":"https:\/\/swiss-soroptimist.ch\/fr\/wp-json\/wp\/v2\/tribe_events\/20890\/revisions\/21790"}],"wp:featuredmedia":[{"embeddable":true,"href":"https:\/\/swiss-soroptimist.ch\/fr\/wp-json\/wp\/v2\/media\/21787"}],"wp:attachment":[{"href":"https:\/\/swiss-soroptimist.ch\/fr\/wp-json\/wp\/v2\/media?parent=20890"}],"wp:term":[{"taxonomy":"post_tag","embeddable":true,"href":"https:\/\/swiss-soroptimist.ch\/fr\/wp-json\/wp\/v2\/tags?post=20890"},{"taxonomy":"tribe_events_cat","embeddable":true,"href":"https:\/\/swiss-soroptimist.ch\/fr\/wp-json\/wp\/v2\/tribe_events_cat?post=20890"}],"curies":[{"name":"wp","href":"https:\/\/api.w.org\/{rel}","templated":true}]}}