{"id":19003,"date":"2020-12-31T14:33:43","date_gmt":"2020-12-31T13:33:43","guid":{"rendered":"https:\/\/swiss-soroptimist.ch\/?page_id=19003"},"modified":"2026-04-08T15:30:19","modified_gmt":"2026-04-08T13:30:19","slug":"actualites-des-clubs","status":"publish","type":"page","link":"https:\/\/swiss-soroptimist.ch\/fr\/actualites-des-clubs\/","title":{"rendered":"Actualit\u00e9s des Clubs"},"content":{"rendered":"<p><div class=\"fusion-fullwidth fullwidth-box fusion-builder-row-1 fusion-flex-container has-pattern-background has-mask-background hundred-percent-fullwidth non-hundred-percent-height-scrolling\" style=\"--awb-border-radius-top-left:0px;--awb-border-radius-top-right:0px;--awb-border-radius-bottom-right:0px;--awb-border-radius-bottom-left:0px;--awb-flex-wrap:wrap;\" ><div class=\"fusion-builder-row fusion-row fusion-flex-align-items-flex-start fusion-flex-content-wrap\" style=\"width:104% !important;max-width:104% !important;margin-left: calc(-4% \/ 2 );margin-right: calc(-4% \/ 2 );\"><div class=\"fusion-layout-column fusion_builder_column fusion-builder-column-0 fusion_builder_column_1_1 1_1 fusion-flex-column\" style=\"--awb-bg-size:cover;--awb-width-large:100%;--awb-margin-top-large:0px;--awb-spacing-right-large:1.92%;--awb-margin-bottom-large:20px;--awb-spacing-left-large:1.92%;--awb-width-medium:100%;--awb-order-medium:0;--awb-spacing-right-medium:1.92%;--awb-spacing-left-medium:1.92%;--awb-width-small:100%;--awb-order-small:0;--awb-spacing-right-small:1.92%;--awb-spacing-left-small:1.92%;\"><div class=\"fusion-column-wrapper fusion-column-has-shadow fusion-flex-justify-content-flex-start fusion-content-layout-column\"><\/div><\/div><\/div><\/div><div class=\"fusion-fullwidth fullwidth-box fusion-builder-row-2 fusion-flex-container has-pattern-background has-mask-background hundred-percent-fullwidth non-hundred-percent-height-scrolling\" style=\"--awb-border-radius-top-left:0px;--awb-border-radius-top-right:0px;--awb-border-radius-bottom-right:0px;--awb-border-radius-bottom-left:0px;--awb-background-image:linear-gradient(180deg, rgba(163,174,206,0.25) 0%,var(--awb-color1) 100%);--awb-flex-wrap:wrap;\" ><div class=\"fusion-builder-row fusion-row fusion-flex-align-items-flex-start fusion-flex-content-wrap\" style=\"width:104% !important;max-width:104% !important;margin-left: calc(-4% \/ 2 );margin-right: calc(-4% \/ 2 );\"><div class=\"fusion-layout-column fusion_builder_column fusion-builder-column-1 fusion_builder_column_1_1 1_1 fusion-flex-column\" style=\"--awb-bg-size:cover;--awb-width-large:100%;--awb-margin-top-large:0px;--awb-spacing-right-large:1.92%;--awb-margin-bottom-large:20px;--awb-spacing-left-large:1.92%;--awb-width-medium:100%;--awb-order-medium:0;--awb-spacing-right-medium:1.92%;--awb-spacing-left-medium:1.92%;--awb-width-small:100%;--awb-order-small:0;--awb-spacing-right-small:1.92%;--awb-spacing-left-small:1.92%;\"><div class=\"fusion-column-wrapper fusion-column-has-shadow fusion-flex-justify-content-flex-start fusion-content-layout-column\"><div class=\"fusion-separator fusion-full-width-sep\" style=\"align-self: center;margin-left: auto;margin-right: auto;margin-top:50px;width:100%;\"><\/div><div class=\"fusion-text fusion-text-1\"><h2 style=\"text-align: center;\"><strong>2026 \/ Projets et Activit\u00e9s des Clubs<br \/>\n<\/strong><\/h2>\n<\/div><div class=\"fusion-separator fusion-full-width-sep\" style=\"align-self: center;margin-left: auto;margin-right: auto;margin-top:50px;width:100%;\"><\/div><div class=\"fusion-blog-shortcode fusion-blog-shortcode-1 fusion-blog-archive fusion-blog-layout-grid-wrapper fusion-blog-no\"><style type=\"text\/css\">.fusion-blog-shortcode-1 .fusion-blog-layout-grid .fusion-post-grid{padding:15px;}.fusion-blog-shortcode-1 .fusion-posts-container{margin-left: -15px !important; margin-right:-15px !important;}<\/style><div class=\"fusion-posts-container fusion-posts-container-no fusion-blog-layout-grid fusion-blog-layout-grid-4 isotope fusion-blog-equal-heights\" data-pages=\"0\" data-grid-col-space=\"30\" style=\"margin: -15px -15px 0;min-height:500px;\"><article id=\"blog-1-post-24942\" class=\"fusion-post-grid post-24942 post type-post status-publish format-standard has-post-thumbnail hentry category-rapports-des-clubs-2026\">\n<div class=\"fusion-post-wrapper\" style=\"background-color:rgba(255,255,255,0);border:1px solid #ebeaea;border-bottom-width:3px;\">\n\n\t\t\t<div class=\"fusion-flexslider flexslider fusion-flexslider-loading fusion-post-slideshow\" style=\"border-color:#ebeaea;\">\n\t\t<ul class=\"slides\">\n\t\t\t\n\t\t\t\t\t\t\t\t\t\t\t\t\t\t<li><div  class=\"fusion-image-wrapper\" aria-haspopup=\"true\">\n\t\t\t\t\t\t\t<a href=\"https:\/\/swiss-soroptimist.ch\/fr\/si-club-le-locle-ssd-2026\/\" aria-label=\"SI Club Le Locle | SSD 2026\">\n\t\t\t\t\t\t\t<img decoding=\"async\" width=\"960\" height=\"640\" src=\"https:\/\/swiss-soroptimist.ch\/wp-content\/uploads\/2026\/04\/SSD-2026-Le-Locle.jpg\" class=\"attachment-full size-full wp-post-image\" alt=\"\" \/>\t\t\t<\/a>\n\t\t\t\t\t\t\t<\/div>\n<\/li>\n\t\t\t\n\t\t\t\n\t\t\t\t\t\t\t\t\t\t\t\t\t\t\t\t\t\t\t\t\t\t\t\t\t\t\t\t\t\t\t\t\t\t\t\t\t\t\t\t\t\t\t\t\t\t\t\t\t\t\t\t\t\t\t\t\t\t\t\t\t\t\t\t\t\t\t\t<\/ul>\n\t<\/div>\n\t<div class=\"fusion-post-content-wrapper\" style=\"padding:30px 25px 20px 25px;\"><div class=\"fusion-post-content post-content\"><h2 class=\"blog-shortcode-post-title entry-title\"><a href=\"https:\/\/swiss-soroptimist.ch\/fr\/si-club-le-locle-ssd-2026\/\">SI Club Le Locle | SSD 2026<\/a><\/h2><p class=\"fusion-single-line-meta\"><span class=\"vcard\" style=\"display: none;\"><span class=\"fn\"><a href=\"https:\/\/swiss-soroptimist.ch\/fr\/author\/swso_admin\/\" title=\"Articles par swso_admin\" rel=\"author\">swso_admin<\/a><\/span><\/span><span class=\"updated\" style=\"display:none;\">2026-04-22T16:01:33+02:00<\/span><span>avril 22nd, 2026<\/span><span class=\"fusion-inline-sep\">|<\/span><\/p><div class=\"fusion-content-sep sep-none\"><\/div><\/div><div class=\"fusion-meta-info\"><div class=\"fusion-alignleft\"><a class=\"fusion-read-more\" href=\"https:\/\/swiss-soroptimist.ch\/fr\/si-club-le-locle-ssd-2026\/\" aria-label=\"More on SI Club Le Locle | SSD 2026\">Read More<\/a><\/div><\/div><\/div><div class=\"fusion-clearfix\"><\/div><\/div>\n<\/article>\n<article id=\"blog-1-post-24899\" class=\"fusion-post-grid post-24899 post type-post status-publish format-standard has-post-thumbnail hentry category-rapports-des-clubs-2026\">\n<div class=\"fusion-post-wrapper\" style=\"background-color:rgba(255,255,255,0);border:1px solid #ebeaea;border-bottom-width:3px;\">\n\n\t\t\t<div class=\"fusion-flexslider flexslider fusion-flexslider-loading fusion-post-slideshow\" style=\"border-color:#ebeaea;\">\n\t\t<ul class=\"slides\">\n\t\t\t\n\t\t\t\t\t\t\t\t\t\t\t\t\t\t<li><div  class=\"fusion-image-wrapper\" aria-haspopup=\"true\">\n\t\t\t\t\t\t\t<a href=\"https:\/\/swiss-soroptimist.ch\/fr\/si-club-zuerichsee-ssd-2026-emotionen-in-rosa\/\" aria-label=\"SI Club Z\u00fcrichsee | SSD 2026 &#038; Emotionen in Rosa\">\n\t\t\t\t\t\t\t<img decoding=\"async\" width=\"800\" height=\"533\" src=\"https:\/\/swiss-soroptimist.ch\/wp-content\/uploads\/2026\/04\/SI-Zuerichsee-Krebsliga-Spende.jpg\" class=\"attachment-full size-full wp-post-image\" alt=\"\" srcset=\"https:\/\/swiss-soroptimist.ch\/wp-content\/uploads\/2026\/04\/SI-Zuerichsee-Krebsliga-Spende-200x133.jpg 200w, https:\/\/swiss-soroptimist.ch\/wp-content\/uploads\/2026\/04\/SI-Zuerichsee-Krebsliga-Spende-400x267.jpg 400w, https:\/\/swiss-soroptimist.ch\/wp-content\/uploads\/2026\/04\/SI-Zuerichsee-Krebsliga-Spende-600x400.jpg 600w, https:\/\/swiss-soroptimist.ch\/wp-content\/uploads\/2026\/04\/SI-Zuerichsee-Krebsliga-Spende.jpg 800w\" sizes=\"(min-width: 2200px) 100vw, (min-width: 915px) 253px, (min-width: 824px) 337px, (min-width: 732px) 505px, (min-width: 640px) 732px, \" \/>\t\t\t<\/a>\n\t\t\t\t\t\t\t<\/div>\n<\/li>\n\t\t\t\n\t\t\t\n\t\t\t\t\t\t\t\t\t\t\t\n\t\t\t\t\t\n\t\t\t\t\t\t\t\t\t\t\t<li>\n\t\t\t\t\t\t\t<div class=\"fusion-image-wrapper\">\n\t\t\t\t\t\t\t\t<a href=\"https:\/\/swiss-soroptimist.ch\/fr\/si-club-zuerichsee-ssd-2026-emotionen-in-rosa\/\" aria-label=\"SI Club Z\u00fcrichsee | SSD 2026 &#038; Emotionen in Rosa\">\n\t\t\t\t\t\t\t\t\t<img decoding=\"async\" width=\"800\" height=\"533\" src=\"https:\/\/swiss-soroptimist.ch\/wp-content\/uploads\/2026\/04\/Zuerichsee-SSD-2026.jpg\" alt=\"\" class=\"wp-image-24890\" role=\"presentation\" srcset=\"https:\/\/swiss-soroptimist.ch\/wp-content\/uploads\/2026\/04\/Zuerichsee-SSD-2026-200x133.jpg 200w, https:\/\/swiss-soroptimist.ch\/wp-content\/uploads\/2026\/04\/Zuerichsee-SSD-2026-400x267.jpg 400w, https:\/\/swiss-soroptimist.ch\/wp-content\/uploads\/2026\/04\/Zuerichsee-SSD-2026-600x400.jpg 600w, https:\/\/swiss-soroptimist.ch\/wp-content\/uploads\/2026\/04\/Zuerichsee-SSD-2026.jpg 800w\" sizes=\"(min-width: 2200px) 100vw, (min-width: 915px) 253px, (min-width: 824px) 337px, (min-width: 732px) 505px, (min-width: 640px) 732px, \" \/>\t\t\t\t\t\t\t\t<\/a>\n\t\t\t\t\t\t\t\t<a style=\"display:none;\" href=\"https:\/\/swiss-soroptimist.ch\/wp-content\/uploads\/2026\/04\/Zuerichsee-SSD-2026.jpg\" data-rel=\"iLightbox[gallery24899]\"  title=\"\" data-title=\"Zuerichsee-SSD-2026\" data-caption=\"\">\n\t\t\t\t\t\t\t\t\t\t\t\t\t\t\t\t\t<\/a>\n\t\t\t\t\t\t\t<\/div>\n\t\t\t\t\t\t<\/li>\n\t\t\t\t\t\t\t\t\t\t\t\t\t\t\t\t\t\t\t\t\t\t\t\t\n\t\t\t\t\t\n\t\t\t\t\t\t\t\t\t\t\t<li>\n\t\t\t\t\t\t\t<div class=\"fusion-image-wrapper\">\n\t\t\t\t\t\t\t\t<a href=\"https:\/\/swiss-soroptimist.ch\/fr\/si-club-zuerichsee-ssd-2026-emotionen-in-rosa\/\" aria-label=\"SI Club Z\u00fcrichsee | SSD 2026 &#038; Emotionen in Rosa\">\n\t\t\t\t\t\t\t\t\t<img decoding=\"async\" width=\"800\" height=\"533\" src=\"https:\/\/swiss-soroptimist.ch\/wp-content\/uploads\/2026\/04\/Zuerichsee-Ausstellung-Emotionen-in-Rosa.jpg\" alt=\"\" class=\"wp-image-24893\" role=\"presentation\" srcset=\"https:\/\/swiss-soroptimist.ch\/wp-content\/uploads\/2026\/04\/Zuerichsee-Ausstellung-Emotionen-in-Rosa-200x133.jpg 200w, https:\/\/swiss-soroptimist.ch\/wp-content\/uploads\/2026\/04\/Zuerichsee-Ausstellung-Emotionen-in-Rosa-400x267.jpg 400w, https:\/\/swiss-soroptimist.ch\/wp-content\/uploads\/2026\/04\/Zuerichsee-Ausstellung-Emotionen-in-Rosa-600x400.jpg 600w, https:\/\/swiss-soroptimist.ch\/wp-content\/uploads\/2026\/04\/Zuerichsee-Ausstellung-Emotionen-in-Rosa.jpg 800w\" sizes=\"(min-width: 2200px) 100vw, (min-width: 915px) 253px, (min-width: 824px) 337px, (min-width: 732px) 505px, (min-width: 640px) 732px, \" \/>\t\t\t\t\t\t\t\t<\/a>\n\t\t\t\t\t\t\t\t<a style=\"display:none;\" href=\"https:\/\/swiss-soroptimist.ch\/wp-content\/uploads\/2026\/04\/Zuerichsee-Ausstellung-Emotionen-in-Rosa.jpg\" data-rel=\"iLightbox[gallery24899]\"  title=\"\" data-title=\"Zuerichsee-Ausstellung-Emotionen-in-Rosa\" data-caption=\"\">\n\t\t\t\t\t\t\t\t\t\t\t\t\t\t\t\t\t<\/a>\n\t\t\t\t\t\t\t<\/div>\n\t\t\t\t\t\t<\/li>\n\t\t\t\t\t\t\t\t\t\t\t\t\t\t\t\t\t\t\t\t\t\t\t\t\t\t\t\t\t\t\t\t\t\t\t\t\t\t\t\t\t\t\t\t\t\t\t\t\t\t\t<\/ul>\n\t<\/div>\n\t<div class=\"fusion-post-content-wrapper\" style=\"padding:30px 25px 20px 25px;\"><div class=\"fusion-post-content post-content\"><h2 class=\"blog-shortcode-post-title entry-title\"><a href=\"https:\/\/swiss-soroptimist.ch\/fr\/si-club-zuerichsee-ssd-2026-emotionen-in-rosa\/\">SI Club Z\u00fcrichsee | SSD 2026 &#038; Emotionen in Rosa<\/a><\/h2><p class=\"fusion-single-line-meta\"><span class=\"vcard\" style=\"display: none;\"><span class=\"fn\"><a href=\"https:\/\/swiss-soroptimist.ch\/fr\/author\/swso_admin\/\" title=\"Articles par swso_admin\" rel=\"author\">swso_admin<\/a><\/span><\/span><span class=\"updated\" style=\"display:none;\">2026-04-10T14:36:35+02:00<\/span><span>avril 10th, 2026<\/span><span class=\"fusion-inline-sep\">|<\/span><\/p><div class=\"fusion-content-sep sep-none\"><\/div><\/div><div class=\"fusion-meta-info\"><div class=\"fusion-alignleft\"><a class=\"fusion-read-more\" href=\"https:\/\/swiss-soroptimist.ch\/fr\/si-club-zuerichsee-ssd-2026-emotionen-in-rosa\/\" aria-label=\"More on SI Club Z\u00fcrichsee | SSD 2026 &#038; Emotionen in Rosa\">Read More<\/a><\/div><\/div><\/div><div class=\"fusion-clearfix\"><\/div><\/div>\n<\/article>\n<article id=\"blog-1-post-24879\" class=\"fusion-post-grid post-24879 post type-post status-publish format-standard has-post-thumbnail hentry category-rapports-des-clubs-2026\">\n<div class=\"fusion-post-wrapper\" style=\"background-color:rgba(255,255,255,0);border:1px solid #ebeaea;border-bottom-width:3px;\">\n\n\t\t\t<div class=\"fusion-flexslider flexslider fusion-flexslider-loading fusion-post-slideshow\" style=\"border-color:#ebeaea;\">\n\t\t<ul class=\"slides\">\n\t\t\t\n\t\t\t\t\t\t\t\t\t\t\t\t\t\t<li><div  class=\"fusion-image-wrapper\" aria-haspopup=\"true\">\n\t\t\t\t\t\t\t<a href=\"https:\/\/swiss-soroptimist.ch\/fr\/si-club-moesano-emozioni-in-rosa\/\" aria-label=\"SI Club Moesano | Emozioni in Rosa\">\n\t\t\t\t\t\t\t<img decoding=\"async\" width=\"800\" height=\"533\" src=\"https:\/\/swiss-soroptimist.ch\/wp-content\/uploads\/2026\/04\/Moesano-esposizione-rosa-1.jpg\" class=\"attachment-full size-full wp-post-image\" alt=\"\" srcset=\"https:\/\/swiss-soroptimist.ch\/wp-content\/uploads\/2026\/04\/Moesano-esposizione-rosa-1-200x133.jpg 200w, https:\/\/swiss-soroptimist.ch\/wp-content\/uploads\/2026\/04\/Moesano-esposizione-rosa-1-400x267.jpg 400w, https:\/\/swiss-soroptimist.ch\/wp-content\/uploads\/2026\/04\/Moesano-esposizione-rosa-1-600x400.jpg 600w, https:\/\/swiss-soroptimist.ch\/wp-content\/uploads\/2026\/04\/Moesano-esposizione-rosa-1.jpg 800w\" sizes=\"(min-width: 2200px) 100vw, (min-width: 915px) 253px, (min-width: 824px) 337px, (min-width: 732px) 505px, (min-width: 640px) 732px, \" \/>\t\t\t<\/a>\n\t\t\t\t\t\t\t<\/div>\n<\/li>\n\t\t\t\n\t\t\t\n\t\t\t\t\t\t\t\t\t\t\t\n\t\t\t\t\t\n\t\t\t\t\t\t\t\t\t\t\t<li>\n\t\t\t\t\t\t\t<div class=\"fusion-image-wrapper\">\n\t\t\t\t\t\t\t\t<a href=\"https:\/\/swiss-soroptimist.ch\/fr\/si-club-moesano-emozioni-in-rosa\/\" aria-label=\"SI Club Moesano | Emozioni in Rosa\">\n\t\t\t\t\t\t\t\t\t<img decoding=\"async\" width=\"800\" height=\"533\" src=\"https:\/\/swiss-soroptimist.ch\/wp-content\/uploads\/2026\/04\/Moesano-3.jpg\" alt=\"\" class=\"wp-image-24842\" role=\"presentation\" srcset=\"https:\/\/swiss-soroptimist.ch\/wp-content\/uploads\/2026\/04\/Moesano-3-200x133.jpg 200w, https:\/\/swiss-soroptimist.ch\/wp-content\/uploads\/2026\/04\/Moesano-3-400x267.jpg 400w, https:\/\/swiss-soroptimist.ch\/wp-content\/uploads\/2026\/04\/Moesano-3-600x400.jpg 600w, https:\/\/swiss-soroptimist.ch\/wp-content\/uploads\/2026\/04\/Moesano-3.jpg 800w\" sizes=\"(min-width: 2200px) 100vw, (min-width: 915px) 253px, (min-width: 824px) 337px, (min-width: 732px) 505px, (min-width: 640px) 732px, \" \/>\t\t\t\t\t\t\t\t<\/a>\n\t\t\t\t\t\t\t\t<a style=\"display:none;\" href=\"https:\/\/swiss-soroptimist.ch\/wp-content\/uploads\/2026\/04\/Moesano-3.jpg\" data-rel=\"iLightbox[gallery24879]\"  title=\"\" data-title=\"Moesano-3\" data-caption=\"\">\n\t\t\t\t\t\t\t\t\t\t\t\t\t\t\t\t\t<\/a>\n\t\t\t\t\t\t\t<\/div>\n\t\t\t\t\t\t<\/li>\n\t\t\t\t\t\t\t\t\t\t\t\t\t\t\t\t\t\t\t\t\t\t\t\t\n\t\t\t\t\t\n\t\t\t\t\t\t\t\t\t\t\t<li>\n\t\t\t\t\t\t\t<div class=\"fusion-image-wrapper\">\n\t\t\t\t\t\t\t\t<a href=\"https:\/\/swiss-soroptimist.ch\/fr\/si-club-moesano-emozioni-in-rosa\/\" aria-label=\"SI Club Moesano | Emozioni in Rosa\">\n\t\t\t\t\t\t\t\t\t<img decoding=\"async\" width=\"800\" height=\"533\" src=\"https:\/\/swiss-soroptimist.ch\/wp-content\/uploads\/2026\/04\/Moesano-rosa-2.jpg\" alt=\"\" class=\"wp-image-24845\" role=\"presentation\" srcset=\"https:\/\/swiss-soroptimist.ch\/wp-content\/uploads\/2026\/04\/Moesano-rosa-2-200x133.jpg 200w, https:\/\/swiss-soroptimist.ch\/wp-content\/uploads\/2026\/04\/Moesano-rosa-2-400x267.jpg 400w, https:\/\/swiss-soroptimist.ch\/wp-content\/uploads\/2026\/04\/Moesano-rosa-2-600x400.jpg 600w, https:\/\/swiss-soroptimist.ch\/wp-content\/uploads\/2026\/04\/Moesano-rosa-2.jpg 800w\" sizes=\"(min-width: 2200px) 100vw, (min-width: 915px) 253px, (min-width: 824px) 337px, (min-width: 732px) 505px, (min-width: 640px) 732px, \" \/>\t\t\t\t\t\t\t\t<\/a>\n\t\t\t\t\t\t\t\t<a style=\"display:none;\" href=\"https:\/\/swiss-soroptimist.ch\/wp-content\/uploads\/2026\/04\/Moesano-rosa-2.jpg\" data-rel=\"iLightbox[gallery24879]\"  title=\"\" data-title=\"Moesano-rosa-2\" data-caption=\"\">\n\t\t\t\t\t\t\t\t\t\t\t\t\t\t\t\t\t<\/a>\n\t\t\t\t\t\t\t<\/div>\n\t\t\t\t\t\t<\/li>\n\t\t\t\t\t\t\t\t\t\t\t\t\t\t\t\t\t\t\t\t\t\t\t\t\t\t\t\t\t\t\t\t\t\t\t\t\t\t\t\t\t\t\t\t\t\t\t\t\t\t\t<\/ul>\n\t<\/div>\n\t<div class=\"fusion-post-content-wrapper\" style=\"padding:30px 25px 20px 25px;\"><div class=\"fusion-post-content post-content\"><h2 class=\"blog-shortcode-post-title entry-title\"><a href=\"https:\/\/swiss-soroptimist.ch\/fr\/si-club-moesano-emozioni-in-rosa\/\">SI Club Moesano | Emozioni in Rosa<\/a><\/h2><p class=\"fusion-single-line-meta\"><span class=\"vcard\" style=\"display: none;\"><span class=\"fn\"><a href=\"https:\/\/swiss-soroptimist.ch\/fr\/author\/swso_admin\/\" title=\"Articles par swso_admin\" rel=\"author\">swso_admin<\/a><\/span><\/span><span class=\"updated\" style=\"display:none;\">2026-04-08T15:22:25+02:00<\/span><span>avril 8th, 2026<\/span><span class=\"fusion-inline-sep\">|<\/span><\/p><div class=\"fusion-content-sep sep-none\"><\/div><\/div><div class=\"fusion-meta-info\"><div class=\"fusion-alignleft\"><a class=\"fusion-read-more\" href=\"https:\/\/swiss-soroptimist.ch\/fr\/si-club-moesano-emozioni-in-rosa\/\" aria-label=\"More on SI Club Moesano | Emozioni in Rosa\">Read More<\/a><\/div><\/div><\/div><div class=\"fusion-clearfix\"><\/div><\/div>\n<\/article>\n<article id=\"blog-1-post-24874\" class=\"fusion-post-grid post-24874 post type-post status-publish format-standard has-post-thumbnail hentry category-non-classifiee category-rapports-des-clubs-2026\">\n<div class=\"fusion-post-wrapper\" style=\"background-color:rgba(255,255,255,0);border:1px solid #ebeaea;border-bottom-width:3px;\">\n\n\t\t\t<div class=\"fusion-flexslider flexslider fusion-flexslider-loading fusion-post-slideshow\" style=\"border-color:#ebeaea;\">\n\t\t<ul class=\"slides\">\n\t\t\t\n\t\t\t\t\t\t\t\t\t\t\t\t\t\t<li><div  class=\"fusion-image-wrapper\" aria-haspopup=\"true\">\n\t\t\t\t\t\t\t<a href=\"https:\/\/swiss-soroptimist.ch\/fr\/si-club-schwyz-rosa-bank-in-brunnen\/\" aria-label=\"SI Club Schwyz | Rosa Bank in Brunnen\">\n\t\t\t\t\t\t\t<img decoding=\"async\" width=\"800\" height=\"533\" src=\"https:\/\/swiss-soroptimist.ch\/wp-content\/uploads\/2026\/04\/SI-Club-Schwyz-Rosa-Bank.jpg\" class=\"attachment-full size-full wp-post-image\" alt=\"\" srcset=\"https:\/\/swiss-soroptimist.ch\/wp-content\/uploads\/2026\/04\/SI-Club-Schwyz-Rosa-Bank-200x133.jpg 200w, https:\/\/swiss-soroptimist.ch\/wp-content\/uploads\/2026\/04\/SI-Club-Schwyz-Rosa-Bank-400x267.jpg 400w, https:\/\/swiss-soroptimist.ch\/wp-content\/uploads\/2026\/04\/SI-Club-Schwyz-Rosa-Bank-600x400.jpg 600w, https:\/\/swiss-soroptimist.ch\/wp-content\/uploads\/2026\/04\/SI-Club-Schwyz-Rosa-Bank.jpg 800w\" sizes=\"(min-width: 2200px) 100vw, (min-width: 915px) 253px, (min-width: 824px) 337px, (min-width: 732px) 505px, (min-width: 640px) 732px, \" \/>\t\t\t<\/a>\n\t\t\t\t\t\t\t<\/div>\n<\/li>\n\t\t\t\n\t\t\t\n\t\t\t\t\t\t\t\t\t\t\t\t\t\t\t\t\t\t\t\t\t\t\t\t\t\t\t\t\t\t\t\t\t\t\t\t\t\t\t\t\t\t\t\t\t\t\t\t\t\t\t\t\t\t\t\t\t\t\t\t\t\t\t\t\t\t\t\t<\/ul>\n\t<\/div>\n\t<div class=\"fusion-post-content-wrapper\" style=\"padding:30px 25px 20px 25px;\"><div class=\"fusion-post-content post-content\"><h2 class=\"blog-shortcode-post-title entry-title\"><a href=\"https:\/\/swiss-soroptimist.ch\/fr\/si-club-schwyz-rosa-bank-in-brunnen\/\">SI Club Schwyz | Rosa Bank in Brunnen<\/a><\/h2><p class=\"fusion-single-line-meta\"><span class=\"vcard\" style=\"display: none;\"><span class=\"fn\"><a href=\"https:\/\/swiss-soroptimist.ch\/fr\/author\/swso_admin\/\" title=\"Articles par swso_admin\" rel=\"author\">swso_admin<\/a><\/span><\/span><span class=\"updated\" style=\"display:none;\">2026-04-08T15:14:20+02:00<\/span><span>avril 8th, 2026<\/span><span class=\"fusion-inline-sep\">|<\/span><\/p><div class=\"fusion-content-sep sep-none\"><\/div><\/div><div class=\"fusion-meta-info\"><div class=\"fusion-alignleft\"><a class=\"fusion-read-more\" href=\"https:\/\/swiss-soroptimist.ch\/fr\/si-club-schwyz-rosa-bank-in-brunnen\/\" aria-label=\"More on SI Club Schwyz | Rosa Bank in Brunnen\">Read More<\/a><\/div><\/div><\/div><div class=\"fusion-clearfix\"><\/div><\/div>\n<\/article>\n<article id=\"blog-1-post-24872\" class=\"fusion-post-grid post-24872 post type-post status-publish format-standard has-post-thumbnail hentry category-rapports-des-clubs-2026\">\n<div class=\"fusion-post-wrapper\" style=\"background-color:rgba(255,255,255,0);border:1px solid #ebeaea;border-bottom-width:3px;\">\n\n\t\t\t<div class=\"fusion-flexslider flexslider fusion-flexslider-loading fusion-post-slideshow\" style=\"border-color:#ebeaea;\">\n\t\t<ul class=\"slides\">\n\t\t\t\n\t\t\t\t\t\t\t\t\t\t\t\t\t\t<li><div  class=\"fusion-image-wrapper\" aria-haspopup=\"true\">\n\t\t\t\t\t\t\t<a href=\"https:\/\/swiss-soroptimist.ch\/fr\/si-club-geneve-rhone-ssd-2026\/\" aria-label=\"SI Club Gen\u00e8ve-Rh\u00f4ne | SSD 2026\">\n\t\t\t\t\t\t\t<img decoding=\"async\" width=\"800\" height=\"533\" src=\"https:\/\/swiss-soroptimist.ch\/wp-content\/uploads\/2026\/04\/SSD-2026-Geneve-Rh0ne.jpg\" class=\"attachment-full size-full wp-post-image\" alt=\"\" srcset=\"https:\/\/swiss-soroptimist.ch\/wp-content\/uploads\/2026\/04\/SSD-2026-Geneve-Rh0ne-200x133.jpg 200w, https:\/\/swiss-soroptimist.ch\/wp-content\/uploads\/2026\/04\/SSD-2026-Geneve-Rh0ne-400x267.jpg 400w, https:\/\/swiss-soroptimist.ch\/wp-content\/uploads\/2026\/04\/SSD-2026-Geneve-Rh0ne-600x400.jpg 600w, https:\/\/swiss-soroptimist.ch\/wp-content\/uploads\/2026\/04\/SSD-2026-Geneve-Rh0ne.jpg 800w\" sizes=\"(min-width: 2200px) 100vw, (min-width: 915px) 253px, (min-width: 824px) 337px, (min-width: 732px) 505px, (min-width: 640px) 732px, \" \/>\t\t\t<\/a>\n\t\t\t\t\t\t\t<\/div>\n<\/li>\n\t\t\t\n\t\t\t\n\t\t\t\t\t\t\t\t\t\t\t\t\t\t\t\t\t\t\t\t\t\t\t\t\t\t\t\t\t\t\t\t\t\t\t\t\t\t\t\t\t\t\t\t\t\t\t\t\t\t\t\t\t\t\t\t\t\t\t\t\t\t\t\t\t\t\t\t<\/ul>\n\t<\/div>\n\t<div class=\"fusion-post-content-wrapper\" style=\"padding:30px 25px 20px 25px;\"><div class=\"fusion-post-content post-content\"><h2 class=\"blog-shortcode-post-title entry-title\"><a href=\"https:\/\/swiss-soroptimist.ch\/fr\/si-club-geneve-rhone-ssd-2026\/\">SI Club Gen\u00e8ve-Rh\u00f4ne | SSD 2026<\/a><\/h2><p class=\"fusion-single-line-meta\"><span class=\"vcard\" style=\"display: none;\"><span class=\"fn\"><a href=\"https:\/\/swiss-soroptimist.ch\/fr\/author\/swso_admin\/\" title=\"Articles par swso_admin\" rel=\"author\">swso_admin<\/a><\/span><\/span><span class=\"updated\" style=\"display:none;\">2026-04-08T15:07:12+02:00<\/span><span>avril 8th, 2026<\/span><span class=\"fusion-inline-sep\">|<\/span><\/p><div class=\"fusion-content-sep sep-none\"><\/div><\/div><div class=\"fusion-meta-info\"><div class=\"fusion-alignleft\"><a class=\"fusion-read-more\" href=\"https:\/\/swiss-soroptimist.ch\/fr\/si-club-geneve-rhone-ssd-2026\/\" aria-label=\"More on SI Club Gen\u00e8ve-Rh\u00f4ne | SSD 2026\">Read More<\/a><\/div><\/div><\/div><div class=\"fusion-clearfix\"><\/div><\/div>\n<\/article>\n<article id=\"blog-1-post-24863\" class=\"fusion-post-grid post-24863 post type-post status-publish format-standard has-post-thumbnail hentry category-rapports-des-clubs-2026\">\n<div class=\"fusion-post-wrapper\" style=\"background-color:rgba(255,255,255,0);border:1px solid #ebeaea;border-bottom-width:3px;\">\n\n\t\t\t<div class=\"fusion-flexslider flexslider fusion-flexslider-loading fusion-post-slideshow\" style=\"border-color:#ebeaea;\">\n\t\t<ul class=\"slides\">\n\t\t\t\n\t\t\t\t\t\t\t\t\t\t\t\t\t\t<li><div  class=\"fusion-image-wrapper\" aria-haspopup=\"true\">\n\t\t\t\t\t\t\t<a href=\"https:\/\/swiss-soroptimist.ch\/fr\/si-club-schaffhausen-ssd-2026\/\" aria-label=\"SI Club Schaffhausen | SSD 2026\">\n\t\t\t\t\t\t\t<img decoding=\"async\" width=\"800\" height=\"533\" src=\"https:\/\/swiss-soroptimist.ch\/wp-content\/uploads\/2026\/04\/SSD-2026-Schaffhausen-2.jpg\" class=\"attachment-full size-full wp-post-image\" alt=\"\" srcset=\"https:\/\/swiss-soroptimist.ch\/wp-content\/uploads\/2026\/04\/SSD-2026-Schaffhausen-2-200x133.jpg 200w, https:\/\/swiss-soroptimist.ch\/wp-content\/uploads\/2026\/04\/SSD-2026-Schaffhausen-2-400x267.jpg 400w, https:\/\/swiss-soroptimist.ch\/wp-content\/uploads\/2026\/04\/SSD-2026-Schaffhausen-2-600x400.jpg 600w, https:\/\/swiss-soroptimist.ch\/wp-content\/uploads\/2026\/04\/SSD-2026-Schaffhausen-2.jpg 800w\" sizes=\"(min-width: 2200px) 100vw, (min-width: 915px) 253px, (min-width: 824px) 337px, (min-width: 732px) 505px, (min-width: 640px) 732px, \" \/>\t\t\t<\/a>\n\t\t\t\t\t\t\t<\/div>\n<\/li>\n\t\t\t\n\t\t\t\n\t\t\t\t\t\t\t\t\t\t\t\n\t\t\t\t\t\n\t\t\t\t\t\t\t\t\t\t\t<li>\n\t\t\t\t\t\t\t<div class=\"fusion-image-wrapper\">\n\t\t\t\t\t\t\t\t<a href=\"https:\/\/swiss-soroptimist.ch\/fr\/si-club-schaffhausen-ssd-2026\/\" aria-label=\"SI Club Schaffhausen | SSD 2026\">\n\t\t\t\t\t\t\t\t\t<img decoding=\"async\" width=\"800\" height=\"533\" src=\"https:\/\/swiss-soroptimist.ch\/wp-content\/uploads\/2026\/04\/SSD-2026-Schaffhausen-1.jpg\" alt=\"\" class=\"wp-image-24821\" role=\"presentation\" srcset=\"https:\/\/swiss-soroptimist.ch\/wp-content\/uploads\/2026\/04\/SSD-2026-Schaffhausen-1-200x133.jpg 200w, https:\/\/swiss-soroptimist.ch\/wp-content\/uploads\/2026\/04\/SSD-2026-Schaffhausen-1-400x267.jpg 400w, https:\/\/swiss-soroptimist.ch\/wp-content\/uploads\/2026\/04\/SSD-2026-Schaffhausen-1-600x400.jpg 600w, https:\/\/swiss-soroptimist.ch\/wp-content\/uploads\/2026\/04\/SSD-2026-Schaffhausen-1.jpg 800w\" sizes=\"(min-width: 2200px) 100vw, (min-width: 915px) 253px, (min-width: 824px) 337px, (min-width: 732px) 505px, (min-width: 640px) 732px, \" \/>\t\t\t\t\t\t\t\t<\/a>\n\t\t\t\t\t\t\t\t<a style=\"display:none;\" href=\"https:\/\/swiss-soroptimist.ch\/wp-content\/uploads\/2026\/04\/SSD-2026-Schaffhausen-1.jpg\" data-rel=\"iLightbox[gallery24863]\"  title=\"\" data-title=\"SSD-2026-Schaffhausen-1\" data-caption=\"\">\n\t\t\t\t\t\t\t\t\t\t\t\t\t\t\t\t\t<\/a>\n\t\t\t\t\t\t\t<\/div>\n\t\t\t\t\t\t<\/li>\n\t\t\t\t\t\t\t\t\t\t\t\t\t\t\t\t\t\t\t\t\t\t\t\t\t\t\t\t\t\t\t\t\t\t\t\t\t\t\t\t\t\t\t\t\t\t\t\t\t\t\t\t\t\t\t\t\t\t\t\t\t\t\t\t\t\t<\/ul>\n\t<\/div>\n\t<div class=\"fusion-post-content-wrapper\" style=\"padding:30px 25px 20px 25px;\"><div class=\"fusion-post-content post-content\"><h2 class=\"blog-shortcode-post-title entry-title\"><a href=\"https:\/\/swiss-soroptimist.ch\/fr\/si-club-schaffhausen-ssd-2026\/\">SI Club Schaffhausen | SSD 2026<\/a><\/h2><p class=\"fusion-single-line-meta\"><span class=\"vcard\" style=\"display: none;\"><span class=\"fn\"><a href=\"https:\/\/swiss-soroptimist.ch\/fr\/author\/swso_admin\/\" title=\"Articles par swso_admin\" rel=\"author\">swso_admin<\/a><\/span><\/span><span class=\"updated\" style=\"display:none;\">2026-04-08T14:45:09+02:00<\/span><span>avril 8th, 2026<\/span><span class=\"fusion-inline-sep\">|<\/span><\/p><div class=\"fusion-content-sep sep-none\"><\/div><\/div><div class=\"fusion-meta-info\"><div class=\"fusion-alignleft\"><a class=\"fusion-read-more\" href=\"https:\/\/swiss-soroptimist.ch\/fr\/si-club-schaffhausen-ssd-2026\/\" aria-label=\"More on SI Club Schaffhausen | SSD 2026\">Read More<\/a><\/div><\/div><\/div><div class=\"fusion-clearfix\"><\/div><\/div>\n<\/article>\n<article id=\"blog-1-post-24861\" class=\"fusion-post-grid post-24861 post type-post status-publish format-standard has-post-thumbnail hentry category-rapports-des-clubs-2026\">\n<div class=\"fusion-post-wrapper\" style=\"background-color:rgba(255,255,255,0);border:1px solid #ebeaea;border-bottom-width:3px;\">\n\n\t\t\t<div class=\"fusion-flexslider flexslider fusion-flexslider-loading fusion-post-slideshow\" style=\"border-color:#ebeaea;\">\n\t\t<ul class=\"slides\">\n\t\t\t\n\t\t\t\t\t\t\t\t\t\t\t\t\t\t<li><div  class=\"fusion-image-wrapper\" aria-haspopup=\"true\">\n\t\t\t\t\t\t\t<a href=\"https:\/\/swiss-soroptimist.ch\/fr\/si-club-monthey-et-chablais-ssd-2026\/\" aria-label=\"SI Club Monthey et Chablais | SSD 2026\">\n\t\t\t\t\t\t\t<img decoding=\"async\" width=\"800\" height=\"533\" src=\"https:\/\/swiss-soroptimist.ch\/wp-content\/uploads\/2026\/04\/SSD-2026-Monthey-et-Chablais.jpg\" class=\"attachment-full size-full wp-post-image\" alt=\"\" srcset=\"https:\/\/swiss-soroptimist.ch\/wp-content\/uploads\/2026\/04\/SSD-2026-Monthey-et-Chablais-200x133.jpg 200w, https:\/\/swiss-soroptimist.ch\/wp-content\/uploads\/2026\/04\/SSD-2026-Monthey-et-Chablais-400x267.jpg 400w, https:\/\/swiss-soroptimist.ch\/wp-content\/uploads\/2026\/04\/SSD-2026-Monthey-et-Chablais-600x400.jpg 600w, https:\/\/swiss-soroptimist.ch\/wp-content\/uploads\/2026\/04\/SSD-2026-Monthey-et-Chablais.jpg 800w\" sizes=\"(min-width: 2200px) 100vw, (min-width: 915px) 253px, (min-width: 824px) 337px, (min-width: 732px) 505px, (min-width: 640px) 732px, \" \/>\t\t\t<\/a>\n\t\t\t\t\t\t\t<\/div>\n<\/li>\n\t\t\t\n\t\t\t\n\t\t\t\t\t\t\t\t\t\t\t\t\t\t\t\t\t\t\t\t\t\t\t\t\t\t\t\t\t\t\t\t\t\t\t\t\t\t\t\t\t\t\t\t\t\t\t\t\t\t\t\t\t\t\t\t\t\t\t\t\t\t\t\t\t\t\t\t<\/ul>\n\t<\/div>\n\t<div class=\"fusion-post-content-wrapper\" style=\"padding:30px 25px 20px 25px;\"><div class=\"fusion-post-content post-content\"><h2 class=\"blog-shortcode-post-title entry-title\"><a href=\"https:\/\/swiss-soroptimist.ch\/fr\/si-club-monthey-et-chablais-ssd-2026\/\">SI Club Monthey et Chablais | SSD 2026<\/a><\/h2><p class=\"fusion-single-line-meta\"><span class=\"vcard\" style=\"display: none;\"><span class=\"fn\"><a href=\"https:\/\/swiss-soroptimist.ch\/fr\/author\/swso_admin\/\" title=\"Articles par swso_admin\" rel=\"author\">swso_admin<\/a><\/span><\/span><span class=\"updated\" style=\"display:none;\">2026-04-08T14:43:19+02:00<\/span><span>avril 8th, 2026<\/span><span class=\"fusion-inline-sep\">|<\/span><\/p><div class=\"fusion-content-sep sep-none\"><\/div><\/div><div class=\"fusion-meta-info\"><div class=\"fusion-alignleft\"><a class=\"fusion-read-more\" href=\"https:\/\/swiss-soroptimist.ch\/fr\/si-club-monthey-et-chablais-ssd-2026\/\" aria-label=\"More on SI Club Monthey et Chablais | SSD 2026\">Read More<\/a><\/div><\/div><\/div><div class=\"fusion-clearfix\"><\/div><\/div>\n<\/article>\n<article id=\"blog-1-post-24859\" class=\"fusion-post-grid post-24859 post type-post status-publish format-standard has-post-thumbnail hentry category-rapports-des-clubs-2026\">\n<div class=\"fusion-post-wrapper\" style=\"background-color:rgba(255,255,255,0);border:1px solid #ebeaea;border-bottom-width:3px;\">\n\n\t\t\t<div class=\"fusion-flexslider flexslider fusion-flexslider-loading fusion-post-slideshow\" style=\"border-color:#ebeaea;\">\n\t\t<ul class=\"slides\">\n\t\t\t\n\t\t\t\t\t\t\t\t\t\t\t\t\t\t<li><div  class=\"fusion-image-wrapper\" aria-haspopup=\"true\">\n\t\t\t\t\t\t\t<a href=\"https:\/\/swiss-soroptimist.ch\/fr\/si-club-bern-spende-fuer-den-verein-aphasingers\/\" aria-label=\"SI Club Bern | Spende f\u00fcr den Verein AphaSingers\">\n\t\t\t\t\t\t\t<img decoding=\"async\" width=\"800\" height=\"533\" src=\"https:\/\/swiss-soroptimist.ch\/wp-content\/uploads\/2026\/04\/Club-Bern-AphaSingers-Weihnachtsspende.jpg\" class=\"attachment-full size-full wp-post-image\" alt=\"\" srcset=\"https:\/\/swiss-soroptimist.ch\/wp-content\/uploads\/2026\/04\/Club-Bern-AphaSingers-Weihnachtsspende-200x133.jpg 200w, https:\/\/swiss-soroptimist.ch\/wp-content\/uploads\/2026\/04\/Club-Bern-AphaSingers-Weihnachtsspende-400x267.jpg 400w, https:\/\/swiss-soroptimist.ch\/wp-content\/uploads\/2026\/04\/Club-Bern-AphaSingers-Weihnachtsspende-600x400.jpg 600w, https:\/\/swiss-soroptimist.ch\/wp-content\/uploads\/2026\/04\/Club-Bern-AphaSingers-Weihnachtsspende.jpg 800w\" sizes=\"(min-width: 2200px) 100vw, (min-width: 915px) 253px, (min-width: 824px) 337px, (min-width: 732px) 505px, (min-width: 640px) 732px, \" \/>\t\t\t<\/a>\n\t\t\t\t\t\t\t<\/div>\n<\/li>\n\t\t\t\n\t\t\t\n\t\t\t\t\t\t\t\t\t\t\t\t\t\t\t\t\t\t\t\t\t\t\t\t\t\t\t\t\t\t\t\t\t\t\t\t\t\t\t\t\t\t\t\t\t\t\t\t\t\t\t\t\t\t\t\t\t\t\t\t\t\t\t\t\t\t\t\t<\/ul>\n\t<\/div>\n\t<div class=\"fusion-post-content-wrapper\" style=\"padding:30px 25px 20px 25px;\"><div class=\"fusion-post-content post-content\"><h2 class=\"blog-shortcode-post-title entry-title\"><a href=\"https:\/\/swiss-soroptimist.ch\/fr\/si-club-bern-spende-fuer-den-verein-aphasingers\/\">SI Club Bern | Spende f\u00fcr den Verein AphaSingers<\/a><\/h2><p class=\"fusion-single-line-meta\"><span class=\"vcard\" style=\"display: none;\"><span class=\"fn\"><a href=\"https:\/\/swiss-soroptimist.ch\/fr\/author\/swso_admin\/\" title=\"Articles par swso_admin\" rel=\"author\">swso_admin<\/a><\/span><\/span><span class=\"updated\" style=\"display:none;\">2026-04-08T14:41:44+02:00<\/span><span>avril 8th, 2026<\/span><span class=\"fusion-inline-sep\">|<\/span><\/p><div class=\"fusion-content-sep sep-none\"><\/div><\/div><div class=\"fusion-meta-info\"><div class=\"fusion-alignleft\"><a class=\"fusion-read-more\" href=\"https:\/\/swiss-soroptimist.ch\/fr\/si-club-bern-spende-fuer-den-verein-aphasingers\/\" aria-label=\"More on SI Club Bern | Spende f\u00fcr den Verein AphaSingers\">Read More<\/a><\/div><\/div><\/div><div class=\"fusion-clearfix\"><\/div><\/div>\n<\/article>\n<div class=\"fusion-clearfix\"><\/div><\/div><\/div><\/div><\/div><\/div><\/div><div class=\"fusion-fullwidth fullwidth-box fusion-builder-row-3 fusion-flex-container has-pattern-background has-mask-background hundred-percent-fullwidth non-hundred-percent-height-scrolling\" style=\"--awb-border-radius-top-left:0px;--awb-border-radius-top-right:0px;--awb-border-radius-bottom-right:0px;--awb-border-radius-bottom-left:0px;--awb-background-image:linear-gradient(180deg, rgba(163,174,206,0.25) 0%,var(--awb-color1) 100%);--awb-flex-wrap:wrap;\" ><div class=\"fusion-builder-row fusion-row fusion-flex-align-items-flex-start fusion-flex-content-wrap\" style=\"width:104% !important;max-width:104% !important;margin-left: calc(-4% \/ 2 );margin-right: calc(-4% \/ 2 );\"><div class=\"fusion-layout-column fusion_builder_column fusion-builder-column-2 fusion_builder_column_1_1 1_1 fusion-flex-column\" style=\"--awb-bg-size:cover;--awb-width-large:100%;--awb-margin-top-large:0px;--awb-spacing-right-large:1.92%;--awb-margin-bottom-large:20px;--awb-spacing-left-large:1.92%;--awb-width-medium:100%;--awb-order-medium:0;--awb-spacing-right-medium:1.92%;--awb-spacing-left-medium:1.92%;--awb-width-small:100%;--awb-order-small:0;--awb-spacing-right-small:1.92%;--awb-spacing-left-small:1.92%;\"><div class=\"fusion-column-wrapper fusion-column-has-shadow fusion-flex-justify-content-flex-start fusion-content-layout-column\"><div class=\"fusion-separator fusion-full-width-sep\" style=\"align-self: center;margin-left: auto;margin-right: auto;margin-top:50px;width:100%;\"><\/div><div class=\"fusion-text fusion-text-2\"><h2 style=\"text-align: center;\"><strong>2025 \/ Projets et Activit\u00e9s des Clubs<br \/>\n<\/strong><\/h2>\n<\/div><div class=\"fusion-separator fusion-full-width-sep\" style=\"align-self: center;margin-left: auto;margin-right: auto;margin-top:50px;width:100%;\"><\/div><div class=\"fusion-blog-shortcode fusion-blog-shortcode-2 fusion-blog-archive fusion-blog-layout-grid-wrapper fusion-blog-no\"><style type=\"text\/css\">.fusion-blog-shortcode-2 .fusion-blog-layout-grid .fusion-post-grid{padding:15px;}.fusion-blog-shortcode-2 .fusion-posts-container{margin-left: -15px !important; margin-right:-15px !important;}<\/style><div class=\"fusion-posts-container fusion-posts-container-no fusion-blog-layout-grid fusion-blog-layout-grid-4 isotope fusion-blog-equal-heights\" data-pages=\"0\" data-grid-col-space=\"30\" style=\"margin: -15px -15px 0;min-height:500px;\"><article id=\"blog-2-post-24883\" class=\"fusion-post-grid post-24883 post type-post status-publish format-standard has-post-thumbnail hentry category-rapports-des-clubs-2025\">\n<div class=\"fusion-post-wrapper\" style=\"background-color:rgba(255,255,255,1);border:1px solid #ebeaea;border-bottom-width:3px;\">\n\n\t\t\t<div class=\"fusion-flexslider flexslider fusion-flexslider-loading fusion-post-slideshow\" style=\"border-color:#ebeaea;\">\n\t\t<ul class=\"slides\">\n\t\t\t\n\t\t\t\t\t\t\t\t\t\t\t\t\t\t<li><div  class=\"fusion-image-wrapper\" aria-haspopup=\"true\">\n\t\t\t\t\t\t\t<a href=\"https:\/\/swiss-soroptimist.ch\/fr\/si-club-geneve-rhone-et-geneve-fondateur-2\/\" aria-label=\"SI Club Gen\u00e8ve Rh\u00f4ne et Gen\u00e8ve Fondateur\">\n\t\t\t\t\t\t\t<img decoding=\"async\" width=\"800\" height=\"533\" src=\"https:\/\/swiss-soroptimist.ch\/wp-content\/uploads\/2026\/04\/OD-2025-Clubs-Geneve.jpg\" class=\"attachment-full size-full wp-post-image\" alt=\"\" srcset=\"https:\/\/swiss-soroptimist.ch\/wp-content\/uploads\/2026\/04\/OD-2025-Clubs-Geneve-200x133.jpg 200w, https:\/\/swiss-soroptimist.ch\/wp-content\/uploads\/2026\/04\/OD-2025-Clubs-Geneve-400x267.jpg 400w, https:\/\/swiss-soroptimist.ch\/wp-content\/uploads\/2026\/04\/OD-2025-Clubs-Geneve-600x400.jpg 600w, https:\/\/swiss-soroptimist.ch\/wp-content\/uploads\/2026\/04\/OD-2025-Clubs-Geneve.jpg 800w\" sizes=\"(min-width: 2200px) 100vw, (min-width: 915px) 253px, (min-width: 824px) 337px, (min-width: 732px) 505px, (min-width: 640px) 732px, \" \/>\t\t\t<\/a>\n\t\t\t\t\t\t\t<\/div>\n<\/li>\n\t\t\t\n\t\t\t\n\t\t\t\t\t\t\t\t\t\t\t\n\t\t\t\t\t\n\t\t\t\t\t\t\t\t\t\t\t<li>\n\t\t\t\t\t\t\t<div class=\"fusion-image-wrapper\">\n\t\t\t\t\t\t\t\t<a href=\"https:\/\/swiss-soroptimist.ch\/fr\/si-club-geneve-rhone-et-geneve-fondateur-2\/\" aria-label=\"SI Club Gen\u00e8ve Rh\u00f4ne et Gen\u00e8ve Fondateur\">\n\t\t\t\t\t\t\t\t\t<img decoding=\"async\" width=\"800\" height=\"533\" src=\"https:\/\/swiss-soroptimist.ch\/wp-content\/uploads\/2026\/04\/OD-2025-Geneve-2.jpg\" alt=\"\" class=\"wp-image-24856\" role=\"presentation\" srcset=\"https:\/\/swiss-soroptimist.ch\/wp-content\/uploads\/2026\/04\/OD-2025-Geneve-2-200x133.jpg 200w, https:\/\/swiss-soroptimist.ch\/wp-content\/uploads\/2026\/04\/OD-2025-Geneve-2-400x267.jpg 400w, https:\/\/swiss-soroptimist.ch\/wp-content\/uploads\/2026\/04\/OD-2025-Geneve-2-600x400.jpg 600w, https:\/\/swiss-soroptimist.ch\/wp-content\/uploads\/2026\/04\/OD-2025-Geneve-2.jpg 800w\" sizes=\"(min-width: 2200px) 100vw, (min-width: 915px) 253px, (min-width: 824px) 337px, (min-width: 732px) 505px, (min-width: 640px) 732px, \" \/>\t\t\t\t\t\t\t\t<\/a>\n\t\t\t\t\t\t\t\t<a style=\"display:none;\" href=\"https:\/\/swiss-soroptimist.ch\/wp-content\/uploads\/2026\/04\/OD-2025-Geneve-2.jpg\" data-rel=\"iLightbox[gallery24883]\"  title=\"\" data-title=\"OD-2025-Geneve-2\" data-caption=\"\">\n\t\t\t\t\t\t\t\t\t\t\t\t\t\t\t\t\t<\/a>\n\t\t\t\t\t\t\t<\/div>\n\t\t\t\t\t\t<\/li>\n\t\t\t\t\t\t\t\t\t\t\t\t\t\t\t\t\t\t\t\t\t\t\t\t\t\t\t\t\t\t\t\t\t\t\t\t\t\t\t\t\t\t\t\t\t\t\t\t\t\t\t\t\t\t\t\t\t\t\t\t\t\t\t\t\t\t<\/ul>\n\t<\/div>\n\t<div class=\"fusion-post-content-wrapper\" style=\"padding:30px 25px 20px 25px;\"><div class=\"fusion-post-content post-content\"><h2 class=\"blog-shortcode-post-title entry-title\"><a href=\"https:\/\/swiss-soroptimist.ch\/fr\/si-club-geneve-rhone-et-geneve-fondateur-2\/\">SI Club Gen\u00e8ve Rh\u00f4ne et Gen\u00e8ve Fondateur<\/a><\/h2><p class=\"fusion-single-line-meta\"><span class=\"vcard\" style=\"display: none;\"><span class=\"fn\"><a href=\"https:\/\/swiss-soroptimist.ch\/fr\/author\/swso_admin\/\" title=\"Articles par swso_admin\" rel=\"author\">swso_admin<\/a><\/span><\/span><span class=\"updated\" style=\"display:none;\">2026-04-08T15:26:13+02:00<\/span><span>avril 8th, 2026<\/span><span class=\"fusion-inline-sep\">|<\/span><\/p><div class=\"fusion-content-sep sep-none\"><\/div><div class=\"fusion-post-content-container\"><\/div><\/div><div class=\"fusion-meta-info\"><div class=\"fusion-alignleft\"><a class=\"fusion-read-more\" href=\"https:\/\/swiss-soroptimist.ch\/fr\/si-club-geneve-rhone-et-geneve-fondateur-2\/\" aria-label=\"More on SI Club Gen\u00e8ve Rh\u00f4ne et Gen\u00e8ve Fondateur\">Read More<\/a><\/div><\/div><\/div><div class=\"fusion-clearfix\"><\/div><\/div>\n<\/article>\n<article id=\"blog-2-post-24531\" class=\"fusion-post-grid post-24531 post type-post status-publish format-standard has-post-thumbnail hentry category-rapports-des-clubs-2025\">\n<div class=\"fusion-post-wrapper\" style=\"background-color:rgba(255,255,255,1);border:1px solid #ebeaea;border-bottom-width:3px;\">\n\n\t\t\t<div class=\"fusion-flexslider flexslider fusion-flexslider-loading fusion-post-slideshow\" style=\"border-color:#ebeaea;\">\n\t\t<ul class=\"slides\">\n\t\t\t\n\t\t\t\t\t\t\t\t\t\t\t\t\t\t<li><div  class=\"fusion-image-wrapper\" aria-haspopup=\"true\">\n\t\t\t\t\t\t\t<a href=\"https:\/\/swiss-soroptimist.ch\/fr\/si-club-liestal-projekt-herzkissen-baselland\/\" aria-label=\"SI Club Liestal \u2013 Projekt Herzkissen Baselland\">\n\t\t\t\t\t\t\t<img decoding=\"async\" width=\"800\" height=\"533\" src=\"https:\/\/swiss-soroptimist.ch\/wp-content\/uploads\/2026\/02\/Soroptimist-Herzkissen.jpg\" class=\"attachment-full size-full wp-post-image\" alt=\"\" srcset=\"https:\/\/swiss-soroptimist.ch\/wp-content\/uploads\/2026\/02\/Soroptimist-Herzkissen-200x133.jpg 200w, https:\/\/swiss-soroptimist.ch\/wp-content\/uploads\/2026\/02\/Soroptimist-Herzkissen-400x267.jpg 400w, https:\/\/swiss-soroptimist.ch\/wp-content\/uploads\/2026\/02\/Soroptimist-Herzkissen-600x400.jpg 600w, https:\/\/swiss-soroptimist.ch\/wp-content\/uploads\/2026\/02\/Soroptimist-Herzkissen.jpg 800w\" sizes=\"(min-width: 2200px) 100vw, (min-width: 915px) 253px, (min-width: 824px) 337px, (min-width: 732px) 505px, (min-width: 640px) 732px, \" \/>\t\t\t<\/a>\n\t\t\t\t\t\t\t<\/div>\n<\/li>\n\t\t\t\n\t\t\t\n\t\t\t\t\t\t\t\t\t\t\t\t\t\t\t\t\t\t\t\t\t\t\t\t\t\t\t\t\t\t\t\t\t\t\t\t\t\t\t\t\t\t\t\t\t\t\t\t\t\t\t\t\t\t\t\t\t\t\t\t\t\t\t\t\t\t\t\t<\/ul>\n\t<\/div>\n\t<div class=\"fusion-post-content-wrapper\" style=\"padding:30px 25px 20px 25px;\"><div class=\"fusion-post-content post-content\"><h2 class=\"blog-shortcode-post-title entry-title\"><a href=\"https:\/\/swiss-soroptimist.ch\/fr\/si-club-liestal-projekt-herzkissen-baselland\/\">SI Club Liestal \u2013 Projekt Herzkissen Baselland<\/a><\/h2><p class=\"fusion-single-line-meta\"><span class=\"vcard\" style=\"display: none;\"><span class=\"fn\"><a href=\"https:\/\/swiss-soroptimist.ch\/fr\/author\/swso_admin\/\" title=\"Articles par swso_admin\" rel=\"author\">swso_admin<\/a><\/span><\/span><span class=\"updated\" style=\"display:none;\">2026-02-09T13:40:36+01:00<\/span><span>f\u00e9vrier 9th, 2026<\/span><span class=\"fusion-inline-sep\">|<\/span><\/p><div class=\"fusion-content-sep sep-none\"><\/div><div class=\"fusion-post-content-container\"><\/div><\/div><div class=\"fusion-meta-info\"><div class=\"fusion-alignleft\"><a class=\"fusion-read-more\" href=\"https:\/\/swiss-soroptimist.ch\/fr\/si-club-liestal-projekt-herzkissen-baselland\/\" aria-label=\"More on SI Club Liestal \u2013 Projekt Herzkissen Baselland\">Read More<\/a><\/div><\/div><\/div><div class=\"fusion-clearfix\"><\/div><\/div>\n<\/article>\n<article id=\"blog-2-post-24347\" class=\"fusion-post-grid post-24347 post type-post status-publish format-standard has-post-thumbnail hentry category-rapports-des-clubs-2025\">\n<div class=\"fusion-post-wrapper\" style=\"background-color:rgba(255,255,255,1);border:1px solid #ebeaea;border-bottom-width:3px;\">\n\n\t\t\t<div class=\"fusion-flexslider flexslider fusion-flexslider-loading fusion-post-slideshow\" style=\"border-color:#ebeaea;\">\n\t\t<ul class=\"slides\">\n\t\t\t\n\t\t\t\t\t\t\t\t\t\t\t\t\t\t<li><div  class=\"fusion-image-wrapper\" aria-haspopup=\"true\">\n\t\t\t\t\t\t\t<a href=\"https:\/\/swiss-soroptimist.ch\/fr\/si-club-basel-orange-days-2025\/\" aria-label=\"SI Club Basel \u2013 Orange Days 2025\">\n\t\t\t\t\t\t\t<img decoding=\"async\" width=\"800\" height=\"533\" src=\"https:\/\/swiss-soroptimist.ch\/wp-content\/uploads\/2026\/01\/Orange-Days-Basel-2025.jpg\" class=\"attachment-full size-full wp-post-image\" alt=\"\" srcset=\"https:\/\/swiss-soroptimist.ch\/wp-content\/uploads\/2026\/01\/Orange-Days-Basel-2025-200x133.jpg 200w, https:\/\/swiss-soroptimist.ch\/wp-content\/uploads\/2026\/01\/Orange-Days-Basel-2025-400x267.jpg 400w, https:\/\/swiss-soroptimist.ch\/wp-content\/uploads\/2026\/01\/Orange-Days-Basel-2025-600x400.jpg 600w, https:\/\/swiss-soroptimist.ch\/wp-content\/uploads\/2026\/01\/Orange-Days-Basel-2025.jpg 800w\" sizes=\"(min-width: 2200px) 100vw, (min-width: 915px) 253px, (min-width: 824px) 337px, (min-width: 732px) 505px, (min-width: 640px) 732px, \" \/>\t\t\t<\/a>\n\t\t\t\t\t\t\t<\/div>\n<\/li>\n\t\t\t\n\t\t\t\n\t\t\t\t\t\t\t\t\t\t\t\n\t\t\t\t\t\n\t\t\t\t\t\t\t\t\t\t\t<li>\n\t\t\t\t\t\t\t<div class=\"fusion-image-wrapper\">\n\t\t\t\t\t\t\t\t<a href=\"https:\/\/swiss-soroptimist.ch\/fr\/si-club-basel-orange-days-2025\/\" aria-label=\"SI Club Basel \u2013 Orange Days 2025\">\n\t\t\t\t\t\t\t\t\t<img decoding=\"async\" width=\"800\" height=\"533\" src=\"https:\/\/swiss-soroptimist.ch\/wp-content\/uploads\/2026\/01\/Orange-Days-Basel-2.jpg\" alt=\"\" class=\"wp-image-24344\" role=\"presentation\" srcset=\"https:\/\/swiss-soroptimist.ch\/wp-content\/uploads\/2026\/01\/Orange-Days-Basel-2-200x133.jpg 200w, https:\/\/swiss-soroptimist.ch\/wp-content\/uploads\/2026\/01\/Orange-Days-Basel-2-400x267.jpg 400w, https:\/\/swiss-soroptimist.ch\/wp-content\/uploads\/2026\/01\/Orange-Days-Basel-2-600x400.jpg 600w, https:\/\/swiss-soroptimist.ch\/wp-content\/uploads\/2026\/01\/Orange-Days-Basel-2.jpg 800w\" sizes=\"(min-width: 2200px) 100vw, (min-width: 915px) 253px, (min-width: 824px) 337px, (min-width: 732px) 505px, (min-width: 640px) 732px, \" \/>\t\t\t\t\t\t\t\t<\/a>\n\t\t\t\t\t\t\t\t<a style=\"display:none;\" href=\"https:\/\/swiss-soroptimist.ch\/wp-content\/uploads\/2026\/01\/Orange-Days-Basel-2.jpg\" data-rel=\"iLightbox[gallery24347]\"  title=\"\" data-title=\"Orange-Days-Basel-2\" data-caption=\"\">\n\t\t\t\t\t\t\t\t\t\t\t\t\t\t\t\t\t<\/a>\n\t\t\t\t\t\t\t<\/div>\n\t\t\t\t\t\t<\/li>\n\t\t\t\t\t\t\t\t\t\t\t\t\t\t\t\t\t\t\t\t\t\t\t\t\t\t\t\t\t\t\t\t\t\t\t\t\t\t\t\t\t\t\t\t\t\t\t\t\t\t\t\t\t\t\t\t\t\t\t\t\t\t\t\t\t\t<\/ul>\n\t<\/div>\n\t<div class=\"fusion-post-content-wrapper\" style=\"padding:30px 25px 20px 25px;\"><div class=\"fusion-post-content post-content\"><h2 class=\"blog-shortcode-post-title entry-title\"><a href=\"https:\/\/swiss-soroptimist.ch\/fr\/si-club-basel-orange-days-2025\/\">SI Club Basel \u2013 Orange Days 2025<\/a><\/h2><p class=\"fusion-single-line-meta\"><span class=\"vcard\" style=\"display: none;\"><span class=\"fn\"><a href=\"https:\/\/swiss-soroptimist.ch\/fr\/author\/swso_admin\/\" title=\"Articles par swso_admin\" rel=\"author\">swso_admin<\/a><\/span><\/span><span class=\"updated\" style=\"display:none;\">2026-01-09T13:32:21+01:00<\/span><span>janvier 9th, 2026<\/span><span class=\"fusion-inline-sep\">|<\/span><\/p><div class=\"fusion-content-sep sep-none\"><\/div><div class=\"fusion-post-content-container\"><\/div><\/div><div class=\"fusion-meta-info\"><div class=\"fusion-alignleft\"><a class=\"fusion-read-more\" href=\"https:\/\/swiss-soroptimist.ch\/fr\/si-club-basel-orange-days-2025\/\" aria-label=\"More on SI Club Basel \u2013 Orange Days 2025\">Read More<\/a><\/div><\/div><\/div><div class=\"fusion-clearfix\"><\/div><\/div>\n<\/article>\n<article id=\"blog-2-post-24337\" class=\"fusion-post-grid post-24337 post type-post status-publish format-standard has-post-thumbnail hentry category-rapports-des-clubs-2025\">\n<div class=\"fusion-post-wrapper\" style=\"background-color:rgba(255,255,255,1);border:1px solid #ebeaea;border-bottom-width:3px;\">\n\n\t\t\t<div class=\"fusion-flexslider flexslider fusion-flexslider-loading fusion-post-slideshow\" style=\"border-color:#ebeaea;\">\n\t\t<ul class=\"slides\">\n\t\t\t\n\t\t\t\t\t\t\t\t\t\t\t\t\t\t<li><div  class=\"fusion-image-wrapper\" aria-haspopup=\"true\">\n\t\t\t\t\t\t\t<a href=\"https:\/\/swiss-soroptimist.ch\/fr\/si-club-lavaux-orange-days-2025\/\" aria-label=\"SI Club Lavaux \u2013 Orange Days 2025\">\n\t\t\t\t\t\t\t<img decoding=\"async\" width=\"800\" height=\"533\" src=\"https:\/\/swiss-soroptimist.ch\/wp-content\/uploads\/2026\/01\/Orange-Days-Club-Lavaux.jpg\" class=\"attachment-full size-full wp-post-image\" alt=\"\" srcset=\"https:\/\/swiss-soroptimist.ch\/wp-content\/uploads\/2026\/01\/Orange-Days-Club-Lavaux-200x133.jpg 200w, https:\/\/swiss-soroptimist.ch\/wp-content\/uploads\/2026\/01\/Orange-Days-Club-Lavaux-400x267.jpg 400w, https:\/\/swiss-soroptimist.ch\/wp-content\/uploads\/2026\/01\/Orange-Days-Club-Lavaux-600x400.jpg 600w, https:\/\/swiss-soroptimist.ch\/wp-content\/uploads\/2026\/01\/Orange-Days-Club-Lavaux.jpg 800w\" sizes=\"(min-width: 2200px) 100vw, (min-width: 915px) 253px, (min-width: 824px) 337px, (min-width: 732px) 505px, (min-width: 640px) 732px, \" \/>\t\t\t<\/a>\n\t\t\t\t\t\t\t<\/div>\n<\/li>\n\t\t\t\n\t\t\t\n\t\t\t\t\t\t\t\t\t\t\t\n\t\t\t\t\t\n\t\t\t\t\t\t\t\t\t\t\t<li>\n\t\t\t\t\t\t\t<div class=\"fusion-image-wrapper\">\n\t\t\t\t\t\t\t\t<a href=\"https:\/\/swiss-soroptimist.ch\/fr\/si-club-lavaux-orange-days-2025\/\" aria-label=\"SI Club Lavaux \u2013 Orange Days 2025\">\n\t\t\t\t\t\t\t\t\t<img decoding=\"async\" width=\"800\" height=\"533\" src=\"https:\/\/swiss-soroptimist.ch\/wp-content\/uploads\/2026\/01\/Orange-Days-Lavaux-2.jpg\" alt=\"\" class=\"wp-image-24334\" role=\"presentation\" srcset=\"https:\/\/swiss-soroptimist.ch\/wp-content\/uploads\/2026\/01\/Orange-Days-Lavaux-2-200x133.jpg 200w, https:\/\/swiss-soroptimist.ch\/wp-content\/uploads\/2026\/01\/Orange-Days-Lavaux-2-400x267.jpg 400w, https:\/\/swiss-soroptimist.ch\/wp-content\/uploads\/2026\/01\/Orange-Days-Lavaux-2-600x400.jpg 600w, https:\/\/swiss-soroptimist.ch\/wp-content\/uploads\/2026\/01\/Orange-Days-Lavaux-2.jpg 800w\" sizes=\"(min-width: 2200px) 100vw, (min-width: 915px) 253px, (min-width: 824px) 337px, (min-width: 732px) 505px, (min-width: 640px) 732px, \" \/>\t\t\t\t\t\t\t\t<\/a>\n\t\t\t\t\t\t\t\t<a style=\"display:none;\" href=\"https:\/\/swiss-soroptimist.ch\/wp-content\/uploads\/2026\/01\/Orange-Days-Lavaux-2.jpg\" data-rel=\"iLightbox[gallery24337]\"  title=\"\" data-title=\"Orange-Days-Lavaux-2\" data-caption=\"\">\n\t\t\t\t\t\t\t\t\t\t\t\t\t\t\t\t\t<\/a>\n\t\t\t\t\t\t\t<\/div>\n\t\t\t\t\t\t<\/li>\n\t\t\t\t\t\t\t\t\t\t\t\t\t\t\t\t\t\t\t\t\t\t\t\t\t\t\t\t\t\t\t\t\t\t\t\t\t\t\t\t\t\t\t\t\t\t\t\t\t\t\t\t\t\t\t\t\t\t\t\t\t\t\t\t\t\t<\/ul>\n\t<\/div>\n\t<div class=\"fusion-post-content-wrapper\" style=\"padding:30px 25px 20px 25px;\"><div class=\"fusion-post-content post-content\"><h2 class=\"blog-shortcode-post-title entry-title\"><a href=\"https:\/\/swiss-soroptimist.ch\/fr\/si-club-lavaux-orange-days-2025\/\">SI Club Lavaux \u2013 Orange Days 2025<\/a><\/h2><p class=\"fusion-single-line-meta\"><span class=\"vcard\" style=\"display: none;\"><span class=\"fn\"><a href=\"https:\/\/swiss-soroptimist.ch\/fr\/author\/swso_admin\/\" title=\"Articles par swso_admin\" rel=\"author\">swso_admin<\/a><\/span><\/span><span class=\"updated\" style=\"display:none;\">2026-01-09T13:23:20+01:00<\/span><span>janvier 9th, 2026<\/span><span class=\"fusion-inline-sep\">|<\/span><\/p><div class=\"fusion-content-sep sep-none\"><\/div><div class=\"fusion-post-content-container\"><\/div><\/div><div class=\"fusion-meta-info\"><div class=\"fusion-alignleft\"><a class=\"fusion-read-more\" href=\"https:\/\/swiss-soroptimist.ch\/fr\/si-club-lavaux-orange-days-2025\/\" aria-label=\"More on SI Club Lavaux \u2013 Orange Days 2025\">Read More<\/a><\/div><\/div><\/div><div class=\"fusion-clearfix\"><\/div><\/div>\n<\/article>\n<article id=\"blog-2-post-24327\" class=\"fusion-post-grid post-24327 post type-post status-publish format-standard has-post-thumbnail hentry category-rapports-des-clubs-2025\">\n<div class=\"fusion-post-wrapper\" style=\"background-color:rgba(255,255,255,1);border:1px solid #ebeaea;border-bottom-width:3px;\">\n\n\t\t\t<div class=\"fusion-flexslider flexslider fusion-flexslider-loading fusion-post-slideshow\" style=\"border-color:#ebeaea;\">\n\t\t<ul class=\"slides\">\n\t\t\t\n\t\t\t\t\t\t\t\t\t\t\t\t\t\t<li><div  class=\"fusion-image-wrapper\" aria-haspopup=\"true\">\n\t\t\t\t\t\t\t<a href=\"https:\/\/swiss-soroptimist.ch\/fr\/si-club-chur-orange-days-2025\/\" aria-label=\"SI Club Chur \u2013 Orange Days 2025\">\n\t\t\t\t\t\t\t<img decoding=\"async\" width=\"800\" height=\"533\" src=\"https:\/\/swiss-soroptimist.ch\/wp-content\/uploads\/2026\/01\/Orange-Days-Soroptimist-Chur.jpg\" class=\"attachment-full size-full wp-post-image\" alt=\"\" srcset=\"https:\/\/swiss-soroptimist.ch\/wp-content\/uploads\/2026\/01\/Orange-Days-Soroptimist-Chur-200x133.jpg 200w, https:\/\/swiss-soroptimist.ch\/wp-content\/uploads\/2026\/01\/Orange-Days-Soroptimist-Chur-400x267.jpg 400w, https:\/\/swiss-soroptimist.ch\/wp-content\/uploads\/2026\/01\/Orange-Days-Soroptimist-Chur-600x400.jpg 600w, https:\/\/swiss-soroptimist.ch\/wp-content\/uploads\/2026\/01\/Orange-Days-Soroptimist-Chur.jpg 800w\" sizes=\"(min-width: 2200px) 100vw, (min-width: 915px) 253px, (min-width: 824px) 337px, (min-width: 732px) 505px, (min-width: 640px) 732px, \" \/>\t\t\t<\/a>\n\t\t\t\t\t\t\t<\/div>\n<\/li>\n\t\t\t\n\t\t\t\n\t\t\t\t\t\t\t\t\t\t\t\n\t\t\t\t\t\n\t\t\t\t\t\t\t\t\t\t\t<li>\n\t\t\t\t\t\t\t<div class=\"fusion-image-wrapper\">\n\t\t\t\t\t\t\t\t<a href=\"https:\/\/swiss-soroptimist.ch\/fr\/si-club-chur-orange-days-2025\/\" aria-label=\"SI Club Chur \u2013 Orange Days 2025\">\n\t\t\t\t\t\t\t\t\t<img decoding=\"async\" width=\"800\" height=\"533\" src=\"https:\/\/swiss-soroptimist.ch\/wp-content\/uploads\/2026\/01\/Orange-Days-Chur-2025.jpg\" alt=\"\" class=\"wp-image-24323\" role=\"presentation\" srcset=\"https:\/\/swiss-soroptimist.ch\/wp-content\/uploads\/2026\/01\/Orange-Days-Chur-2025-200x133.jpg 200w, https:\/\/swiss-soroptimist.ch\/wp-content\/uploads\/2026\/01\/Orange-Days-Chur-2025-400x267.jpg 400w, https:\/\/swiss-soroptimist.ch\/wp-content\/uploads\/2026\/01\/Orange-Days-Chur-2025-600x400.jpg 600w, https:\/\/swiss-soroptimist.ch\/wp-content\/uploads\/2026\/01\/Orange-Days-Chur-2025.jpg 800w\" sizes=\"(min-width: 2200px) 100vw, (min-width: 915px) 253px, (min-width: 824px) 337px, (min-width: 732px) 505px, (min-width: 640px) 732px, \" \/>\t\t\t\t\t\t\t\t<\/a>\n\t\t\t\t\t\t\t\t<a style=\"display:none;\" href=\"https:\/\/swiss-soroptimist.ch\/wp-content\/uploads\/2026\/01\/Orange-Days-Chur-2025.jpg\" data-rel=\"iLightbox[gallery24327]\"  title=\"\" data-title=\"Orange-Days-Chur-2025\" data-caption=\"\">\n\t\t\t\t\t\t\t\t\t\t\t\t\t\t\t\t\t<\/a>\n\t\t\t\t\t\t\t<\/div>\n\t\t\t\t\t\t<\/li>\n\t\t\t\t\t\t\t\t\t\t\t\t\t\t\t\t\t\t\t\t\t\t\t\t\t\t\t\t\t\t\t\t\t\t\t\t\t\t\t\t\t\t\t\t\t\t\t\t\t\t\t\t\t\t\t\t\t\t\t\t\t\t\t\t\t\t<\/ul>\n\t<\/div>\n\t<div class=\"fusion-post-content-wrapper\" style=\"padding:30px 25px 20px 25px;\"><div class=\"fusion-post-content post-content\"><h2 class=\"blog-shortcode-post-title entry-title\"><a href=\"https:\/\/swiss-soroptimist.ch\/fr\/si-club-chur-orange-days-2025\/\">SI Club Chur \u2013 Orange Days 2025<\/a><\/h2><p class=\"fusion-single-line-meta\"><span class=\"vcard\" style=\"display: none;\"><span class=\"fn\"><a href=\"https:\/\/swiss-soroptimist.ch\/fr\/author\/swso_admin\/\" title=\"Articles par swso_admin\" rel=\"author\">swso_admin<\/a><\/span><\/span><span class=\"updated\" style=\"display:none;\">2026-01-08T22:00:46+01:00<\/span><span>janvier 8th, 2026<\/span><span class=\"fusion-inline-sep\">|<\/span><\/p><div class=\"fusion-content-sep sep-none\"><\/div><div class=\"fusion-post-content-container\"><\/div><\/div><div class=\"fusion-meta-info\"><div class=\"fusion-alignleft\"><a class=\"fusion-read-more\" href=\"https:\/\/swiss-soroptimist.ch\/fr\/si-club-chur-orange-days-2025\/\" aria-label=\"More on SI Club Chur \u2013 Orange Days 2025\">Read More<\/a><\/div><\/div><\/div><div class=\"fusion-clearfix\"><\/div><\/div>\n<\/article>\n<article id=\"blog-2-post-24311\" class=\"fusion-post-grid post-24311 post type-post status-publish format-standard has-post-thumbnail hentry category-rapports-des-clubs-2025\">\n<div class=\"fusion-post-wrapper\" style=\"background-color:rgba(255,255,255,1);border:1px solid #ebeaea;border-bottom-width:3px;\">\n\n\t\t\t<div class=\"fusion-flexslider flexslider fusion-flexslider-loading fusion-post-slideshow\" style=\"border-color:#ebeaea;\">\n\t\t<ul class=\"slides\">\n\t\t\t\n\t\t\t\t\t\t\t\t\t\t\t\t\t\t<li><div  class=\"fusion-image-wrapper\" aria-haspopup=\"true\">\n\t\t\t\t\t\t\t<a href=\"https:\/\/swiss-soroptimist.ch\/fr\/si-club-gstaad-saanenland-orange-days-2025\/\" aria-label=\"SI Club Gstaad Saanenland \u2013 Orange Days 2025\">\n\t\t\t\t\t\t\t<img decoding=\"async\" width=\"960\" height=\"640\" src=\"https:\/\/swiss-soroptimist.ch\/wp-content\/uploads\/2026\/01\/Orange-Days-Gstaad-Saanenland.jpg\" class=\"attachment-full size-full wp-post-image\" alt=\"\" srcset=\"https:\/\/swiss-soroptimist.ch\/wp-content\/uploads\/2026\/01\/Orange-Days-Gstaad-Saanenland-200x133.jpg 200w, https:\/\/swiss-soroptimist.ch\/wp-content\/uploads\/2026\/01\/Orange-Days-Gstaad-Saanenland-400x267.jpg 400w, https:\/\/swiss-soroptimist.ch\/wp-content\/uploads\/2026\/01\/Orange-Days-Gstaad-Saanenland-600x400.jpg 600w, https:\/\/swiss-soroptimist.ch\/wp-content\/uploads\/2026\/01\/Orange-Days-Gstaad-Saanenland-800x533.jpg 800w, https:\/\/swiss-soroptimist.ch\/wp-content\/uploads\/2026\/01\/Orange-Days-Gstaad-Saanenland.jpg 960w\" sizes=\"(min-width: 2200px) 100vw, (min-width: 915px) 253px, (min-width: 824px) 337px, (min-width: 732px) 505px, (min-width: 640px) 732px, \" \/>\t\t\t<\/a>\n\t\t\t\t\t\t\t<\/div>\n<\/li>\n\t\t\t\n\t\t\t\n\t\t\t\t\t\t\t\t\t\t\t\n\t\t\t\t\t\n\t\t\t\t\t\t\t\t\t\t\t<li>\n\t\t\t\t\t\t\t<div class=\"fusion-image-wrapper\">\n\t\t\t\t\t\t\t\t<a href=\"https:\/\/swiss-soroptimist.ch\/fr\/si-club-gstaad-saanenland-orange-days-2025\/\" aria-label=\"SI Club Gstaad Saanenland \u2013 Orange Days 2025\">\n\t\t\t\t\t\t\t\t\t<img decoding=\"async\" width=\"960\" height=\"640\" src=\"https:\/\/swiss-soroptimist.ch\/wp-content\/uploads\/2026\/01\/Suppe-Orange-Days-2025.jpg\" alt=\"\" class=\"wp-image-24307\" role=\"presentation\" srcset=\"https:\/\/swiss-soroptimist.ch\/wp-content\/uploads\/2026\/01\/Suppe-Orange-Days-2025-200x133.jpg 200w, https:\/\/swiss-soroptimist.ch\/wp-content\/uploads\/2026\/01\/Suppe-Orange-Days-2025-400x267.jpg 400w, https:\/\/swiss-soroptimist.ch\/wp-content\/uploads\/2026\/01\/Suppe-Orange-Days-2025-600x400.jpg 600w, https:\/\/swiss-soroptimist.ch\/wp-content\/uploads\/2026\/01\/Suppe-Orange-Days-2025-800x533.jpg 800w, https:\/\/swiss-soroptimist.ch\/wp-content\/uploads\/2026\/01\/Suppe-Orange-Days-2025.jpg 960w\" sizes=\"(min-width: 2200px) 100vw, (min-width: 915px) 253px, (min-width: 824px) 337px, (min-width: 732px) 505px, (min-width: 640px) 732px, \" \/>\t\t\t\t\t\t\t\t<\/a>\n\t\t\t\t\t\t\t\t<a style=\"display:none;\" href=\"https:\/\/swiss-soroptimist.ch\/wp-content\/uploads\/2026\/01\/Suppe-Orange-Days-2025.jpg\" data-rel=\"iLightbox[gallery24311]\"  title=\"\" data-title=\"Suppe-Orange-Days-2025\" data-caption=\"\">\n\t\t\t\t\t\t\t\t\t\t\t\t\t\t\t\t\t<\/a>\n\t\t\t\t\t\t\t<\/div>\n\t\t\t\t\t\t<\/li>\n\t\t\t\t\t\t\t\t\t\t\t\t\t\t\t\t\t\t\t\t\t\t\t\t\t\t\t\t\t\t\t\t\t\t\t\t\t\t\t\t\t\t\t\t\t\t\t\t\t\t\t\t\t\t\t\t\t\t\t\t\t\t\t\t\t\t<\/ul>\n\t<\/div>\n\t<div class=\"fusion-post-content-wrapper\" style=\"padding:30px 25px 20px 25px;\"><div class=\"fusion-post-content post-content\"><h2 class=\"blog-shortcode-post-title entry-title\"><a href=\"https:\/\/swiss-soroptimist.ch\/fr\/si-club-gstaad-saanenland-orange-days-2025\/\">SI Club Gstaad Saanenland \u2013 Orange Days 2025<\/a><\/h2><p class=\"fusion-single-line-meta\"><span class=\"vcard\" style=\"display: none;\"><span class=\"fn\"><a href=\"https:\/\/swiss-soroptimist.ch\/fr\/author\/swso_admin\/\" title=\"Articles par swso_admin\" rel=\"author\">swso_admin<\/a><\/span><\/span><span class=\"updated\" style=\"display:none;\">2026-01-07T19:18:02+01:00<\/span><span>janvier 7th, 2026<\/span><span class=\"fusion-inline-sep\">|<\/span><\/p><div class=\"fusion-content-sep sep-none\"><\/div><div class=\"fusion-post-content-container\"><\/div><\/div><div class=\"fusion-meta-info\"><div class=\"fusion-alignleft\"><a class=\"fusion-read-more\" href=\"https:\/\/swiss-soroptimist.ch\/fr\/si-club-gstaad-saanenland-orange-days-2025\/\" aria-label=\"More on SI Club Gstaad Saanenland \u2013 Orange Days 2025\">Read More<\/a><\/div><\/div><\/div><div class=\"fusion-clearfix\"><\/div><\/div>\n<\/article>\n<article id=\"blog-2-post-24300\" class=\"fusion-post-grid post-24300 post type-post status-publish format-standard has-post-thumbnail hentry category-rapports-des-clubs-2025\">\n<div class=\"fusion-post-wrapper\" style=\"background-color:rgba(255,255,255,1);border:1px solid #ebeaea;border-bottom-width:3px;\">\n\n\t\t\t<div class=\"fusion-flexslider flexslider fusion-flexslider-loading fusion-post-slideshow\" style=\"border-color:#ebeaea;\">\n\t\t<ul class=\"slides\">\n\t\t\t\n\t\t\t\t\t\t\t\t\t\t\t\t\t\t<li><div  class=\"fusion-image-wrapper\" aria-haspopup=\"true\">\n\t\t\t\t\t\t\t<a href=\"https:\/\/swiss-soroptimist.ch\/fr\/si-club-solothurn-orange-days-2025\/\" aria-label=\"SI Club Solothurn \u2013 Orange Days 2025\">\n\t\t\t\t\t\t\t<img decoding=\"async\" width=\"960\" height=\"640\" src=\"https:\/\/swiss-soroptimist.ch\/wp-content\/uploads\/2026\/01\/Orange-Days-Soroptimist-Solothurn.jpg\" class=\"attachment-full size-full wp-post-image\" alt=\"\" srcset=\"https:\/\/swiss-soroptimist.ch\/wp-content\/uploads\/2026\/01\/Orange-Days-Soroptimist-Solothurn-200x133.jpg 200w, https:\/\/swiss-soroptimist.ch\/wp-content\/uploads\/2026\/01\/Orange-Days-Soroptimist-Solothurn-400x267.jpg 400w, https:\/\/swiss-soroptimist.ch\/wp-content\/uploads\/2026\/01\/Orange-Days-Soroptimist-Solothurn-600x400.jpg 600w, https:\/\/swiss-soroptimist.ch\/wp-content\/uploads\/2026\/01\/Orange-Days-Soroptimist-Solothurn-800x533.jpg 800w, https:\/\/swiss-soroptimist.ch\/wp-content\/uploads\/2026\/01\/Orange-Days-Soroptimist-Solothurn.jpg 960w\" sizes=\"(min-width: 2200px) 100vw, (min-width: 915px) 253px, (min-width: 824px) 337px, (min-width: 732px) 505px, (min-width: 640px) 732px, \" \/>\t\t\t<\/a>\n\t\t\t\t\t\t\t<\/div>\n<\/li>\n\t\t\t\n\t\t\t\n\t\t\t\t\t\t\t\t\t\t\t\n\t\t\t\t\t\n\t\t\t\t\t\t\t\t\t\t\t<li>\n\t\t\t\t\t\t\t<div class=\"fusion-image-wrapper\">\n\t\t\t\t\t\t\t\t<a href=\"https:\/\/swiss-soroptimist.ch\/fr\/si-club-solothurn-orange-days-2025\/\" aria-label=\"SI Club Solothurn \u2013 Orange Days 2025\">\n\t\t\t\t\t\t\t\t\t<img decoding=\"async\" width=\"960\" height=\"640\" src=\"https:\/\/swiss-soroptimist.ch\/wp-content\/uploads\/2026\/01\/OD-2025-Solothurn.jpg\" alt=\"\" class=\"wp-image-24294\" role=\"presentation\" srcset=\"https:\/\/swiss-soroptimist.ch\/wp-content\/uploads\/2026\/01\/OD-2025-Solothurn-200x133.jpg 200w, https:\/\/swiss-soroptimist.ch\/wp-content\/uploads\/2026\/01\/OD-2025-Solothurn-400x267.jpg 400w, https:\/\/swiss-soroptimist.ch\/wp-content\/uploads\/2026\/01\/OD-2025-Solothurn-600x400.jpg 600w, https:\/\/swiss-soroptimist.ch\/wp-content\/uploads\/2026\/01\/OD-2025-Solothurn-800x533.jpg 800w, https:\/\/swiss-soroptimist.ch\/wp-content\/uploads\/2026\/01\/OD-2025-Solothurn.jpg 960w\" sizes=\"(min-width: 2200px) 100vw, (min-width: 915px) 253px, (min-width: 824px) 337px, (min-width: 732px) 505px, (min-width: 640px) 732px, \" \/>\t\t\t\t\t\t\t\t<\/a>\n\t\t\t\t\t\t\t\t<a style=\"display:none;\" href=\"https:\/\/swiss-soroptimist.ch\/wp-content\/uploads\/2026\/01\/OD-2025-Solothurn.jpg\" data-rel=\"iLightbox[gallery24300]\"  title=\"\" data-title=\"OD-2025-Solothurn\" data-caption=\"\">\n\t\t\t\t\t\t\t\t\t\t\t\t\t\t\t\t\t<\/a>\n\t\t\t\t\t\t\t<\/div>\n\t\t\t\t\t\t<\/li>\n\t\t\t\t\t\t\t\t\t\t\t\t\t\t\t\t\t\t\t\t\t\t\t\t\n\t\t\t\t\t\n\t\t\t\t\t\t\t\t\t\t\t<li>\n\t\t\t\t\t\t\t<div class=\"fusion-image-wrapper\">\n\t\t\t\t\t\t\t\t<a href=\"https:\/\/swiss-soroptimist.ch\/fr\/si-club-solothurn-orange-days-2025\/\" aria-label=\"SI Club Solothurn \u2013 Orange Days 2025\">\n\t\t\t\t\t\t\t\t\t<img decoding=\"async\" width=\"960\" height=\"640\" src=\"https:\/\/swiss-soroptimist.ch\/wp-content\/uploads\/2026\/01\/Sorothurn-OrangeDays.jpg\" alt=\"\" class=\"wp-image-24297\" role=\"presentation\" srcset=\"https:\/\/swiss-soroptimist.ch\/wp-content\/uploads\/2026\/01\/Sorothurn-OrangeDays-200x133.jpg 200w, https:\/\/swiss-soroptimist.ch\/wp-content\/uploads\/2026\/01\/Sorothurn-OrangeDays-400x267.jpg 400w, https:\/\/swiss-soroptimist.ch\/wp-content\/uploads\/2026\/01\/Sorothurn-OrangeDays-600x400.jpg 600w, https:\/\/swiss-soroptimist.ch\/wp-content\/uploads\/2026\/01\/Sorothurn-OrangeDays-800x533.jpg 800w, https:\/\/swiss-soroptimist.ch\/wp-content\/uploads\/2026\/01\/Sorothurn-OrangeDays.jpg 960w\" sizes=\"(min-width: 2200px) 100vw, (min-width: 915px) 253px, (min-width: 824px) 337px, (min-width: 732px) 505px, (min-width: 640px) 732px, \" \/>\t\t\t\t\t\t\t\t<\/a>\n\t\t\t\t\t\t\t\t<a style=\"display:none;\" href=\"https:\/\/swiss-soroptimist.ch\/wp-content\/uploads\/2026\/01\/Sorothurn-OrangeDays.jpg\" data-rel=\"iLightbox[gallery24300]\"  title=\"\" data-title=\"Sorothurn-OrangeDays\" data-caption=\"\">\n\t\t\t\t\t\t\t\t\t\t\t\t\t\t\t\t\t<\/a>\n\t\t\t\t\t\t\t<\/div>\n\t\t\t\t\t\t<\/li>\n\t\t\t\t\t\t\t\t\t\t\t\t\t\t\t\t\t\t\t\t\t\t\t\t\t\t\t\t\t\t\t\t\t\t\t\t\t\t\t\t\t\t\t\t\t\t\t\t\t\t\t<\/ul>\n\t<\/div>\n\t<div class=\"fusion-post-content-wrapper\" style=\"padding:30px 25px 20px 25px;\"><div class=\"fusion-post-content post-content\"><h2 class=\"blog-shortcode-post-title entry-title\"><a href=\"https:\/\/swiss-soroptimist.ch\/fr\/si-club-solothurn-orange-days-2025\/\">SI Club Solothurn \u2013 Orange Days 2025<\/a><\/h2><p class=\"fusion-single-line-meta\"><span class=\"vcard\" style=\"display: none;\"><span class=\"fn\"><a href=\"https:\/\/swiss-soroptimist.ch\/fr\/author\/swso_admin\/\" title=\"Articles par swso_admin\" rel=\"author\">swso_admin<\/a><\/span><\/span><span class=\"updated\" style=\"display:none;\">2026-01-07T18:51:51+01:00<\/span><span>janvier 7th, 2026<\/span><span class=\"fusion-inline-sep\">|<\/span><\/p><div class=\"fusion-content-sep sep-none\"><\/div><div class=\"fusion-post-content-container\"><\/div><\/div><div class=\"fusion-meta-info\"><div class=\"fusion-alignleft\"><a class=\"fusion-read-more\" href=\"https:\/\/swiss-soroptimist.ch\/fr\/si-club-solothurn-orange-days-2025\/\" aria-label=\"More on SI Club Solothurn \u2013 Orange Days 2025\">Read More<\/a><\/div><\/div><\/div><div class=\"fusion-clearfix\"><\/div><\/div>\n<\/article>\n<article id=\"blog-2-post-24287\" class=\"fusion-post-grid post-24287 post type-post status-publish format-standard has-post-thumbnail hentry category-rapports-des-clubs-2025\">\n<div class=\"fusion-post-wrapper\" style=\"background-color:rgba(255,255,255,1);border:1px solid #ebeaea;border-bottom-width:3px;\">\n\n\t\t\t<div class=\"fusion-flexslider flexslider fusion-flexslider-loading fusion-post-slideshow\" style=\"border-color:#ebeaea;\">\n\t\t<ul class=\"slides\">\n\t\t\t\n\t\t\t\t\t\t\t\t\t\t\t\t\t\t<li><div  class=\"fusion-image-wrapper\" aria-haspopup=\"true\">\n\t\t\t\t\t\t\t<a href=\"https:\/\/swiss-soroptimist.ch\/fr\/si-club-langenthal-orange-days-2025\/\" aria-label=\"SI Club Langenthal \u2013 Orange Days 2025\">\n\t\t\t\t\t\t\t<img decoding=\"async\" width=\"960\" height=\"640\" src=\"https:\/\/swiss-soroptimist.ch\/wp-content\/uploads\/2026\/01\/OD-2025-Langenthal-Soroptimist.jpg\" class=\"attachment-full size-full wp-post-image\" alt=\"\" srcset=\"https:\/\/swiss-soroptimist.ch\/wp-content\/uploads\/2026\/01\/OD-2025-Langenthal-Soroptimist-200x133.jpg 200w, https:\/\/swiss-soroptimist.ch\/wp-content\/uploads\/2026\/01\/OD-2025-Langenthal-Soroptimist-400x267.jpg 400w, https:\/\/swiss-soroptimist.ch\/wp-content\/uploads\/2026\/01\/OD-2025-Langenthal-Soroptimist-600x400.jpg 600w, https:\/\/swiss-soroptimist.ch\/wp-content\/uploads\/2026\/01\/OD-2025-Langenthal-Soroptimist-800x533.jpg 800w, https:\/\/swiss-soroptimist.ch\/wp-content\/uploads\/2026\/01\/OD-2025-Langenthal-Soroptimist.jpg 960w\" sizes=\"(min-width: 2200px) 100vw, (min-width: 915px) 253px, (min-width: 824px) 337px, (min-width: 732px) 505px, (min-width: 640px) 732px, \" \/>\t\t\t<\/a>\n\t\t\t\t\t\t\t<\/div>\n<\/li>\n\t\t\t\n\t\t\t\n\t\t\t\t\t\t\t\t\t\t\t\n\t\t\t\t\t\n\t\t\t\t\t\t\t\t\t\t\t<li>\n\t\t\t\t\t\t\t<div class=\"fusion-image-wrapper\">\n\t\t\t\t\t\t\t\t<a href=\"https:\/\/swiss-soroptimist.ch\/fr\/si-club-langenthal-orange-days-2025\/\" aria-label=\"SI Club Langenthal \u2013 Orange Days 2025\">\n\t\t\t\t\t\t\t\t\t<img decoding=\"async\" width=\"960\" height=\"640\" src=\"https:\/\/swiss-soroptimist.ch\/wp-content\/uploads\/2026\/01\/Langenthal-Hockey-Soroptimist.jpg\" alt=\"\" class=\"wp-image-24278\" role=\"presentation\" srcset=\"https:\/\/swiss-soroptimist.ch\/wp-content\/uploads\/2026\/01\/Langenthal-Hockey-Soroptimist-200x133.jpg 200w, https:\/\/swiss-soroptimist.ch\/wp-content\/uploads\/2026\/01\/Langenthal-Hockey-Soroptimist-400x267.jpg 400w, https:\/\/swiss-soroptimist.ch\/wp-content\/uploads\/2026\/01\/Langenthal-Hockey-Soroptimist-600x400.jpg 600w, https:\/\/swiss-soroptimist.ch\/wp-content\/uploads\/2026\/01\/Langenthal-Hockey-Soroptimist-800x533.jpg 800w, https:\/\/swiss-soroptimist.ch\/wp-content\/uploads\/2026\/01\/Langenthal-Hockey-Soroptimist.jpg 960w\" sizes=\"(min-width: 2200px) 100vw, (min-width: 915px) 253px, (min-width: 824px) 337px, (min-width: 732px) 505px, (min-width: 640px) 732px, \" \/>\t\t\t\t\t\t\t\t<\/a>\n\t\t\t\t\t\t\t\t<a style=\"display:none;\" href=\"https:\/\/swiss-soroptimist.ch\/wp-content\/uploads\/2026\/01\/Langenthal-Hockey-Soroptimist.jpg\" data-rel=\"iLightbox[gallery24287]\"  title=\"\" data-title=\"Langenthal-Hockey-Soroptimist\" data-caption=\"\">\n\t\t\t\t\t\t\t\t\t\t\t\t\t\t\t\t\t<\/a>\n\t\t\t\t\t\t\t<\/div>\n\t\t\t\t\t\t<\/li>\n\t\t\t\t\t\t\t\t\t\t\t\t\t\t\t\t\t\t\t\t\t\t\t\t\n\t\t\t\t\t\n\t\t\t\t\t\t\t\t\t\t\t<li>\n\t\t\t\t\t\t\t<div class=\"fusion-image-wrapper\">\n\t\t\t\t\t\t\t\t<a href=\"https:\/\/swiss-soroptimist.ch\/fr\/si-club-langenthal-orange-days-2025\/\" aria-label=\"SI Club Langenthal \u2013 Orange Days 2025\">\n\t\t\t\t\t\t\t\t\t<img decoding=\"async\" width=\"960\" height=\"640\" src=\"https:\/\/swiss-soroptimist.ch\/wp-content\/uploads\/2026\/01\/Orange-days-Langenthal.jpg\" alt=\"\" class=\"wp-image-24284\" role=\"presentation\" srcset=\"https:\/\/swiss-soroptimist.ch\/wp-content\/uploads\/2026\/01\/Orange-days-Langenthal-200x133.jpg 200w, https:\/\/swiss-soroptimist.ch\/wp-content\/uploads\/2026\/01\/Orange-days-Langenthal-400x267.jpg 400w, https:\/\/swiss-soroptimist.ch\/wp-content\/uploads\/2026\/01\/Orange-days-Langenthal-600x400.jpg 600w, https:\/\/swiss-soroptimist.ch\/wp-content\/uploads\/2026\/01\/Orange-days-Langenthal-800x533.jpg 800w, https:\/\/swiss-soroptimist.ch\/wp-content\/uploads\/2026\/01\/Orange-days-Langenthal.jpg 960w\" sizes=\"(min-width: 2200px) 100vw, (min-width: 915px) 253px, (min-width: 824px) 337px, (min-width: 732px) 505px, (min-width: 640px) 732px, \" \/>\t\t\t\t\t\t\t\t<\/a>\n\t\t\t\t\t\t\t\t<a style=\"display:none;\" href=\"https:\/\/swiss-soroptimist.ch\/wp-content\/uploads\/2026\/01\/Orange-days-Langenthal.jpg\" data-rel=\"iLightbox[gallery24287]\"  title=\"\" data-title=\"Orange-days-Langenthal\" data-caption=\"\">\n\t\t\t\t\t\t\t\t\t\t\t\t\t\t\t\t\t<\/a>\n\t\t\t\t\t\t\t<\/div>\n\t\t\t\t\t\t<\/li>\n\t\t\t\t\t\t\t\t\t\t\t\t\t\t\t\t\t\t\t\t\t\t\t\t\t\t\t\t\t\t\t\t\t\t\t\t\t\t\t\t\t\t\t\t\t\t\t\t\t\t\t<\/ul>\n\t<\/div>\n\t<div class=\"fusion-post-content-wrapper\" style=\"padding:30px 25px 20px 25px;\"><div class=\"fusion-post-content post-content\"><h2 class=\"blog-shortcode-post-title entry-title\"><a href=\"https:\/\/swiss-soroptimist.ch\/fr\/si-club-langenthal-orange-days-2025\/\">SI Club Langenthal \u2013 Orange Days 2025<\/a><\/h2><p class=\"fusion-single-line-meta\"><span class=\"vcard\" style=\"display: none;\"><span class=\"fn\"><a href=\"https:\/\/swiss-soroptimist.ch\/fr\/author\/swso_admin\/\" title=\"Articles par swso_admin\" rel=\"author\">swso_admin<\/a><\/span><\/span><span class=\"updated\" style=\"display:none;\">2026-01-07T18:37:13+01:00<\/span><span>janvier 7th, 2026<\/span><span class=\"fusion-inline-sep\">|<\/span><\/p><div class=\"fusion-content-sep sep-none\"><\/div><div class=\"fusion-post-content-container\"><\/div><\/div><div class=\"fusion-meta-info\"><div class=\"fusion-alignleft\"><a class=\"fusion-read-more\" href=\"https:\/\/swiss-soroptimist.ch\/fr\/si-club-langenthal-orange-days-2025\/\" aria-label=\"More on SI Club Langenthal \u2013 Orange Days 2025\">Read More<\/a><\/div><\/div><\/div><div class=\"fusion-clearfix\"><\/div><\/div>\n<\/article>\n<article id=\"blog-2-post-24243\" class=\"fusion-post-grid post-24243 post type-post status-publish format-standard has-post-thumbnail hentry category-rapports-des-clubs-2025\">\n<div class=\"fusion-post-wrapper\" style=\"background-color:rgba(255,255,255,1);border:1px solid #ebeaea;border-bottom-width:3px;\">\n\n\t\t\t<div class=\"fusion-flexslider flexslider fusion-flexslider-loading fusion-post-slideshow\" style=\"border-color:#ebeaea;\">\n\t\t<ul class=\"slides\">\n\t\t\t\n\t\t\t\t\t\t\t\t\t\t\t\t\t\t<li><div  class=\"fusion-image-wrapper\" aria-haspopup=\"true\">\n\t\t\t\t\t\t\t<a href=\"https:\/\/swiss-soroptimist.ch\/fr\/si-club-fricktal-gemeinsam-stark-gegen-gewalt\/\" aria-label=\"SI Club Fricktal \u2013 Gemeinsam stark gegen Gewalt\">\n\t\t\t\t\t\t\t<img decoding=\"async\" width=\"960\" height=\"640\" src=\"https:\/\/swiss-soroptimist.ch\/wp-content\/uploads\/2025\/12\/Fricktal.jpg\" class=\"attachment-full size-full wp-post-image\" alt=\"\" srcset=\"https:\/\/swiss-soroptimist.ch\/wp-content\/uploads\/2025\/12\/Fricktal-200x133.jpg 200w, https:\/\/swiss-soroptimist.ch\/wp-content\/uploads\/2025\/12\/Fricktal-400x267.jpg 400w, https:\/\/swiss-soroptimist.ch\/wp-content\/uploads\/2025\/12\/Fricktal-600x400.jpg 600w, https:\/\/swiss-soroptimist.ch\/wp-content\/uploads\/2025\/12\/Fricktal-800x533.jpg 800w, https:\/\/swiss-soroptimist.ch\/wp-content\/uploads\/2025\/12\/Fricktal.jpg 960w\" sizes=\"(min-width: 2200px) 100vw, (min-width: 915px) 253px, (min-width: 824px) 337px, (min-width: 732px) 505px, (min-width: 640px) 732px, \" \/>\t\t\t<\/a>\n\t\t\t\t\t\t\t<\/div>\n<\/li>\n\t\t\t\n\t\t\t\n\t\t\t\t\t\t\t\t\t\t\t\n\t\t\t\t\t\n\t\t\t\t\t\t\t\t\t\t\t<li>\n\t\t\t\t\t\t\t<div class=\"fusion-image-wrapper\">\n\t\t\t\t\t\t\t\t<a href=\"https:\/\/swiss-soroptimist.ch\/fr\/si-club-fricktal-gemeinsam-stark-gegen-gewalt\/\" aria-label=\"SI Club Fricktal \u2013 Gemeinsam stark gegen Gewalt\">\n\t\t\t\t\t\t\t\t\t<img decoding=\"async\" width=\"960\" height=\"640\" src=\"https:\/\/swiss-soroptimist.ch\/wp-content\/uploads\/2025\/12\/Fricktal-2.jpg\" alt=\"\" class=\"wp-image-24240\" role=\"presentation\" srcset=\"https:\/\/swiss-soroptimist.ch\/wp-content\/uploads\/2025\/12\/Fricktal-2-200x133.jpg 200w, https:\/\/swiss-soroptimist.ch\/wp-content\/uploads\/2025\/12\/Fricktal-2-400x267.jpg 400w, https:\/\/swiss-soroptimist.ch\/wp-content\/uploads\/2025\/12\/Fricktal-2-600x400.jpg 600w, https:\/\/swiss-soroptimist.ch\/wp-content\/uploads\/2025\/12\/Fricktal-2-800x533.jpg 800w, https:\/\/swiss-soroptimist.ch\/wp-content\/uploads\/2025\/12\/Fricktal-2.jpg 960w\" sizes=\"(min-width: 2200px) 100vw, (min-width: 915px) 253px, (min-width: 824px) 337px, (min-width: 732px) 505px, (min-width: 640px) 732px, \" \/>\t\t\t\t\t\t\t\t<\/a>\n\t\t\t\t\t\t\t\t<a style=\"display:none;\" href=\"https:\/\/swiss-soroptimist.ch\/wp-content\/uploads\/2025\/12\/Fricktal-2.jpg\" data-rel=\"iLightbox[gallery24243]\"  title=\"\" data-title=\"Fricktal-2\" data-caption=\"\">\n\t\t\t\t\t\t\t\t\t\t\t\t\t\t\t\t\t<\/a>\n\t\t\t\t\t\t\t<\/div>\n\t\t\t\t\t\t<\/li>\n\t\t\t\t\t\t\t\t\t\t\t\t\t\t\t\t\t\t\t\t\t\t\t\t\t\t\t\t\t\t\t\t\t\t\t\t\t\t\t\t\t\t\t\t\t\t\t\t\t\t\t\t\t\t\t\t\t\t\t\t\t\t\t\t\t\t<\/ul>\n\t<\/div>\n\t<div class=\"fusion-post-content-wrapper\" style=\"padding:30px 25px 20px 25px;\"><div class=\"fusion-post-content post-content\"><h2 class=\"blog-shortcode-post-title entry-title\"><a href=\"https:\/\/swiss-soroptimist.ch\/fr\/si-club-fricktal-gemeinsam-stark-gegen-gewalt\/\">SI Club Fricktal \u2013 Gemeinsam stark gegen Gewalt<\/a><\/h2><p class=\"fusion-single-line-meta\"><span class=\"vcard\" style=\"display: none;\"><span class=\"fn\"><a href=\"https:\/\/swiss-soroptimist.ch\/fr\/author\/swso_admin\/\" title=\"Articles par swso_admin\" rel=\"author\">swso_admin<\/a><\/span><\/span><span class=\"updated\" style=\"display:none;\">2025-12-16T18:17:37+01:00<\/span><span>d\u00e9cembre 16th, 2025<\/span><span class=\"fusion-inline-sep\">|<\/span><\/p><div class=\"fusion-content-sep sep-none\"><\/div><div class=\"fusion-post-content-container\"><\/div><\/div><div class=\"fusion-meta-info\"><div class=\"fusion-alignleft\"><a class=\"fusion-read-more\" href=\"https:\/\/swiss-soroptimist.ch\/fr\/si-club-fricktal-gemeinsam-stark-gegen-gewalt\/\" aria-label=\"More on SI Club Fricktal \u2013 Gemeinsam stark gegen Gewalt\">Read More<\/a><\/div><\/div><\/div><div class=\"fusion-clearfix\"><\/div><\/div>\n<\/article>\n<article id=\"blog-2-post-24184\" class=\"fusion-post-grid post-24184 post type-post status-publish format-standard has-post-thumbnail hentry category-rapports-des-clubs-2025\">\n<div class=\"fusion-post-wrapper\" style=\"background-color:rgba(255,255,255,1);border:1px solid #ebeaea;border-bottom-width:3px;\">\n\n\t\t\t<div class=\"fusion-flexslider flexslider fusion-flexslider-loading fusion-post-slideshow\" style=\"border-color:#ebeaea;\">\n\t\t<ul class=\"slides\">\n\t\t\t\n\t\t\t\t\t\t\t\t\t\t\t\t\t\t<li><div  class=\"fusion-image-wrapper\" aria-haspopup=\"true\">\n\t\t\t\t\t\t\t<a href=\"https:\/\/swiss-soroptimist.ch\/fr\/si-club-luzern-luzern-saphir-podiumsgespraech\/\" aria-label=\"SI Club Luzern &#038; Luzern Saphir \u2013 Podiumsgespr\u00e4ch\">\n\t\t\t\t\t\t\t<img decoding=\"async\" width=\"960\" height=\"640\" src=\"https:\/\/swiss-soroptimist.ch\/wp-content\/uploads\/2025\/12\/Soropt-Luzern-2025.jpg\" class=\"attachment-full size-full wp-post-image\" alt=\"\" srcset=\"https:\/\/swiss-soroptimist.ch\/wp-content\/uploads\/2025\/12\/Soropt-Luzern-2025-200x133.jpg 200w, https:\/\/swiss-soroptimist.ch\/wp-content\/uploads\/2025\/12\/Soropt-Luzern-2025-400x267.jpg 400w, https:\/\/swiss-soroptimist.ch\/wp-content\/uploads\/2025\/12\/Soropt-Luzern-2025-600x400.jpg 600w, https:\/\/swiss-soroptimist.ch\/wp-content\/uploads\/2025\/12\/Soropt-Luzern-2025-800x533.jpg 800w, https:\/\/swiss-soroptimist.ch\/wp-content\/uploads\/2025\/12\/Soropt-Luzern-2025.jpg 960w\" sizes=\"(min-width: 2200px) 100vw, (min-width: 915px) 253px, (min-width: 824px) 337px, (min-width: 732px) 505px, (min-width: 640px) 732px, \" \/>\t\t\t<\/a>\n\t\t\t\t\t\t\t<\/div>\n<\/li>\n\t\t\t\n\t\t\t\n\t\t\t\t\t\t\t\t\t\t\t\n\t\t\t\t\t\n\t\t\t\t\t\t\t\t\t\t\t<li>\n\t\t\t\t\t\t\t<div class=\"fusion-image-wrapper\">\n\t\t\t\t\t\t\t\t<a href=\"https:\/\/swiss-soroptimist.ch\/fr\/si-club-luzern-luzern-saphir-podiumsgespraech\/\" aria-label=\"SI Club Luzern &#038; Luzern Saphir \u2013 Podiumsgespr\u00e4ch\">\n\t\t\t\t\t\t\t\t\t<img decoding=\"async\" width=\"960\" height=\"640\" src=\"https:\/\/swiss-soroptimist.ch\/wp-content\/uploads\/2025\/12\/Opfer-Femizide.jpg\" alt=\"\" class=\"wp-image-24178\" role=\"presentation\" srcset=\"https:\/\/swiss-soroptimist.ch\/wp-content\/uploads\/2025\/12\/Opfer-Femizide-200x133.jpg 200w, https:\/\/swiss-soroptimist.ch\/wp-content\/uploads\/2025\/12\/Opfer-Femizide-400x267.jpg 400w, https:\/\/swiss-soroptimist.ch\/wp-content\/uploads\/2025\/12\/Opfer-Femizide-600x400.jpg 600w, https:\/\/swiss-soroptimist.ch\/wp-content\/uploads\/2025\/12\/Opfer-Femizide-800x533.jpg 800w, https:\/\/swiss-soroptimist.ch\/wp-content\/uploads\/2025\/12\/Opfer-Femizide.jpg 960w\" sizes=\"(min-width: 2200px) 100vw, (min-width: 915px) 253px, (min-width: 824px) 337px, (min-width: 732px) 505px, (min-width: 640px) 732px, \" \/>\t\t\t\t\t\t\t\t<\/a>\n\t\t\t\t\t\t\t\t<a style=\"display:none;\" href=\"https:\/\/swiss-soroptimist.ch\/wp-content\/uploads\/2025\/12\/Opfer-Femizide.jpg\" data-rel=\"iLightbox[gallery24184]\"  title=\"\" data-title=\"Opfer-Femizide\" data-caption=\"\">\n\t\t\t\t\t\t\t\t\t\t\t\t\t\t\t\t\t<\/a>\n\t\t\t\t\t\t\t<\/div>\n\t\t\t\t\t\t<\/li>\n\t\t\t\t\t\t\t\t\t\t\t\t\t\t\t\t\t\t\t\t\t\t\t\t\n\t\t\t\t\t\n\t\t\t\t\t\t\t\t\t\t\t<li>\n\t\t\t\t\t\t\t<div class=\"fusion-image-wrapper\">\n\t\t\t\t\t\t\t\t<a href=\"https:\/\/swiss-soroptimist.ch\/fr\/si-club-luzern-luzern-saphir-podiumsgespraech\/\" aria-label=\"SI Club Luzern &#038; Luzern Saphir \u2013 Podiumsgespr\u00e4ch\">\n\t\t\t\t\t\t\t\t\t<img decoding=\"async\" width=\"960\" height=\"640\" src=\"https:\/\/swiss-soroptimist.ch\/wp-content\/uploads\/2025\/12\/Femizide-2.jpg\" alt=\"\" class=\"wp-image-24181\" role=\"presentation\" srcset=\"https:\/\/swiss-soroptimist.ch\/wp-content\/uploads\/2025\/12\/Femizide-2-200x133.jpg 200w, https:\/\/swiss-soroptimist.ch\/wp-content\/uploads\/2025\/12\/Femizide-2-400x267.jpg 400w, https:\/\/swiss-soroptimist.ch\/wp-content\/uploads\/2025\/12\/Femizide-2-600x400.jpg 600w, https:\/\/swiss-soroptimist.ch\/wp-content\/uploads\/2025\/12\/Femizide-2-800x533.jpg 800w, https:\/\/swiss-soroptimist.ch\/wp-content\/uploads\/2025\/12\/Femizide-2.jpg 960w\" sizes=\"(min-width: 2200px) 100vw, (min-width: 915px) 253px, (min-width: 824px) 337px, (min-width: 732px) 505px, (min-width: 640px) 732px, \" \/>\t\t\t\t\t\t\t\t<\/a>\n\t\t\t\t\t\t\t\t<a style=\"display:none;\" href=\"https:\/\/swiss-soroptimist.ch\/wp-content\/uploads\/2025\/12\/Femizide-2.jpg\" data-rel=\"iLightbox[gallery24184]\"  title=\"\" data-title=\"Femizide-2\" data-caption=\"\">\n\t\t\t\t\t\t\t\t\t\t\t\t\t\t\t\t\t<\/a>\n\t\t\t\t\t\t\t<\/div>\n\t\t\t\t\t\t<\/li>\n\t\t\t\t\t\t\t\t\t\t\t\t\t\t\t\t\t\t\t\t\t\t\t\t\t\t\t\t\t\t\t\t\t\t\t\t\t\t\t\t\t\t\t\t\t\t\t\t\t\t\t<\/ul>\n\t<\/div>\n\t<div class=\"fusion-post-content-wrapper\" style=\"padding:30px 25px 20px 25px;\"><div class=\"fusion-post-content post-content\"><h2 class=\"blog-shortcode-post-title entry-title\"><a href=\"https:\/\/swiss-soroptimist.ch\/fr\/si-club-luzern-luzern-saphir-podiumsgespraech\/\">SI Club Luzern &#038; Luzern Saphir \u2013 Podiumsgespr\u00e4ch<\/a><\/h2><p class=\"fusion-single-line-meta\"><span class=\"vcard\" style=\"display: none;\"><span class=\"fn\"><a href=\"https:\/\/swiss-soroptimist.ch\/fr\/author\/swso_admin\/\" title=\"Articles par swso_admin\" rel=\"author\">swso_admin<\/a><\/span><\/span><span class=\"updated\" style=\"display:none;\">2025-12-11T15:06:25+01:00<\/span><span>d\u00e9cembre 11th, 2025<\/span><span class=\"fusion-inline-sep\">|<\/span><\/p><div class=\"fusion-content-sep sep-none\"><\/div><div class=\"fusion-post-content-container\"><\/div><\/div><div class=\"fusion-meta-info\"><div class=\"fusion-alignleft\"><a class=\"fusion-read-more\" href=\"https:\/\/swiss-soroptimist.ch\/fr\/si-club-luzern-luzern-saphir-podiumsgespraech\/\" aria-label=\"More on SI Club Luzern &#038; Luzern Saphir \u2013 Podiumsgespr\u00e4ch\">Read More<\/a><\/div><\/div><\/div><div class=\"fusion-clearfix\"><\/div><\/div>\n<\/article>\n<article id=\"blog-2-post-24068\" class=\"fusion-post-grid post-24068 post type-post status-publish format-standard has-post-thumbnail hentry category-rapports-des-clubs-2025\">\n<div class=\"fusion-post-wrapper\" style=\"background-color:rgba(255,255,255,1);border:1px solid #ebeaea;border-bottom-width:3px;\">\n\n\t\t\t<div class=\"fusion-flexslider flexslider fusion-flexslider-loading fusion-post-slideshow\" style=\"border-color:#ebeaea;\">\n\t\t<ul class=\"slides\">\n\t\t\t\n\t\t\t\t\t\t\t\t\t\t\t\t\t\t<li><div  class=\"fusion-image-wrapper\" aria-haspopup=\"true\">\n\t\t\t\t\t\t\t<a href=\"https:\/\/swiss-soroptimist.ch\/fr\/si-club-kreuzlingen-veranstaltung-frauen-auf-der-flucht\/\" aria-label=\"SI Club Kreuzlingen \u2013 Veranstaltung \u00ab\u00a0Frauen auf der Flucht\u00a0\u00bb\">\n\t\t\t\t\t\t\t<img decoding=\"async\" width=\"960\" height=\"640\" src=\"https:\/\/swiss-soroptimist.ch\/wp-content\/uploads\/2025\/11\/Soroptimist-Kreuzlingen-Ukraine-2025.jpg\" class=\"attachment-full size-full wp-post-image\" alt=\"\" srcset=\"https:\/\/swiss-soroptimist.ch\/wp-content\/uploads\/2025\/11\/Soroptimist-Kreuzlingen-Ukraine-2025-200x133.jpg 200w, https:\/\/swiss-soroptimist.ch\/wp-content\/uploads\/2025\/11\/Soroptimist-Kreuzlingen-Ukraine-2025-400x267.jpg 400w, https:\/\/swiss-soroptimist.ch\/wp-content\/uploads\/2025\/11\/Soroptimist-Kreuzlingen-Ukraine-2025-600x400.jpg 600w, https:\/\/swiss-soroptimist.ch\/wp-content\/uploads\/2025\/11\/Soroptimist-Kreuzlingen-Ukraine-2025-800x533.jpg 800w, https:\/\/swiss-soroptimist.ch\/wp-content\/uploads\/2025\/11\/Soroptimist-Kreuzlingen-Ukraine-2025.jpg 960w\" sizes=\"(min-width: 2200px) 100vw, (min-width: 915px) 253px, (min-width: 824px) 337px, (min-width: 732px) 505px, (min-width: 640px) 732px, \" \/>\t\t\t<\/a>\n\t\t\t\t\t\t\t<\/div>\n<\/li>\n\t\t\t\n\t\t\t\n\t\t\t\t\t\t\t\t\t\t\t\t\t\t\t\t\t\t\t\t\t\t\t\t\t\t\t\t\t\t\t\t\t\t\t\t\t\t\t\t\t\t\t\t\t\t\t\t\t\t\t\t\t\t\t\t\t\t\t\t\t\t\t\t\t\t\t\t<\/ul>\n\t<\/div>\n\t<div class=\"fusion-post-content-wrapper\" style=\"padding:30px 25px 20px 25px;\"><div class=\"fusion-post-content post-content\"><h2 class=\"blog-shortcode-post-title entry-title\"><a href=\"https:\/\/swiss-soroptimist.ch\/fr\/si-club-kreuzlingen-veranstaltung-frauen-auf-der-flucht\/\">SI Club Kreuzlingen \u2013 Veranstaltung \u00ab\u00a0Frauen auf der Flucht\u00a0\u00bb<\/a><\/h2><p class=\"fusion-single-line-meta\"><span class=\"vcard\" style=\"display: none;\"><span class=\"fn\"><a href=\"https:\/\/swiss-soroptimist.ch\/fr\/author\/swso_admin\/\" title=\"Articles par swso_admin\" rel=\"author\">swso_admin<\/a><\/span><\/span><span class=\"updated\" style=\"display:none;\">2025-11-24T21:22:57+01:00<\/span><span>novembre 24th, 2025<\/span><span class=\"fusion-inline-sep\">|<\/span><\/p><div class=\"fusion-content-sep sep-none\"><\/div><div class=\"fusion-post-content-container\"><\/div><\/div><div class=\"fusion-meta-info\"><div class=\"fusion-alignleft\"><a class=\"fusion-read-more\" href=\"https:\/\/swiss-soroptimist.ch\/fr\/si-club-kreuzlingen-veranstaltung-frauen-auf-der-flucht\/\" aria-label=\"More on SI Club Kreuzlingen \u2013 Veranstaltung \u00ab\u00a0Frauen auf der Flucht\u00a0\u00bb\">Read More<\/a><\/div><\/div><\/div><div class=\"fusion-clearfix\"><\/div><\/div>\n<\/article>\n<article id=\"blog-2-post-24031\" class=\"fusion-post-grid post-24031 post type-post status-publish format-standard has-post-thumbnail hentry category-rapports-des-clubs-2025\">\n<div class=\"fusion-post-wrapper\" style=\"background-color:rgba(255,255,255,1);border:1px solid #ebeaea;border-bottom-width:3px;\">\n\n\t\t\t<div class=\"fusion-flexslider flexslider fusion-flexslider-loading fusion-post-slideshow\" style=\"border-color:#ebeaea;\">\n\t\t<ul class=\"slides\">\n\t\t\t\n\t\t\t\t\t\t\t\t\t\t\t\t\t\t<li><div  class=\"fusion-image-wrapper\" aria-haspopup=\"true\">\n\t\t\t\t\t\t\t<a href=\"https:\/\/swiss-soroptimist.ch\/fr\/si-club-geneve-rhone-et-geneve-fondateur\/\" aria-label=\"SI Club Gen\u00e8ve-Rh\u00f4ne et Gen\u00e8ve Fondateur\">\n\t\t\t\t\t\t\t<img decoding=\"async\" width=\"960\" height=\"640\" src=\"https:\/\/swiss-soroptimist.ch\/wp-content\/uploads\/2025\/11\/Soroptimist-Geneve.png\" class=\"attachment-full size-full wp-post-image\" alt=\"\" srcset=\"https:\/\/swiss-soroptimist.ch\/wp-content\/uploads\/2025\/11\/Soroptimist-Geneve-200x133.png 200w, https:\/\/swiss-soroptimist.ch\/wp-content\/uploads\/2025\/11\/Soroptimist-Geneve-400x267.png 400w, https:\/\/swiss-soroptimist.ch\/wp-content\/uploads\/2025\/11\/Soroptimist-Geneve-600x400.png 600w, https:\/\/swiss-soroptimist.ch\/wp-content\/uploads\/2025\/11\/Soroptimist-Geneve-800x533.png 800w, https:\/\/swiss-soroptimist.ch\/wp-content\/uploads\/2025\/11\/Soroptimist-Geneve.png 960w\" sizes=\"(min-width: 2200px) 100vw, (min-width: 915px) 253px, (min-width: 824px) 337px, (min-width: 732px) 505px, (min-width: 640px) 732px, \" \/>\t\t\t<\/a>\n\t\t\t\t\t\t\t<\/div>\n<\/li>\n\t\t\t\n\t\t\t\n\t\t\t\t\t\t\t\t\t\t\t\t\t\t\t\t\t\t\t\t\t\t\t\t\t\t\t\t\t\t\t\t\t\t\t\t\t\t\t\t\t\t\t\t\t\t\t\t\t\t\t\t\t\t\t\t\t\t\t\t\t\t\t\t\t\t\t\t<\/ul>\n\t<\/div>\n\t<div class=\"fusion-post-content-wrapper\" style=\"padding:30px 25px 20px 25px;\"><div class=\"fusion-post-content post-content\"><h2 class=\"blog-shortcode-post-title entry-title\"><a href=\"https:\/\/swiss-soroptimist.ch\/fr\/si-club-geneve-rhone-et-geneve-fondateur\/\">SI Club Gen\u00e8ve-Rh\u00f4ne et Gen\u00e8ve Fondateur<\/a><\/h2><p class=\"fusion-single-line-meta\"><span class=\"vcard\" style=\"display: none;\"><span class=\"fn\"><a href=\"https:\/\/swiss-soroptimist.ch\/fr\/author\/swso_admin\/\" title=\"Articles par swso_admin\" rel=\"author\">swso_admin<\/a><\/span><\/span><span class=\"updated\" style=\"display:none;\">2025-11-17T20:22:08+01:00<\/span><span>novembre 17th, 2025<\/span><span class=\"fusion-inline-sep\">|<\/span><\/p><div class=\"fusion-content-sep sep-none\"><\/div><div class=\"fusion-post-content-container\"><\/div><\/div><div class=\"fusion-meta-info\"><div class=\"fusion-alignleft\"><a class=\"fusion-read-more\" href=\"https:\/\/swiss-soroptimist.ch\/fr\/si-club-geneve-rhone-et-geneve-fondateur\/\" aria-label=\"More on SI Club Gen\u00e8ve-Rh\u00f4ne et Gen\u00e8ve Fondateur\">Read More<\/a><\/div><\/div><\/div><div class=\"fusion-clearfix\"><\/div><\/div>\n<\/article>\n<article id=\"blog-2-post-24020\" class=\"fusion-post-grid post-24020 post type-post status-publish format-standard has-post-thumbnail hentry category-rapports-des-clubs-2025\">\n<div class=\"fusion-post-wrapper\" style=\"background-color:rgba(255,255,255,1);border:1px solid #ebeaea;border-bottom-width:3px;\">\n\n\t\t\t<div class=\"fusion-flexslider flexslider fusion-flexslider-loading fusion-post-slideshow\" style=\"border-color:#ebeaea;\">\n\t\t<ul class=\"slides\">\n\t\t\t\n\t\t\t\t\t\t\t\t\t\t\t\t\t\t<li><div  class=\"fusion-image-wrapper\" aria-haspopup=\"true\">\n\t\t\t\t\t\t\t<a href=\"https:\/\/swiss-soroptimist.ch\/fr\/si-club-bern-benefiz-jazz-konzert-zugunsten-der-stiftung-look-good-feel-better\/\" aria-label=\"SI Club Bern \u2013  Benefiz Jazz Konzert zugunsten der Stiftung \u00abLook Good Feel Better\u00bb\">\n\t\t\t\t\t\t\t<img decoding=\"async\" width=\"960\" height=\"640\" src=\"https:\/\/swiss-soroptimist.ch\/wp-content\/uploads\/2025\/11\/Soroptimist-Bern-Look-good-feel-good.jpg\" class=\"attachment-full size-full wp-post-image\" alt=\"\" srcset=\"https:\/\/swiss-soroptimist.ch\/wp-content\/uploads\/2025\/11\/Soroptimist-Bern-Look-good-feel-good-200x133.jpg 200w, https:\/\/swiss-soroptimist.ch\/wp-content\/uploads\/2025\/11\/Soroptimist-Bern-Look-good-feel-good-400x267.jpg 400w, https:\/\/swiss-soroptimist.ch\/wp-content\/uploads\/2025\/11\/Soroptimist-Bern-Look-good-feel-good-600x400.jpg 600w, https:\/\/swiss-soroptimist.ch\/wp-content\/uploads\/2025\/11\/Soroptimist-Bern-Look-good-feel-good-800x533.jpg 800w, https:\/\/swiss-soroptimist.ch\/wp-content\/uploads\/2025\/11\/Soroptimist-Bern-Look-good-feel-good.jpg 960w\" sizes=\"(min-width: 2200px) 100vw, (min-width: 915px) 253px, (min-width: 824px) 337px, (min-width: 732px) 505px, (min-width: 640px) 732px, \" \/>\t\t\t<\/a>\n\t\t\t\t\t\t\t<\/div>\n<\/li>\n\t\t\t\n\t\t\t\n\t\t\t\t\t\t\t\t\t\t\t\n\t\t\t\t\t\n\t\t\t\t\t\t\t\t\t\t\t<li>\n\t\t\t\t\t\t\t<div class=\"fusion-image-wrapper\">\n\t\t\t\t\t\t\t\t<a href=\"https:\/\/swiss-soroptimist.ch\/fr\/si-club-bern-benefiz-jazz-konzert-zugunsten-der-stiftung-look-good-feel-better\/\" aria-label=\"SI Club Bern \u2013  Benefiz Jazz Konzert zugunsten der Stiftung \u00abLook Good Feel Better\u00bb\">\n\t\t\t\t\t\t\t\t\t<img decoding=\"async\" width=\"960\" height=\"640\" src=\"https:\/\/swiss-soroptimist.ch\/wp-content\/uploads\/2025\/11\/Soroptimist-Bern-2jpg.jpg\" alt=\"\" class=\"wp-image-24017\" role=\"presentation\" srcset=\"https:\/\/swiss-soroptimist.ch\/wp-content\/uploads\/2025\/11\/Soroptimist-Bern-2jpg-200x133.jpg 200w, https:\/\/swiss-soroptimist.ch\/wp-content\/uploads\/2025\/11\/Soroptimist-Bern-2jpg-400x267.jpg 400w, https:\/\/swiss-soroptimist.ch\/wp-content\/uploads\/2025\/11\/Soroptimist-Bern-2jpg-600x400.jpg 600w, https:\/\/swiss-soroptimist.ch\/wp-content\/uploads\/2025\/11\/Soroptimist-Bern-2jpg-800x533.jpg 800w, https:\/\/swiss-soroptimist.ch\/wp-content\/uploads\/2025\/11\/Soroptimist-Bern-2jpg.jpg 960w\" sizes=\"(min-width: 2200px) 100vw, (min-width: 915px) 253px, (min-width: 824px) 337px, (min-width: 732px) 505px, (min-width: 640px) 732px, \" \/>\t\t\t\t\t\t\t\t<\/a>\n\t\t\t\t\t\t\t\t<a style=\"display:none;\" href=\"https:\/\/swiss-soroptimist.ch\/wp-content\/uploads\/2025\/11\/Soroptimist-Bern-2jpg.jpg\" data-rel=\"iLightbox[gallery24020]\"  title=\"\" data-title=\"Soroptimist-Bern-2jpg\" data-caption=\"\">\n\t\t\t\t\t\t\t\t\t\t\t\t\t\t\t\t\t<\/a>\n\t\t\t\t\t\t\t<\/div>\n\t\t\t\t\t\t<\/li>\n\t\t\t\t\t\t\t\t\t\t\t\t\t\t\t\t\t\t\t\t\t\t\t\t\t\t\t\t\t\t\t\t\t\t\t\t\t\t\t\t\t\t\t\t\t\t\t\t\t\t\t\t\t\t\t\t\t\t\t\t\t\t\t\t\t\t<\/ul>\n\t<\/div>\n\t<div class=\"fusion-post-content-wrapper\" style=\"padding:30px 25px 20px 25px;\"><div class=\"fusion-post-content post-content\"><h2 class=\"blog-shortcode-post-title entry-title\"><a href=\"https:\/\/swiss-soroptimist.ch\/fr\/si-club-bern-benefiz-jazz-konzert-zugunsten-der-stiftung-look-good-feel-better\/\">SI Club Bern \u2013  Benefiz Jazz Konzert zugunsten der Stiftung \u00abLook Good Feel Better\u00bb<\/a><\/h2><p class=\"fusion-single-line-meta\"><span class=\"vcard\" style=\"display: none;\"><span class=\"fn\"><a href=\"https:\/\/swiss-soroptimist.ch\/fr\/author\/swso_admin\/\" title=\"Articles par swso_admin\" rel=\"author\">swso_admin<\/a><\/span><\/span><span class=\"updated\" style=\"display:none;\">2025-11-12T20:47:36+01:00<\/span><span>novembre 12th, 2025<\/span><span class=\"fusion-inline-sep\">|<\/span><\/p><div class=\"fusion-content-sep sep-none\"><\/div><div class=\"fusion-post-content-container\"><\/div><\/div><div class=\"fusion-meta-info\"><div class=\"fusion-alignleft\"><a class=\"fusion-read-more\" href=\"https:\/\/swiss-soroptimist.ch\/fr\/si-club-bern-benefiz-jazz-konzert-zugunsten-der-stiftung-look-good-feel-better\/\" aria-label=\"More on SI Club Bern \u2013  Benefiz Jazz Konzert zugunsten der Stiftung \u00abLook Good Feel Better\u00bb\">Read More<\/a><\/div><\/div><\/div><div class=\"fusion-clearfix\"><\/div><\/div>\n<\/article>\n<article id=\"blog-2-post-23830\" class=\"fusion-post-grid post-23830 post type-post status-publish format-standard has-post-thumbnail hentry category-emotions-en-rose category-rapports-des-clubs-2025\">\n<div class=\"fusion-post-wrapper\" style=\"background-color:rgba(255,255,255,1);border:1px solid #ebeaea;border-bottom-width:3px;\">\n\n\t\t\t<div class=\"fusion-flexslider flexslider fusion-flexslider-loading fusion-post-slideshow\" style=\"border-color:#ebeaea;\">\n\t\t<ul class=\"slides\">\n\t\t\t\n\t\t\t\t\t\t\t\t\t\t\t\t\t\t<li><div  class=\"fusion-image-wrapper\" aria-haspopup=\"true\">\n\t\t\t\t\t\t\t<a href=\"https:\/\/swiss-soroptimist.ch\/fr\/si-club-solothurn-schleifenlauf-emotionen-in-rosa\/\" aria-label=\"SI Club Solothurn \u2013  Schleifenlauf \u201eEmotionen in Rosa\u201c\">\n\t\t\t\t\t\t\t<img decoding=\"async\" width=\"960\" height=\"640\" src=\"https:\/\/swiss-soroptimist.ch\/wp-content\/uploads\/2025\/11\/Soroptimist-Solothurn-Rosa-Lauf.jpg\" class=\"attachment-full size-full wp-post-image\" alt=\"\" srcset=\"https:\/\/swiss-soroptimist.ch\/wp-content\/uploads\/2025\/11\/Soroptimist-Solothurn-Rosa-Lauf-200x133.jpg 200w, https:\/\/swiss-soroptimist.ch\/wp-content\/uploads\/2025\/11\/Soroptimist-Solothurn-Rosa-Lauf-400x267.jpg 400w, https:\/\/swiss-soroptimist.ch\/wp-content\/uploads\/2025\/11\/Soroptimist-Solothurn-Rosa-Lauf-600x400.jpg 600w, https:\/\/swiss-soroptimist.ch\/wp-content\/uploads\/2025\/11\/Soroptimist-Solothurn-Rosa-Lauf-800x533.jpg 800w, https:\/\/swiss-soroptimist.ch\/wp-content\/uploads\/2025\/11\/Soroptimist-Solothurn-Rosa-Lauf.jpg 960w\" sizes=\"(min-width: 2200px) 100vw, (min-width: 915px) 253px, (min-width: 824px) 337px, (min-width: 732px) 505px, (min-width: 640px) 732px, \" \/>\t\t\t<\/a>\n\t\t\t\t\t\t\t<\/div>\n<\/li>\n\t\t\t\n\t\t\t\n\t\t\t\t\t\t\t\t\t\t\t\n\t\t\t\t\t\n\t\t\t\t\t\t\t\t\t\t\t<li>\n\t\t\t\t\t\t\t<div class=\"fusion-image-wrapper\">\n\t\t\t\t\t\t\t\t<a href=\"https:\/\/swiss-soroptimist.ch\/fr\/si-club-solothurn-schleifenlauf-emotionen-in-rosa\/\" aria-label=\"SI Club Solothurn \u2013  Schleifenlauf \u201eEmotionen in Rosa\u201c\">\n\t\t\t\t\t\t\t\t\t<img decoding=\"async\" width=\"960\" height=\"640\" src=\"https:\/\/swiss-soroptimist.ch\/wp-content\/uploads\/2025\/11\/Sorop-Solothurn-Rosa-Bilder.jpg\" alt=\"\" class=\"wp-image-23827\" role=\"presentation\" srcset=\"https:\/\/swiss-soroptimist.ch\/wp-content\/uploads\/2025\/11\/Sorop-Solothurn-Rosa-Bilder-200x133.jpg 200w, https:\/\/swiss-soroptimist.ch\/wp-content\/uploads\/2025\/11\/Sorop-Solothurn-Rosa-Bilder-400x267.jpg 400w, https:\/\/swiss-soroptimist.ch\/wp-content\/uploads\/2025\/11\/Sorop-Solothurn-Rosa-Bilder-600x400.jpg 600w, https:\/\/swiss-soroptimist.ch\/wp-content\/uploads\/2025\/11\/Sorop-Solothurn-Rosa-Bilder-800x533.jpg 800w, https:\/\/swiss-soroptimist.ch\/wp-content\/uploads\/2025\/11\/Sorop-Solothurn-Rosa-Bilder.jpg 960w\" sizes=\"(min-width: 2200px) 100vw, (min-width: 915px) 253px, (min-width: 824px) 337px, (min-width: 732px) 505px, (min-width: 640px) 732px, \" \/>\t\t\t\t\t\t\t\t<\/a>\n\t\t\t\t\t\t\t\t<a style=\"display:none;\" href=\"https:\/\/swiss-soroptimist.ch\/wp-content\/uploads\/2025\/11\/Sorop-Solothurn-Rosa-Bilder.jpg\" data-rel=\"iLightbox[gallery23830]\"  title=\"\" data-title=\"Sorop-Solothurn-Rosa-Bilder\" data-caption=\"\">\n\t\t\t\t\t\t\t\t\t\t\t\t\t\t\t\t\t<\/a>\n\t\t\t\t\t\t\t<\/div>\n\t\t\t\t\t\t<\/li>\n\t\t\t\t\t\t\t\t\t\t\t\t\t\t\t\t\t\t\t\t\t\t\t\t\t\t\t\t\t\t\t\t\t\t\t\t\t\t\t\t\t\t\t\t\t\t\t\t\t\t\t\t\t\t\t\t\t\t\t\t\t\t\t\t\t\t<\/ul>\n\t<\/div>\n\t<div class=\"fusion-post-content-wrapper\" style=\"padding:30px 25px 20px 25px;\"><div class=\"fusion-post-content post-content\"><h2 class=\"blog-shortcode-post-title entry-title\"><a href=\"https:\/\/swiss-soroptimist.ch\/fr\/si-club-solothurn-schleifenlauf-emotionen-in-rosa\/\">SI Club Solothurn \u2013  Schleifenlauf \u201eEmotionen in Rosa\u201c<\/a><\/h2><p class=\"fusion-single-line-meta\"><span class=\"vcard\" style=\"display: none;\"><span class=\"fn\"><a href=\"https:\/\/swiss-soroptimist.ch\/fr\/author\/swso_admin\/\" title=\"Articles par swso_admin\" rel=\"author\">swso_admin<\/a><\/span><\/span><span class=\"updated\" style=\"display:none;\">2026-01-13T19:05:57+01:00<\/span><span>novembre 3rd, 2025<\/span><span class=\"fusion-inline-sep\">|<\/span><\/p><div class=\"fusion-content-sep sep-none\"><\/div><div class=\"fusion-post-content-container\"><\/div><\/div><div class=\"fusion-meta-info\"><div class=\"fusion-alignleft\"><a class=\"fusion-read-more\" href=\"https:\/\/swiss-soroptimist.ch\/fr\/si-club-solothurn-schleifenlauf-emotionen-in-rosa\/\" aria-label=\"More on SI Club Solothurn \u2013  Schleifenlauf \u201eEmotionen in Rosa\u201c\">Read More<\/a><\/div><\/div><\/div><div class=\"fusion-clearfix\"><\/div><\/div>\n<\/article>\n<article id=\"blog-2-post-23809\" class=\"fusion-post-grid post-23809 post type-post status-publish format-standard has-post-thumbnail hentry category-rapports-des-clubs-2025\">\n<div class=\"fusion-post-wrapper\" style=\"background-color:rgba(255,255,255,1);border:1px solid #ebeaea;border-bottom-width:3px;\">\n\n\t\t\t<div class=\"fusion-flexslider flexslider fusion-flexslider-loading fusion-post-slideshow\" style=\"border-color:#ebeaea;\">\n\t\t<ul class=\"slides\">\n\t\t\t\n\t\t\t\t\t\t\t\t\t\t\t\t\t\t<li><div  class=\"fusion-image-wrapper\" aria-haspopup=\"true\">\n\t\t\t\t\t\t\t<a href=\"https:\/\/swiss-soroptimist.ch\/fr\/si-club-emmental-erfolgreicher-kinoabend-2025\/\" aria-label=\"SI Club Emmental \u2013 Erfolgreicher Kinoabend 2025\">\n\t\t\t\t\t\t\t<img decoding=\"async\" width=\"960\" height=\"640\" src=\"https:\/\/swiss-soroptimist.ch\/wp-content\/uploads\/2025\/11\/Soroptimist-Kinoanlass-Emmental-2025.jpg\" class=\"attachment-full size-full wp-post-image\" alt=\"\" srcset=\"https:\/\/swiss-soroptimist.ch\/wp-content\/uploads\/2025\/11\/Soroptimist-Kinoanlass-Emmental-2025-200x133.jpg 200w, https:\/\/swiss-soroptimist.ch\/wp-content\/uploads\/2025\/11\/Soroptimist-Kinoanlass-Emmental-2025-400x267.jpg 400w, https:\/\/swiss-soroptimist.ch\/wp-content\/uploads\/2025\/11\/Soroptimist-Kinoanlass-Emmental-2025-600x400.jpg 600w, https:\/\/swiss-soroptimist.ch\/wp-content\/uploads\/2025\/11\/Soroptimist-Kinoanlass-Emmental-2025-800x533.jpg 800w, https:\/\/swiss-soroptimist.ch\/wp-content\/uploads\/2025\/11\/Soroptimist-Kinoanlass-Emmental-2025.jpg 960w\" sizes=\"(min-width: 2200px) 100vw, (min-width: 915px) 253px, (min-width: 824px) 337px, (min-width: 732px) 505px, (min-width: 640px) 732px, \" \/>\t\t\t<\/a>\n\t\t\t\t\t\t\t<\/div>\n<\/li>\n\t\t\t\n\t\t\t\n\t\t\t\t\t\t\t\t\t\t\t\n\t\t\t\t\t\n\t\t\t\t\t\t\t\t\t\t\t<li>\n\t\t\t\t\t\t\t<div class=\"fusion-image-wrapper\">\n\t\t\t\t\t\t\t\t<a href=\"https:\/\/swiss-soroptimist.ch\/fr\/si-club-emmental-erfolgreicher-kinoabend-2025\/\" aria-label=\"SI Club Emmental \u2013 Erfolgreicher Kinoabend 2025\">\n\t\t\t\t\t\t\t\t\t<img decoding=\"async\" width=\"960\" height=\"640\" src=\"https:\/\/swiss-soroptimist.ch\/wp-content\/uploads\/2025\/11\/KinoEmmental2025Sorop.jpg\" alt=\"\" class=\"wp-image-23803\" role=\"presentation\" srcset=\"https:\/\/swiss-soroptimist.ch\/wp-content\/uploads\/2025\/11\/KinoEmmental2025Sorop-200x133.jpg 200w, https:\/\/swiss-soroptimist.ch\/wp-content\/uploads\/2025\/11\/KinoEmmental2025Sorop-400x267.jpg 400w, https:\/\/swiss-soroptimist.ch\/wp-content\/uploads\/2025\/11\/KinoEmmental2025Sorop-600x400.jpg 600w, https:\/\/swiss-soroptimist.ch\/wp-content\/uploads\/2025\/11\/KinoEmmental2025Sorop-800x533.jpg 800w, https:\/\/swiss-soroptimist.ch\/wp-content\/uploads\/2025\/11\/KinoEmmental2025Sorop.jpg 960w\" sizes=\"(min-width: 2200px) 100vw, (min-width: 915px) 253px, (min-width: 824px) 337px, (min-width: 732px) 505px, (min-width: 640px) 732px, \" \/>\t\t\t\t\t\t\t\t<\/a>\n\t\t\t\t\t\t\t\t<a style=\"display:none;\" href=\"https:\/\/swiss-soroptimist.ch\/wp-content\/uploads\/2025\/11\/KinoEmmental2025Sorop.jpg\" data-rel=\"iLightbox[gallery23809]\"  title=\"\" data-title=\"KinoEmmental2025Sorop\" data-caption=\"\">\n\t\t\t\t\t\t\t\t\t\t\t\t\t\t\t\t\t<\/a>\n\t\t\t\t\t\t\t<\/div>\n\t\t\t\t\t\t<\/li>\n\t\t\t\t\t\t\t\t\t\t\t\t\t\t\t\t\t\t\t\t\t\t\t\t\n\t\t\t\t\t\n\t\t\t\t\t\t\t\t\t\t\t<li>\n\t\t\t\t\t\t\t<div class=\"fusion-image-wrapper\">\n\t\t\t\t\t\t\t\t<a href=\"https:\/\/swiss-soroptimist.ch\/fr\/si-club-emmental-erfolgreicher-kinoabend-2025\/\" aria-label=\"SI Club Emmental \u2013 Erfolgreicher Kinoabend 2025\">\n\t\t\t\t\t\t\t\t\t<img decoding=\"async\" width=\"960\" height=\"640\" src=\"https:\/\/swiss-soroptimist.ch\/wp-content\/uploads\/2025\/11\/Kinoanlass-Emmental-2.jpg\" alt=\"\" class=\"wp-image-23806\" role=\"presentation\" srcset=\"https:\/\/swiss-soroptimist.ch\/wp-content\/uploads\/2025\/11\/Kinoanlass-Emmental-2-200x133.jpg 200w, https:\/\/swiss-soroptimist.ch\/wp-content\/uploads\/2025\/11\/Kinoanlass-Emmental-2-400x267.jpg 400w, https:\/\/swiss-soroptimist.ch\/wp-content\/uploads\/2025\/11\/Kinoanlass-Emmental-2-600x400.jpg 600w, https:\/\/swiss-soroptimist.ch\/wp-content\/uploads\/2025\/11\/Kinoanlass-Emmental-2-800x533.jpg 800w, https:\/\/swiss-soroptimist.ch\/wp-content\/uploads\/2025\/11\/Kinoanlass-Emmental-2.jpg 960w\" sizes=\"(min-width: 2200px) 100vw, (min-width: 915px) 253px, (min-width: 824px) 337px, (min-width: 732px) 505px, (min-width: 640px) 732px, \" \/>\t\t\t\t\t\t\t\t<\/a>\n\t\t\t\t\t\t\t\t<a style=\"display:none;\" href=\"https:\/\/swiss-soroptimist.ch\/wp-content\/uploads\/2025\/11\/Kinoanlass-Emmental-2.jpg\" data-rel=\"iLightbox[gallery23809]\"  title=\"\" data-title=\"Kinoanlass-Emmental-2\" data-caption=\"\">\n\t\t\t\t\t\t\t\t\t\t\t\t\t\t\t\t\t<\/a>\n\t\t\t\t\t\t\t<\/div>\n\t\t\t\t\t\t<\/li>\n\t\t\t\t\t\t\t\t\t\t\t\t\t\t\t\t\t\t\t\t\t\t\t\t\t\t\t\t\t\t\t\t\t\t\t\t\t\t\t\t\t\t\t\t\t\t\t\t\t\t\t<\/ul>\n\t<\/div>\n\t<div class=\"fusion-post-content-wrapper\" style=\"padding:30px 25px 20px 25px;\"><div class=\"fusion-post-content post-content\"><h2 class=\"blog-shortcode-post-title entry-title\"><a href=\"https:\/\/swiss-soroptimist.ch\/fr\/si-club-emmental-erfolgreicher-kinoabend-2025\/\">SI Club Emmental \u2013 Erfolgreicher Kinoabend 2025<\/a><\/h2><p class=\"fusion-single-line-meta\"><span class=\"vcard\" style=\"display: none;\"><span class=\"fn\"><a href=\"https:\/\/swiss-soroptimist.ch\/fr\/author\/swso_admin\/\" title=\"Articles par swso_admin\" rel=\"author\">swso_admin<\/a><\/span><\/span><span class=\"updated\" style=\"display:none;\">2025-11-03T13:34:10+01:00<\/span><span>novembre 3rd, 2025<\/span><span class=\"fusion-inline-sep\">|<\/span><\/p><div class=\"fusion-content-sep sep-none\"><\/div><div class=\"fusion-post-content-container\"><\/div><\/div><div class=\"fusion-meta-info\"><div class=\"fusion-alignleft\"><a class=\"fusion-read-more\" href=\"https:\/\/swiss-soroptimist.ch\/fr\/si-club-emmental-erfolgreicher-kinoabend-2025\/\" aria-label=\"More on SI Club Emmental \u2013 Erfolgreicher Kinoabend 2025\">Read More<\/a><\/div><\/div><\/div><div class=\"fusion-clearfix\"><\/div><\/div>\n<\/article>\n<article id=\"blog-2-post-23791\" class=\"fusion-post-grid post-23791 post type-post status-publish format-standard has-post-thumbnail hentry category-rapports-des-clubs-2025\">\n<div class=\"fusion-post-wrapper\" style=\"background-color:rgba(255,255,255,1);border:1px solid #ebeaea;border-bottom-width:3px;\">\n\n\t\t\t<div class=\"fusion-flexslider flexslider fusion-flexslider-loading fusion-post-slideshow\" style=\"border-color:#ebeaea;\">\n\t\t<ul class=\"slides\">\n\t\t\t\n\t\t\t\t\t\t\t\t\t\t\t\t\t\t<li><div  class=\"fusion-image-wrapper\" aria-haspopup=\"true\">\n\t\t\t\t\t\t\t<a href=\"https:\/\/swiss-soroptimist.ch\/fr\/si-club-kreuzlingen-unterstuetzt-hospizdienst-thurgau\/\" aria-label=\"SI Club Kreuzlingen unterst\u00fctzt Hospizdienst Thurgau\">\n\t\t\t\t\t\t\t<img decoding=\"async\" width=\"960\" height=\"640\" src=\"https:\/\/swiss-soroptimist.ch\/wp-content\/uploads\/2025\/11\/Kreuzlingen-Hospiz-Spende-2025.jpg\" class=\"attachment-full size-full wp-post-image\" alt=\"\" srcset=\"https:\/\/swiss-soroptimist.ch\/wp-content\/uploads\/2025\/11\/Kreuzlingen-Hospiz-Spende-2025-200x133.jpg 200w, https:\/\/swiss-soroptimist.ch\/wp-content\/uploads\/2025\/11\/Kreuzlingen-Hospiz-Spende-2025-400x267.jpg 400w, https:\/\/swiss-soroptimist.ch\/wp-content\/uploads\/2025\/11\/Kreuzlingen-Hospiz-Spende-2025-600x400.jpg 600w, https:\/\/swiss-soroptimist.ch\/wp-content\/uploads\/2025\/11\/Kreuzlingen-Hospiz-Spende-2025-800x533.jpg 800w, https:\/\/swiss-soroptimist.ch\/wp-content\/uploads\/2025\/11\/Kreuzlingen-Hospiz-Spende-2025.jpg 960w\" sizes=\"(min-width: 2200px) 100vw, (min-width: 915px) 253px, (min-width: 824px) 337px, (min-width: 732px) 505px, (min-width: 640px) 732px, \" \/>\t\t\t<\/a>\n\t\t\t\t\t\t\t<\/div>\n<\/li>\n\t\t\t\n\t\t\t\n\t\t\t\t\t\t\t\t\t\t\t\t\t\t\t\t\t\t\t\t\t\t\t\t\t\t\t\t\t\t\t\t\t\t\t\t\t\t\t\t\t\t\t\t\t\t\t\t\t\t\t\t\t\t\t\t\t\t\t\t\t\t\t\t\t\t\t\t<\/ul>\n\t<\/div>\n\t<div class=\"fusion-post-content-wrapper\" style=\"padding:30px 25px 20px 25px;\"><div class=\"fusion-post-content post-content\"><h2 class=\"blog-shortcode-post-title entry-title\"><a href=\"https:\/\/swiss-soroptimist.ch\/fr\/si-club-kreuzlingen-unterstuetzt-hospizdienst-thurgau\/\">SI Club Kreuzlingen unterst\u00fctzt Hospizdienst Thurgau<\/a><\/h2><p class=\"fusion-single-line-meta\"><span class=\"vcard\" style=\"display: none;\"><span class=\"fn\"><a href=\"https:\/\/swiss-soroptimist.ch\/fr\/author\/swso_admin\/\" title=\"Articles par swso_admin\" rel=\"author\">swso_admin<\/a><\/span><\/span><span class=\"updated\" style=\"display:none;\">2025-11-03T13:12:56+01:00<\/span><span>novembre 3rd, 2025<\/span><span class=\"fusion-inline-sep\">|<\/span><\/p><div class=\"fusion-content-sep sep-none\"><\/div><div class=\"fusion-post-content-container\"><\/div><\/div><div class=\"fusion-meta-info\"><div class=\"fusion-alignleft\"><a class=\"fusion-read-more\" href=\"https:\/\/swiss-soroptimist.ch\/fr\/si-club-kreuzlingen-unterstuetzt-hospizdienst-thurgau\/\" aria-label=\"More on SI Club Kreuzlingen unterst\u00fctzt Hospizdienst Thurgau\">Read More<\/a><\/div><\/div><\/div><div class=\"fusion-clearfix\"><\/div><\/div>\n<\/article>\n<article id=\"blog-2-post-23480\" class=\"fusion-post-grid post-23480 post type-post status-publish format-standard has-post-thumbnail hentry category-rapports-des-clubs-2025\">\n<div class=\"fusion-post-wrapper\" style=\"background-color:rgba(255,255,255,1);border:1px solid #ebeaea;border-bottom-width:3px;\">\n\n\t\t\t<div class=\"fusion-flexslider flexslider fusion-flexslider-loading fusion-post-slideshow\" style=\"border-color:#ebeaea;\">\n\t\t<ul class=\"slides\">\n\t\t\t\n\t\t\t\t\t\t\t\t\t\t\t\t\t\t<li><div  class=\"fusion-image-wrapper\" aria-haspopup=\"true\">\n\t\t\t\t\t\t\t<a href=\"https:\/\/swiss-soroptimist.ch\/fr\/si-club-liestal-reise-mit-schulverein-lo-manthang-nach-namdo-nepal\/\" aria-label=\"SI Club Liestal | Reise mit Schulverein Lo- Manthang nach Namdo \u2013 Nepal\">\n\t\t\t\t\t\t\t<img decoding=\"async\" width=\"960\" height=\"640\" src=\"https:\/\/swiss-soroptimist.ch\/wp-content\/uploads\/2025\/08\/SI-Liestal_Nepalreise.jpg\" class=\"attachment-full size-full wp-post-image\" alt=\"\" srcset=\"https:\/\/swiss-soroptimist.ch\/wp-content\/uploads\/2025\/08\/SI-Liestal_Nepalreise-200x133.jpg 200w, https:\/\/swiss-soroptimist.ch\/wp-content\/uploads\/2025\/08\/SI-Liestal_Nepalreise-400x267.jpg 400w, https:\/\/swiss-soroptimist.ch\/wp-content\/uploads\/2025\/08\/SI-Liestal_Nepalreise-600x400.jpg 600w, https:\/\/swiss-soroptimist.ch\/wp-content\/uploads\/2025\/08\/SI-Liestal_Nepalreise-800x533.jpg 800w, https:\/\/swiss-soroptimist.ch\/wp-content\/uploads\/2025\/08\/SI-Liestal_Nepalreise.jpg 960w\" sizes=\"(min-width: 2200px) 100vw, (min-width: 915px) 253px, (min-width: 824px) 337px, (min-width: 732px) 505px, (min-width: 640px) 732px, \" \/>\t\t\t<\/a>\n\t\t\t\t\t\t\t<\/div>\n<\/li>\n\t\t\t\n\t\t\t\n\t\t\t\t\t\t\t\t\t\t\t\t\t\t\t\t\t\t\t\t\t\t\t\t\t\t\t\t\t\t\t\t\t\t\t\t\t\t\t\t\t\t\t\t\t\t\t\t\t\t\t\t\t\t\t\t\t\t\t\t\t\t\t\t\t\t\t\t<\/ul>\n\t<\/div>\n\t<div class=\"fusion-post-content-wrapper\" style=\"padding:30px 25px 20px 25px;\"><div class=\"fusion-post-content post-content\"><h2 class=\"blog-shortcode-post-title entry-title\"><a href=\"https:\/\/swiss-soroptimist.ch\/fr\/si-club-liestal-reise-mit-schulverein-lo-manthang-nach-namdo-nepal\/\">SI Club Liestal | Reise mit Schulverein Lo- Manthang nach Namdo \u2013 Nepal<\/a><\/h2><p class=\"fusion-single-line-meta\"><span class=\"vcard\" style=\"display: none;\"><span class=\"fn\"><a href=\"https:\/\/swiss-soroptimist.ch\/fr\/author\/swso_admin\/\" title=\"Articles par swso_admin\" rel=\"author\">swso_admin<\/a><\/span><\/span><span class=\"updated\" style=\"display:none;\">2025-08-11T13:50:41+02:00<\/span><span>ao\u00fbt 11th, 2025<\/span><span class=\"fusion-inline-sep\">|<\/span><\/p><div class=\"fusion-content-sep sep-none\"><\/div><div class=\"fusion-post-content-container\"><\/div><\/div><div class=\"fusion-meta-info\"><div class=\"fusion-alignleft\"><a class=\"fusion-read-more\" href=\"https:\/\/swiss-soroptimist.ch\/fr\/si-club-liestal-reise-mit-schulverein-lo-manthang-nach-namdo-nepal\/\" aria-label=\"More on SI Club Liestal | Reise mit Schulverein Lo- Manthang nach Namdo \u2013 Nepal\">Read More<\/a><\/div><\/div><\/div><div class=\"fusion-clearfix\"><\/div><\/div>\n<\/article>\n<article id=\"blog-2-post-23473\" class=\"fusion-post-grid post-23473 post type-post status-publish format-standard has-post-thumbnail hentry category-rapports-des-clubs-2025\">\n<div class=\"fusion-post-wrapper\" style=\"background-color:rgba(255,255,255,1);border:1px solid #ebeaea;border-bottom-width:3px;\">\n\n\t\t\t<div class=\"fusion-flexslider flexslider fusion-flexslider-loading fusion-post-slideshow\" style=\"border-color:#ebeaea;\">\n\t\t<ul class=\"slides\">\n\t\t\t\n\t\t\t\t\t\t\t\t\t\t\t\t\t\t<li><div  class=\"fusion-image-wrapper\" aria-haspopup=\"true\">\n\t\t\t\t\t\t\t<a href=\"https:\/\/swiss-soroptimist.ch\/fr\/si-club-fricktal-checkuebergabe-an-krsd\/\" aria-label=\"SI Club Fricktal | Check\u00fcbergabe an KRSD\">\n\t\t\t\t\t\t\t<img decoding=\"async\" width=\"960\" height=\"640\" src=\"https:\/\/swiss-soroptimist.ch\/wp-content\/uploads\/2025\/08\/Fricktal-Sorop-KRSD.jpg\" class=\"attachment-full size-full wp-post-image\" alt=\"\" srcset=\"https:\/\/swiss-soroptimist.ch\/wp-content\/uploads\/2025\/08\/Fricktal-Sorop-KRSD-200x133.jpg 200w, https:\/\/swiss-soroptimist.ch\/wp-content\/uploads\/2025\/08\/Fricktal-Sorop-KRSD-400x267.jpg 400w, https:\/\/swiss-soroptimist.ch\/wp-content\/uploads\/2025\/08\/Fricktal-Sorop-KRSD-600x400.jpg 600w, https:\/\/swiss-soroptimist.ch\/wp-content\/uploads\/2025\/08\/Fricktal-Sorop-KRSD-800x533.jpg 800w, https:\/\/swiss-soroptimist.ch\/wp-content\/uploads\/2025\/08\/Fricktal-Sorop-KRSD.jpg 960w\" sizes=\"(min-width: 2200px) 100vw, (min-width: 915px) 253px, (min-width: 824px) 337px, (min-width: 732px) 505px, (min-width: 640px) 732px, \" \/>\t\t\t<\/a>\n\t\t\t\t\t\t\t<\/div>\n<\/li>\n\t\t\t\n\t\t\t\n\t\t\t\t\t\t\t\t\t\t\t\t\t\t\t\t\t\t\t\t\t\t\t\t\t\t\t\t\t\t\t\t\t\t\t\t\t\t\t\t\t\t\t\t\t\t\t\t\t\t\t\t\t\t\t\t\t\t\t\t\t\t\t\t\t\t\t\t<\/ul>\n\t<\/div>\n\t<div class=\"fusion-post-content-wrapper\" style=\"padding:30px 25px 20px 25px;\"><div class=\"fusion-post-content post-content\"><h2 class=\"blog-shortcode-post-title entry-title\"><a href=\"https:\/\/swiss-soroptimist.ch\/fr\/si-club-fricktal-checkuebergabe-an-krsd\/\">SI Club Fricktal | Check\u00fcbergabe an KRSD<\/a><\/h2><p class=\"fusion-single-line-meta\"><span class=\"vcard\" style=\"display: none;\"><span class=\"fn\"><a href=\"https:\/\/swiss-soroptimist.ch\/fr\/author\/swso_admin\/\" title=\"Articles par swso_admin\" rel=\"author\">swso_admin<\/a><\/span><\/span><span class=\"updated\" style=\"display:none;\">2025-08-05T16:23:17+02:00<\/span><span>ao\u00fbt 5th, 2025<\/span><span class=\"fusion-inline-sep\">|<\/span><\/p><div class=\"fusion-content-sep sep-none\"><\/div><div class=\"fusion-post-content-container\"><\/div><\/div><div class=\"fusion-meta-info\"><div class=\"fusion-alignleft\"><a class=\"fusion-read-more\" href=\"https:\/\/swiss-soroptimist.ch\/fr\/si-club-fricktal-checkuebergabe-an-krsd\/\" aria-label=\"More on SI Club Fricktal | Check\u00fcbergabe an KRSD\">Read More<\/a><\/div><\/div><\/div><div class=\"fusion-clearfix\"><\/div><\/div>\n<\/article>\n<article id=\"blog-2-post-23467\" class=\"fusion-post-grid post-23467 post type-post status-publish format-standard has-post-thumbnail hentry category-rapports-des-clubs-2025\">\n<div class=\"fusion-post-wrapper\" style=\"background-color:rgba(255,255,255,1);border:1px solid #ebeaea;border-bottom-width:3px;\">\n\n\t\t\t<div class=\"fusion-flexslider flexslider fusion-flexslider-loading fusion-post-slideshow\" style=\"border-color:#ebeaea;\">\n\t\t<ul class=\"slides\">\n\t\t\t\n\t\t\t\t\t\t\t\t\t\t\t\t\t\t<li><div  class=\"fusion-image-wrapper\" aria-haspopup=\"true\">\n\t\t\t\t\t\t\t<a href=\"https:\/\/swiss-soroptimist.ch\/fr\/si-club-fricktal-spende-an-frauenhaus-aargau-solothurn\/\" aria-label=\"SI Club Fricktal | Spende an Frauenhaus Aargau-Solothurn\">\n\t\t\t\t\t\t\t<img decoding=\"async\" width=\"960\" height=\"640\" src=\"https:\/\/swiss-soroptimist.ch\/wp-content\/uploads\/2025\/08\/Spende-Club-Fricktal-2025.jpg\" class=\"attachment-full size-full wp-post-image\" alt=\"\" srcset=\"https:\/\/swiss-soroptimist.ch\/wp-content\/uploads\/2025\/08\/Spende-Club-Fricktal-2025-200x133.jpg 200w, https:\/\/swiss-soroptimist.ch\/wp-content\/uploads\/2025\/08\/Spende-Club-Fricktal-2025-400x267.jpg 400w, https:\/\/swiss-soroptimist.ch\/wp-content\/uploads\/2025\/08\/Spende-Club-Fricktal-2025-600x400.jpg 600w, https:\/\/swiss-soroptimist.ch\/wp-content\/uploads\/2025\/08\/Spende-Club-Fricktal-2025-800x533.jpg 800w, https:\/\/swiss-soroptimist.ch\/wp-content\/uploads\/2025\/08\/Spende-Club-Fricktal-2025.jpg 960w\" sizes=\"(min-width: 2200px) 100vw, (min-width: 915px) 253px, (min-width: 824px) 337px, (min-width: 732px) 505px, (min-width: 640px) 732px, \" \/>\t\t\t<\/a>\n\t\t\t\t\t\t\t<\/div>\n<\/li>\n\t\t\t\n\t\t\t\n\t\t\t\t\t\t\t\t\t\t\t\t\t\t\t\t\t\t\t\t\t\t\t\t\t\t\t\t\t\t\t\t\t\t\t\t\t\t\t\t\t\t\t\t\t\t\t\t\t\t\t\t\t\t\t\t\t\t\t\t\t\t\t\t\t\t\t\t<\/ul>\n\t<\/div>\n\t<div class=\"fusion-post-content-wrapper\" style=\"padding:30px 25px 20px 25px;\"><div class=\"fusion-post-content post-content\"><h2 class=\"blog-shortcode-post-title entry-title\"><a href=\"https:\/\/swiss-soroptimist.ch\/fr\/si-club-fricktal-spende-an-frauenhaus-aargau-solothurn\/\">SI Club Fricktal | Spende an Frauenhaus Aargau-Solothurn<\/a><\/h2><p class=\"fusion-single-line-meta\"><span class=\"vcard\" style=\"display: none;\"><span class=\"fn\"><a href=\"https:\/\/swiss-soroptimist.ch\/fr\/author\/swso_admin\/\" title=\"Articles par swso_admin\" rel=\"author\">swso_admin<\/a><\/span><\/span><span class=\"updated\" style=\"display:none;\">2025-08-05T16:11:52+02:00<\/span><span>ao\u00fbt 5th, 2025<\/span><span class=\"fusion-inline-sep\">|<\/span><\/p><div class=\"fusion-content-sep sep-none\"><\/div><div class=\"fusion-post-content-container\"><\/div><\/div><div class=\"fusion-meta-info\"><div class=\"fusion-alignleft\"><a class=\"fusion-read-more\" href=\"https:\/\/swiss-soroptimist.ch\/fr\/si-club-fricktal-spende-an-frauenhaus-aargau-solothurn\/\" aria-label=\"More on SI Club Fricktal | Spende an Frauenhaus Aargau-Solothurn\">Read More<\/a><\/div><\/div><\/div><div class=\"fusion-clearfix\"><\/div><\/div>\n<\/article>\n<article id=\"blog-2-post-23377\" class=\"fusion-post-grid post-23377 post type-post status-publish format-standard has-post-thumbnail hentry category-rapports-des-clubs-2025\">\n<div class=\"fusion-post-wrapper\" style=\"background-color:rgba(255,255,255,1);border:1px solid #ebeaea;border-bottom-width:3px;\">\n\n\t\t\t<div class=\"fusion-flexslider flexslider fusion-flexslider-loading fusion-post-slideshow\" style=\"border-color:#ebeaea;\">\n\t\t<ul class=\"slides\">\n\t\t\t\n\t\t\t\t\t\t\t\t\t\t\t\t\t\t<li><div  class=\"fusion-image-wrapper\" aria-haspopup=\"true\">\n\t\t\t\t\t\t\t<a href=\"https:\/\/swiss-soroptimist.ch\/fr\/soroptimist-club-biel-bienne-vortrag-von-luzia-tschirky\/\" aria-label=\"Soroptimist Club Biel-Bienne | Vortrag von Luzia Tschirky\">\n\t\t\t\t\t\t\t<img decoding=\"async\" width=\"960\" height=\"640\" src=\"https:\/\/swiss-soroptimist.ch\/wp-content\/uploads\/2025\/07\/Luzia-Tschirky-1.jpg\" class=\"attachment-full size-full wp-post-image\" alt=\"\" srcset=\"https:\/\/swiss-soroptimist.ch\/wp-content\/uploads\/2025\/07\/Luzia-Tschirky-1-200x133.jpg 200w, https:\/\/swiss-soroptimist.ch\/wp-content\/uploads\/2025\/07\/Luzia-Tschirky-1-400x267.jpg 400w, https:\/\/swiss-soroptimist.ch\/wp-content\/uploads\/2025\/07\/Luzia-Tschirky-1-600x400.jpg 600w, https:\/\/swiss-soroptimist.ch\/wp-content\/uploads\/2025\/07\/Luzia-Tschirky-1-800x533.jpg 800w, https:\/\/swiss-soroptimist.ch\/wp-content\/uploads\/2025\/07\/Luzia-Tschirky-1.jpg 960w\" sizes=\"(min-width: 2200px) 100vw, (min-width: 915px) 253px, (min-width: 824px) 337px, (min-width: 732px) 505px, (min-width: 640px) 732px, \" \/>\t\t\t<\/a>\n\t\t\t\t\t\t\t<\/div>\n<\/li>\n\t\t\t\n\t\t\t\n\t\t\t\t\t\t\t\t\t\t\t\n\t\t\t\t\t\n\t\t\t\t\t\t\t\t\t\t\t<li>\n\t\t\t\t\t\t\t<div class=\"fusion-image-wrapper\">\n\t\t\t\t\t\t\t\t<a href=\"https:\/\/swiss-soroptimist.ch\/fr\/soroptimist-club-biel-bienne-vortrag-von-luzia-tschirky\/\" aria-label=\"Soroptimist Club Biel-Bienne | Vortrag von Luzia Tschirky\">\n\t\t\t\t\t\t\t\t\t<img decoding=\"async\" width=\"960\" height=\"640\" src=\"https:\/\/swiss-soroptimist.ch\/wp-content\/uploads\/2025\/07\/Luzia-2.jpg\" alt=\"\" class=\"wp-image-23370\" role=\"presentation\" srcset=\"https:\/\/swiss-soroptimist.ch\/wp-content\/uploads\/2025\/07\/Luzia-2-200x133.jpg 200w, https:\/\/swiss-soroptimist.ch\/wp-content\/uploads\/2025\/07\/Luzia-2-400x267.jpg 400w, https:\/\/swiss-soroptimist.ch\/wp-content\/uploads\/2025\/07\/Luzia-2-600x400.jpg 600w, https:\/\/swiss-soroptimist.ch\/wp-content\/uploads\/2025\/07\/Luzia-2-800x533.jpg 800w, https:\/\/swiss-soroptimist.ch\/wp-content\/uploads\/2025\/07\/Luzia-2.jpg 960w\" sizes=\"(min-width: 2200px) 100vw, (min-width: 915px) 253px, (min-width: 824px) 337px, (min-width: 732px) 505px, (min-width: 640px) 732px, \" \/>\t\t\t\t\t\t\t\t<\/a>\n\t\t\t\t\t\t\t\t<a style=\"display:none;\" href=\"https:\/\/swiss-soroptimist.ch\/wp-content\/uploads\/2025\/07\/Luzia-2.jpg\" data-rel=\"iLightbox[gallery23377]\"  title=\"\" data-title=\"Luzia-2\" data-caption=\"\">\n\t\t\t\t\t\t\t\t\t\t\t\t\t\t\t\t\t<\/a>\n\t\t\t\t\t\t\t<\/div>\n\t\t\t\t\t\t<\/li>\n\t\t\t\t\t\t\t\t\t\t\t\t\t\t\t\t\t\t\t\t\t\t\t\t\n\t\t\t\t\t\n\t\t\t\t\t\t\t\t\t\t\t<li>\n\t\t\t\t\t\t\t<div class=\"fusion-image-wrapper\">\n\t\t\t\t\t\t\t\t<a href=\"https:\/\/swiss-soroptimist.ch\/fr\/soroptimist-club-biel-bienne-vortrag-von-luzia-tschirky\/\" aria-label=\"Soroptimist Club Biel-Bienne | Vortrag von Luzia Tschirky\">\n\t\t\t\t\t\t\t\t\t<img decoding=\"async\" width=\"960\" height=\"640\" src=\"https:\/\/swiss-soroptimist.ch\/wp-content\/uploads\/2025\/07\/Luzia-3.jpg\" alt=\"\" class=\"wp-image-23372\" role=\"presentation\" srcset=\"https:\/\/swiss-soroptimist.ch\/wp-content\/uploads\/2025\/07\/Luzia-3-200x133.jpg 200w, https:\/\/swiss-soroptimist.ch\/wp-content\/uploads\/2025\/07\/Luzia-3-400x267.jpg 400w, https:\/\/swiss-soroptimist.ch\/wp-content\/uploads\/2025\/07\/Luzia-3-600x400.jpg 600w, https:\/\/swiss-soroptimist.ch\/wp-content\/uploads\/2025\/07\/Luzia-3-800x533.jpg 800w, https:\/\/swiss-soroptimist.ch\/wp-content\/uploads\/2025\/07\/Luzia-3.jpg 960w\" sizes=\"(min-width: 2200px) 100vw, (min-width: 915px) 253px, (min-width: 824px) 337px, (min-width: 732px) 505px, (min-width: 640px) 732px, \" \/>\t\t\t\t\t\t\t\t<\/a>\n\t\t\t\t\t\t\t\t<a style=\"display:none;\" href=\"https:\/\/swiss-soroptimist.ch\/wp-content\/uploads\/2025\/07\/Luzia-3.jpg\" data-rel=\"iLightbox[gallery23377]\"  title=\"\" data-title=\"Luzia-3\" data-caption=\"\">\n\t\t\t\t\t\t\t\t\t\t\t\t\t\t\t\t\t<\/a>\n\t\t\t\t\t\t\t<\/div>\n\t\t\t\t\t\t<\/li>\n\t\t\t\t\t\t\t\t\t\t\t\t\t\t\t\t\t\t\t\t\t\t\t\t\t\t\t\t\t\t\t\t\t\t\t\t\t\t\t\t\t\t\t\t\t\t\t\t\t\t\t<\/ul>\n\t<\/div>\n\t<div class=\"fusion-post-content-wrapper\" style=\"padding:30px 25px 20px 25px;\"><div class=\"fusion-post-content post-content\"><h2 class=\"blog-shortcode-post-title entry-title\"><a href=\"https:\/\/swiss-soroptimist.ch\/fr\/soroptimist-club-biel-bienne-vortrag-von-luzia-tschirky\/\">Soroptimist Club Biel-Bienne | Vortrag von Luzia Tschirky<\/a><\/h2><p class=\"fusion-single-line-meta\"><span class=\"vcard\" style=\"display: none;\"><span class=\"fn\"><a href=\"https:\/\/swiss-soroptimist.ch\/fr\/author\/swso_admin\/\" title=\"Articles par swso_admin\" rel=\"author\">swso_admin<\/a><\/span><\/span><span class=\"updated\" style=\"display:none;\">2025-07-15T21:38:09+02:00<\/span><span>juillet 15th, 2025<\/span><span class=\"fusion-inline-sep\">|<\/span><\/p><div class=\"fusion-content-sep sep-none\"><\/div><div class=\"fusion-post-content-container\"><\/div><\/div><div class=\"fusion-meta-info\"><div class=\"fusion-alignleft\"><a class=\"fusion-read-more\" href=\"https:\/\/swiss-soroptimist.ch\/fr\/soroptimist-club-biel-bienne-vortrag-von-luzia-tschirky\/\" aria-label=\"More on Soroptimist Club Biel-Bienne | Vortrag von Luzia Tschirky\">Read More<\/a><\/div><\/div><\/div><div class=\"fusion-clearfix\"><\/div><\/div>\n<\/article>\n<article id=\"blog-2-post-23346\" class=\"fusion-post-grid post-23346 post type-post status-publish format-standard has-post-thumbnail hentry category-rapports-des-clubs-2025\">\n<div class=\"fusion-post-wrapper\" style=\"background-color:rgba(255,255,255,1);border:1px solid #ebeaea;border-bottom-width:3px;\">\n\n\t\t\t<div class=\"fusion-flexslider flexslider fusion-flexslider-loading fusion-post-slideshow\" style=\"border-color:#ebeaea;\">\n\t\t<ul class=\"slides\">\n\t\t\t\n\t\t\t\t\t\t\t\t\t\t\t\t\t\t<li><div  class=\"fusion-image-wrapper\" aria-haspopup=\"true\">\n\t\t\t\t\t\t\t<a href=\"https:\/\/swiss-soroptimist.ch\/fr\/soroptimist-club-fricktal-ukraine-spendenlauf\/\" aria-label=\"Soroptimist Club Fricktal | Ukraine Spendenlauf\">\n\t\t\t\t\t\t\t<img decoding=\"async\" width=\"960\" height=\"640\" src=\"https:\/\/swiss-soroptimist.ch\/wp-content\/uploads\/2025\/06\/SI-Fricktal-Ukraine-1.jpg\" class=\"attachment-full size-full wp-post-image\" alt=\"\" srcset=\"https:\/\/swiss-soroptimist.ch\/wp-content\/uploads\/2025\/06\/SI-Fricktal-Ukraine-1-200x133.jpg 200w, https:\/\/swiss-soroptimist.ch\/wp-content\/uploads\/2025\/06\/SI-Fricktal-Ukraine-1-400x267.jpg 400w, https:\/\/swiss-soroptimist.ch\/wp-content\/uploads\/2025\/06\/SI-Fricktal-Ukraine-1-600x400.jpg 600w, https:\/\/swiss-soroptimist.ch\/wp-content\/uploads\/2025\/06\/SI-Fricktal-Ukraine-1-800x533.jpg 800w, https:\/\/swiss-soroptimist.ch\/wp-content\/uploads\/2025\/06\/SI-Fricktal-Ukraine-1.jpg 960w\" sizes=\"(min-width: 2200px) 100vw, (min-width: 915px) 253px, (min-width: 824px) 337px, (min-width: 732px) 505px, (min-width: 640px) 732px, \" \/>\t\t\t<\/a>\n\t\t\t\t\t\t\t<\/div>\n<\/li>\n\t\t\t\n\t\t\t\n\t\t\t\t\t\t\t\t\t\t\t\n\t\t\t\t\t\n\t\t\t\t\t\t\t\t\t\t\t<li>\n\t\t\t\t\t\t\t<div class=\"fusion-image-wrapper\">\n\t\t\t\t\t\t\t\t<a href=\"https:\/\/swiss-soroptimist.ch\/fr\/soroptimist-club-fricktal-ukraine-spendenlauf\/\" aria-label=\"Soroptimist Club Fricktal | Ukraine Spendenlauf\">\n\t\t\t\t\t\t\t\t\t<img decoding=\"async\" width=\"960\" height=\"640\" src=\"https:\/\/swiss-soroptimist.ch\/wp-content\/uploads\/2025\/06\/SI-Fricktal-Ukraine-2.jpg\" alt=\"\" class=\"wp-image-23342\" role=\"presentation\" srcset=\"https:\/\/swiss-soroptimist.ch\/wp-content\/uploads\/2025\/06\/SI-Fricktal-Ukraine-2-200x133.jpg 200w, https:\/\/swiss-soroptimist.ch\/wp-content\/uploads\/2025\/06\/SI-Fricktal-Ukraine-2-400x267.jpg 400w, https:\/\/swiss-soroptimist.ch\/wp-content\/uploads\/2025\/06\/SI-Fricktal-Ukraine-2-600x400.jpg 600w, https:\/\/swiss-soroptimist.ch\/wp-content\/uploads\/2025\/06\/SI-Fricktal-Ukraine-2-800x533.jpg 800w, https:\/\/swiss-soroptimist.ch\/wp-content\/uploads\/2025\/06\/SI-Fricktal-Ukraine-2.jpg 960w\" sizes=\"(min-width: 2200px) 100vw, (min-width: 915px) 253px, (min-width: 824px) 337px, (min-width: 732px) 505px, (min-width: 640px) 732px, \" \/>\t\t\t\t\t\t\t\t<\/a>\n\t\t\t\t\t\t\t\t<a style=\"display:none;\" href=\"https:\/\/swiss-soroptimist.ch\/wp-content\/uploads\/2025\/06\/SI-Fricktal-Ukraine-2.jpg\" data-rel=\"iLightbox[gallery23346]\"  title=\"\" data-title=\"SI-Fricktal-Ukraine-2\" data-caption=\"\">\n\t\t\t\t\t\t\t\t\t\t\t\t\t\t\t\t\t<\/a>\n\t\t\t\t\t\t\t<\/div>\n\t\t\t\t\t\t<\/li>\n\t\t\t\t\t\t\t\t\t\t\t\t\t\t\t\t\t\t\t\t\t\t\t\t\n\t\t\t\t\t\n\t\t\t\t\t\t\t\t\t\t\t<li>\n\t\t\t\t\t\t\t<div class=\"fusion-image-wrapper\">\n\t\t\t\t\t\t\t\t<a href=\"https:\/\/swiss-soroptimist.ch\/fr\/soroptimist-club-fricktal-ukraine-spendenlauf\/\" aria-label=\"Soroptimist Club Fricktal | Ukraine Spendenlauf\">\n\t\t\t\t\t\t\t\t\t<img decoding=\"async\" width=\"960\" height=\"640\" src=\"https:\/\/swiss-soroptimist.ch\/wp-content\/uploads\/2025\/06\/SI-Fricktal-Ukraine.jpg\" alt=\"\" class=\"wp-image-23344\" role=\"presentation\" srcset=\"https:\/\/swiss-soroptimist.ch\/wp-content\/uploads\/2025\/06\/SI-Fricktal-Ukraine-200x133.jpg 200w, https:\/\/swiss-soroptimist.ch\/wp-content\/uploads\/2025\/06\/SI-Fricktal-Ukraine-400x267.jpg 400w, https:\/\/swiss-soroptimist.ch\/wp-content\/uploads\/2025\/06\/SI-Fricktal-Ukraine-600x400.jpg 600w, https:\/\/swiss-soroptimist.ch\/wp-content\/uploads\/2025\/06\/SI-Fricktal-Ukraine-800x533.jpg 800w, https:\/\/swiss-soroptimist.ch\/wp-content\/uploads\/2025\/06\/SI-Fricktal-Ukraine.jpg 960w\" sizes=\"(min-width: 2200px) 100vw, (min-width: 915px) 253px, (min-width: 824px) 337px, (min-width: 732px) 505px, (min-width: 640px) 732px, \" \/>\t\t\t\t\t\t\t\t<\/a>\n\t\t\t\t\t\t\t\t<a style=\"display:none;\" href=\"https:\/\/swiss-soroptimist.ch\/wp-content\/uploads\/2025\/06\/SI-Fricktal-Ukraine.jpg\" data-rel=\"iLightbox[gallery23346]\"  title=\"\" data-title=\"SI-Fricktal-Ukraine\" data-caption=\"\">\n\t\t\t\t\t\t\t\t\t\t\t\t\t\t\t\t\t<\/a>\n\t\t\t\t\t\t\t<\/div>\n\t\t\t\t\t\t<\/li>\n\t\t\t\t\t\t\t\t\t\t\t\t\t\t\t\t\t\t\t\t\t\t\t\t\t\t\t\t\t\t\t\t\t\t\t\t\t\t\t\t\t\t\t\t\t\t\t\t\t\t\t<\/ul>\n\t<\/div>\n\t<div class=\"fusion-post-content-wrapper\" style=\"padding:30px 25px 20px 25px;\"><div class=\"fusion-post-content post-content\"><h2 class=\"blog-shortcode-post-title entry-title\"><a href=\"https:\/\/swiss-soroptimist.ch\/fr\/soroptimist-club-fricktal-ukraine-spendenlauf\/\">Soroptimist Club Fricktal | Ukraine Spendenlauf<\/a><\/h2><p class=\"fusion-single-line-meta\"><span class=\"vcard\" style=\"display: none;\"><span class=\"fn\"><a href=\"https:\/\/swiss-soroptimist.ch\/fr\/author\/swso_admin\/\" title=\"Articles par swso_admin\" rel=\"author\">swso_admin<\/a><\/span><\/span><span class=\"updated\" style=\"display:none;\">2025-06-25T14:32:58+02:00<\/span><span>juin 25th, 2025<\/span><span class=\"fusion-inline-sep\">|<\/span><\/p><div class=\"fusion-content-sep sep-none\"><\/div><div class=\"fusion-post-content-container\"><\/div><\/div><div class=\"fusion-meta-info\"><div class=\"fusion-alignleft\"><a class=\"fusion-read-more\" href=\"https:\/\/swiss-soroptimist.ch\/fr\/soroptimist-club-fricktal-ukraine-spendenlauf\/\" aria-label=\"More on Soroptimist Club Fricktal | Ukraine Spendenlauf\">Read More<\/a><\/div><\/div><\/div><div class=\"fusion-clearfix\"><\/div><\/div>\n<\/article>\n<article id=\"blog-2-post-23278\" class=\"fusion-post-grid post-23278 post type-post status-publish format-standard has-post-thumbnail hentry category-rapports-des-clubs-2025\">\n<div class=\"fusion-post-wrapper\" style=\"background-color:rgba(255,255,255,1);border:1px solid #ebeaea;border-bottom-width:3px;\">\n\n\t\t\t<div class=\"fusion-flexslider flexslider fusion-flexslider-loading fusion-post-slideshow\" style=\"border-color:#ebeaea;\">\n\t\t<ul class=\"slides\">\n\t\t\t\n\t\t\t\t\t\t\t\t\t\t\t\t\t\t<li><div  class=\"fusion-image-wrapper\" aria-haspopup=\"true\">\n\t\t\t\t\t\t\t<a href=\"https:\/\/swiss-soroptimist.ch\/fr\/soroptimist-club-moesano-ricostruire-insieme\/\" aria-label=\"Soroptimist Club Moesano | Ricostruire insieme\">\n\t\t\t\t\t\t\t<img decoding=\"async\" width=\"960\" height=\"640\" src=\"https:\/\/swiss-soroptimist.ch\/wp-content\/uploads\/2025\/06\/Soroptimist-Moesano-per-la-valle.jpg\" class=\"attachment-full size-full wp-post-image\" alt=\"\" srcset=\"https:\/\/swiss-soroptimist.ch\/wp-content\/uploads\/2025\/06\/Soroptimist-Moesano-per-la-valle-200x133.jpg 200w, https:\/\/swiss-soroptimist.ch\/wp-content\/uploads\/2025\/06\/Soroptimist-Moesano-per-la-valle-400x267.jpg 400w, https:\/\/swiss-soroptimist.ch\/wp-content\/uploads\/2025\/06\/Soroptimist-Moesano-per-la-valle-600x400.jpg 600w, https:\/\/swiss-soroptimist.ch\/wp-content\/uploads\/2025\/06\/Soroptimist-Moesano-per-la-valle-800x533.jpg 800w, https:\/\/swiss-soroptimist.ch\/wp-content\/uploads\/2025\/06\/Soroptimist-Moesano-per-la-valle.jpg 960w\" sizes=\"(min-width: 2200px) 100vw, (min-width: 915px) 253px, (min-width: 824px) 337px, (min-width: 732px) 505px, (min-width: 640px) 732px, \" \/>\t\t\t<\/a>\n\t\t\t\t\t\t\t<\/div>\n<\/li>\n\t\t\t\n\t\t\t\n\t\t\t\t\t\t\t\t\t\t\t\n\t\t\t\t\t\n\t\t\t\t\t\t\t\t\t\t\t<li>\n\t\t\t\t\t\t\t<div class=\"fusion-image-wrapper\">\n\t\t\t\t\t\t\t\t<a href=\"https:\/\/swiss-soroptimist.ch\/fr\/soroptimist-club-moesano-ricostruire-insieme\/\" aria-label=\"Soroptimist Club Moesano | Ricostruire insieme\">\n\t\t\t\t\t\t\t\t\t<img decoding=\"async\" width=\"960\" height=\"640\" src=\"https:\/\/swiss-soroptimist.ch\/wp-content\/uploads\/2025\/06\/Soroptimist-Moesano-per-la-valle-2.jpg\" alt=\"\" class=\"wp-image-23287\" role=\"presentation\" srcset=\"https:\/\/swiss-soroptimist.ch\/wp-content\/uploads\/2025\/06\/Soroptimist-Moesano-per-la-valle-2-200x133.jpg 200w, https:\/\/swiss-soroptimist.ch\/wp-content\/uploads\/2025\/06\/Soroptimist-Moesano-per-la-valle-2-400x267.jpg 400w, https:\/\/swiss-soroptimist.ch\/wp-content\/uploads\/2025\/06\/Soroptimist-Moesano-per-la-valle-2-600x400.jpg 600w, https:\/\/swiss-soroptimist.ch\/wp-content\/uploads\/2025\/06\/Soroptimist-Moesano-per-la-valle-2-800x533.jpg 800w, https:\/\/swiss-soroptimist.ch\/wp-content\/uploads\/2025\/06\/Soroptimist-Moesano-per-la-valle-2.jpg 960w\" sizes=\"(min-width: 2200px) 100vw, (min-width: 915px) 253px, (min-width: 824px) 337px, (min-width: 732px) 505px, (min-width: 640px) 732px, \" \/>\t\t\t\t\t\t\t\t<\/a>\n\t\t\t\t\t\t\t\t<a style=\"display:none;\" href=\"https:\/\/swiss-soroptimist.ch\/wp-content\/uploads\/2025\/06\/Soroptimist-Moesano-per-la-valle-2.jpg\" data-rel=\"iLightbox[gallery23278]\"  title=\"\" data-title=\"Soroptimist-Moesano-per-la-valle-2\" data-caption=\"\">\n\t\t\t\t\t\t\t\t\t\t\t\t\t\t\t\t\t<\/a>\n\t\t\t\t\t\t\t<\/div>\n\t\t\t\t\t\t<\/li>\n\t\t\t\t\t\t\t\t\t\t\t\t\t\t\t\t\t\t\t\t\t\t\t\t\t\t\t\t\t\t\t\t\t\t\t\t\t\t\t\t\t\t\t\t\t\t\t\t\t\t\t\t\t\t\t\t\t\t\t\t\t\t\t\t\t\t<\/ul>\n\t<\/div>\n\t<div class=\"fusion-post-content-wrapper\" style=\"padding:30px 25px 20px 25px;\"><div class=\"fusion-post-content post-content\"><h2 class=\"blog-shortcode-post-title entry-title\"><a href=\"https:\/\/swiss-soroptimist.ch\/fr\/soroptimist-club-moesano-ricostruire-insieme\/\">Soroptimist Club Moesano | Ricostruire insieme<\/a><\/h2><p class=\"fusion-single-line-meta\"><span class=\"vcard\" style=\"display: none;\"><span class=\"fn\"><a href=\"https:\/\/swiss-soroptimist.ch\/fr\/author\/swso_admin\/\" title=\"Articles par swso_admin\" rel=\"author\">swso_admin<\/a><\/span><\/span><span class=\"updated\" style=\"display:none;\">2025-06-17T12:34:55+02:00<\/span><span>juin 17th, 2025<\/span><span class=\"fusion-inline-sep\">|<\/span><\/p><div class=\"fusion-content-sep sep-none\"><\/div><div class=\"fusion-post-content-container\"><\/div><\/div><div class=\"fusion-meta-info\"><div class=\"fusion-alignleft\"><a class=\"fusion-read-more\" href=\"https:\/\/swiss-soroptimist.ch\/fr\/soroptimist-club-moesano-ricostruire-insieme\/\" aria-label=\"More on Soroptimist Club Moesano | Ricostruire insieme\">Read More<\/a><\/div><\/div><\/div><div class=\"fusion-clearfix\"><\/div><\/div>\n<\/article>\n<article id=\"blog-2-post-23224\" class=\"fusion-post-grid post-23224 post type-post status-publish format-standard has-post-thumbnail hentry category-rapports-des-clubs-2025\">\n<div class=\"fusion-post-wrapper\" style=\"background-color:rgba(255,255,255,1);border:1px solid #ebeaea;border-bottom-width:3px;\">\n\n\t\t\t<div class=\"fusion-flexslider flexslider fusion-flexslider-loading fusion-post-slideshow\" style=\"border-color:#ebeaea;\">\n\t\t<ul class=\"slides\">\n\t\t\t\n\t\t\t\t\t\t\t\t\t\t\t\t\t\t<li><div  class=\"fusion-image-wrapper\" aria-haspopup=\"true\">\n\t\t\t\t\t\t\t<a href=\"https:\/\/swiss-soroptimist.ch\/fr\/soroptimist-club-schaffhausen-ukraine-spendenlauf\/\" aria-label=\"Soroptimist Club Schaffhausen | Ukraine Spendenlauf\">\n\t\t\t\t\t\t\t<img decoding=\"async\" width=\"960\" height=\"640\" src=\"https:\/\/swiss-soroptimist.ch\/wp-content\/uploads\/2025\/06\/SI-Schaffhausen-Ukraine.jpg\" class=\"attachment-full size-full wp-post-image\" alt=\"\" srcset=\"https:\/\/swiss-soroptimist.ch\/wp-content\/uploads\/2025\/06\/SI-Schaffhausen-Ukraine-200x133.jpg 200w, https:\/\/swiss-soroptimist.ch\/wp-content\/uploads\/2025\/06\/SI-Schaffhausen-Ukraine-400x267.jpg 400w, https:\/\/swiss-soroptimist.ch\/wp-content\/uploads\/2025\/06\/SI-Schaffhausen-Ukraine-600x400.jpg 600w, https:\/\/swiss-soroptimist.ch\/wp-content\/uploads\/2025\/06\/SI-Schaffhausen-Ukraine-800x533.jpg 800w, https:\/\/swiss-soroptimist.ch\/wp-content\/uploads\/2025\/06\/SI-Schaffhausen-Ukraine.jpg 960w\" sizes=\"(min-width: 2200px) 100vw, (min-width: 915px) 253px, (min-width: 824px) 337px, (min-width: 732px) 505px, (min-width: 640px) 732px, \" \/>\t\t\t<\/a>\n\t\t\t\t\t\t\t<\/div>\n<\/li>\n\t\t\t\n\t\t\t\n\t\t\t\t\t\t\t\t\t\t\t\n\t\t\t\t\t\n\t\t\t\t\t\t\t\t\t\t\t<li>\n\t\t\t\t\t\t\t<div class=\"fusion-image-wrapper\">\n\t\t\t\t\t\t\t\t<a href=\"https:\/\/swiss-soroptimist.ch\/fr\/soroptimist-club-schaffhausen-ukraine-spendenlauf\/\" aria-label=\"Soroptimist Club Schaffhausen | Ukraine Spendenlauf\">\n\t\t\t\t\t\t\t\t\t<img decoding=\"async\" width=\"960\" height=\"640\" src=\"https:\/\/swiss-soroptimist.ch\/wp-content\/uploads\/2025\/06\/SI-Schaffhausen-UkraineHilfe.jpg\" alt=\"\" class=\"wp-image-23222\" role=\"presentation\" srcset=\"https:\/\/swiss-soroptimist.ch\/wp-content\/uploads\/2025\/06\/SI-Schaffhausen-UkraineHilfe-200x133.jpg 200w, https:\/\/swiss-soroptimist.ch\/wp-content\/uploads\/2025\/06\/SI-Schaffhausen-UkraineHilfe-400x267.jpg 400w, https:\/\/swiss-soroptimist.ch\/wp-content\/uploads\/2025\/06\/SI-Schaffhausen-UkraineHilfe-600x400.jpg 600w, https:\/\/swiss-soroptimist.ch\/wp-content\/uploads\/2025\/06\/SI-Schaffhausen-UkraineHilfe-800x533.jpg 800w, https:\/\/swiss-soroptimist.ch\/wp-content\/uploads\/2025\/06\/SI-Schaffhausen-UkraineHilfe.jpg 960w\" sizes=\"(min-width: 2200px) 100vw, (min-width: 915px) 253px, (min-width: 824px) 337px, (min-width: 732px) 505px, (min-width: 640px) 732px, \" \/>\t\t\t\t\t\t\t\t<\/a>\n\t\t\t\t\t\t\t\t<a style=\"display:none;\" href=\"https:\/\/swiss-soroptimist.ch\/wp-content\/uploads\/2025\/06\/SI-Schaffhausen-UkraineHilfe.jpg\" data-rel=\"iLightbox[gallery23224]\"  title=\"\" data-title=\"SI-Schaffhausen-UkraineHilfe\" data-caption=\"\">\n\t\t\t\t\t\t\t\t\t\t\t\t\t\t\t\t\t<\/a>\n\t\t\t\t\t\t\t<\/div>\n\t\t\t\t\t\t<\/li>\n\t\t\t\t\t\t\t\t\t\t\t\t\t\t\t\t\t\t\t\t\t\t\t\t\t\t\t\t\t\t\t\t\t\t\t\t\t\t\t\t\t\t\t\t\t\t\t\t\t\t\t\t\t\t\t\t\t\t\t\t\t\t\t\t\t\t<\/ul>\n\t<\/div>\n\t<div class=\"fusion-post-content-wrapper\" style=\"padding:30px 25px 20px 25px;\"><div class=\"fusion-post-content post-content\"><h2 class=\"blog-shortcode-post-title entry-title\"><a href=\"https:\/\/swiss-soroptimist.ch\/fr\/soroptimist-club-schaffhausen-ukraine-spendenlauf\/\">Soroptimist Club Schaffhausen | Ukraine Spendenlauf<\/a><\/h2><p class=\"fusion-single-line-meta\"><span class=\"vcard\" style=\"display: none;\"><span class=\"fn\"><a href=\"https:\/\/swiss-soroptimist.ch\/fr\/author\/swso_admin\/\" title=\"Articles par swso_admin\" rel=\"author\">swso_admin<\/a><\/span><\/span><span class=\"updated\" style=\"display:none;\">2025-06-07T17:09:44+02:00<\/span><span>juin 7th, 2025<\/span><span class=\"fusion-inline-sep\">|<\/span><\/p><div class=\"fusion-content-sep sep-none\"><\/div><div class=\"fusion-post-content-container\"><\/div><\/div><div class=\"fusion-meta-info\"><div class=\"fusion-alignleft\"><a class=\"fusion-read-more\" href=\"https:\/\/swiss-soroptimist.ch\/fr\/soroptimist-club-schaffhausen-ukraine-spendenlauf\/\" aria-label=\"More on Soroptimist Club Schaffhausen | Ukraine Spendenlauf\">Read More<\/a><\/div><\/div><\/div><div class=\"fusion-clearfix\"><\/div><\/div>\n<\/article>\n<article id=\"blog-2-post-23063\" class=\"fusion-post-grid post-23063 post type-post status-publish format-standard has-post-thumbnail hentry category-rapports-des-clubs-2025\">\n<div class=\"fusion-post-wrapper\" style=\"background-color:rgba(255,255,255,1);border:1px solid #ebeaea;border-bottom-width:3px;\">\n\n\t\t\t<div class=\"fusion-flexslider flexslider fusion-flexslider-loading fusion-post-slideshow\" style=\"border-color:#ebeaea;\">\n\t\t<ul class=\"slides\">\n\t\t\t\n\t\t\t\t\t\t\t\t\t\t\t\t\t\t<li><div  class=\"fusion-image-wrapper\" aria-haspopup=\"true\">\n\t\t\t\t\t\t\t<a href=\"https:\/\/swiss-soroptimist.ch\/fr\/si-club-bellinzona-e-valli-sostegno-alla-fondazione-make-a-wish\/\" aria-label=\"SI Club Bellinzona e Valli | Sostegno alla Fondazione Make-A-Wish\">\n\t\t\t\t\t\t\t<img decoding=\"async\" width=\"960\" height=\"640\" src=\"https:\/\/swiss-soroptimist.ch\/wp-content\/uploads\/2025\/05\/Soroptimist-Bellinzona-progetto.jpg\" class=\"attachment-full size-full wp-post-image\" alt=\"\" srcset=\"https:\/\/swiss-soroptimist.ch\/wp-content\/uploads\/2025\/05\/Soroptimist-Bellinzona-progetto-200x133.jpg 200w, https:\/\/swiss-soroptimist.ch\/wp-content\/uploads\/2025\/05\/Soroptimist-Bellinzona-progetto-400x267.jpg 400w, https:\/\/swiss-soroptimist.ch\/wp-content\/uploads\/2025\/05\/Soroptimist-Bellinzona-progetto-600x400.jpg 600w, https:\/\/swiss-soroptimist.ch\/wp-content\/uploads\/2025\/05\/Soroptimist-Bellinzona-progetto-800x533.jpg 800w, https:\/\/swiss-soroptimist.ch\/wp-content\/uploads\/2025\/05\/Soroptimist-Bellinzona-progetto.jpg 960w\" sizes=\"(min-width: 2200px) 100vw, (min-width: 915px) 253px, (min-width: 824px) 337px, (min-width: 732px) 505px, (min-width: 640px) 732px, \" \/>\t\t\t<\/a>\n\t\t\t\t\t\t\t<\/div>\n<\/li>\n\t\t\t\n\t\t\t\n\t\t\t\t\t\t\t\t\t\t\t\t\t\t\t\t\t\t\t\t\t\t\t\t\t\t\t\t\t\t\t\t\t\t\t\t\t\t\t\t\t\t\t\t\t\t\t\t\t\t\t\t\t\t\t\t\t\t\t\t\t\t\t\t\t\t\t\t<\/ul>\n\t<\/div>\n\t<div class=\"fusion-post-content-wrapper\" style=\"padding:30px 25px 20px 25px;\"><div class=\"fusion-post-content post-content\"><h2 class=\"blog-shortcode-post-title entry-title\"><a href=\"https:\/\/swiss-soroptimist.ch\/fr\/si-club-bellinzona-e-valli-sostegno-alla-fondazione-make-a-wish\/\">SI Club Bellinzona e Valli | Sostegno alla Fondazione Make-A-Wish<\/a><\/h2><p class=\"fusion-single-line-meta\"><span class=\"vcard\" style=\"display: none;\"><span class=\"fn\"><a href=\"https:\/\/swiss-soroptimist.ch\/fr\/author\/swso_admin\/\" title=\"Articles par swso_admin\" rel=\"author\">swso_admin<\/a><\/span><\/span><span class=\"updated\" style=\"display:none;\">2025-05-14T11:31:44+02:00<\/span><span>mai 14th, 2025<\/span><span class=\"fusion-inline-sep\">|<\/span><\/p><div class=\"fusion-content-sep sep-none\"><\/div><div class=\"fusion-post-content-container\"><\/div><\/div><div class=\"fusion-meta-info\"><div class=\"fusion-alignleft\"><a class=\"fusion-read-more\" href=\"https:\/\/swiss-soroptimist.ch\/fr\/si-club-bellinzona-e-valli-sostegno-alla-fondazione-make-a-wish\/\" aria-label=\"More on SI Club Bellinzona e Valli | Sostegno alla Fondazione Make-A-Wish\">Read More<\/a><\/div><\/div><\/div><div class=\"fusion-clearfix\"><\/div><\/div>\n<\/article>\n<article id=\"blog-2-post-23057\" class=\"fusion-post-grid post-23057 post type-post status-publish format-standard has-post-thumbnail hentry category-rapports-des-clubs-2025\">\n<div class=\"fusion-post-wrapper\" style=\"background-color:rgba(255,255,255,1);border:1px solid #ebeaea;border-bottom-width:3px;\">\n\n\t\t\t<div class=\"fusion-flexslider flexslider fusion-flexslider-loading fusion-post-slideshow\" style=\"border-color:#ebeaea;\">\n\t\t<ul class=\"slides\">\n\t\t\t\n\t\t\t\t\t\t\t\t\t\t\t\t\t\t<li><div  class=\"fusion-image-wrapper\" aria-haspopup=\"true\">\n\t\t\t\t\t\t\t<a href=\"https:\/\/swiss-soroptimist.ch\/fr\/si-clubs-basel-basel-viva-und-liestal-taschenboerse-2025\/\" aria-label=\"SI Clubs Basel, Basel Viva und Liestal | Taschenb\u00f6rse 2025\">\n\t\t\t\t\t\t\t<img decoding=\"async\" width=\"960\" height=\"640\" src=\"https:\/\/swiss-soroptimist.ch\/wp-content\/uploads\/2025\/05\/Soroptimist-Basel-Taschenboerse.jpg\" class=\"attachment-full size-full wp-post-image\" alt=\"\" srcset=\"https:\/\/swiss-soroptimist.ch\/wp-content\/uploads\/2025\/05\/Soroptimist-Basel-Taschenboerse-200x133.jpg 200w, https:\/\/swiss-soroptimist.ch\/wp-content\/uploads\/2025\/05\/Soroptimist-Basel-Taschenboerse-400x267.jpg 400w, https:\/\/swiss-soroptimist.ch\/wp-content\/uploads\/2025\/05\/Soroptimist-Basel-Taschenboerse-600x400.jpg 600w, https:\/\/swiss-soroptimist.ch\/wp-content\/uploads\/2025\/05\/Soroptimist-Basel-Taschenboerse-800x533.jpg 800w, https:\/\/swiss-soroptimist.ch\/wp-content\/uploads\/2025\/05\/Soroptimist-Basel-Taschenboerse.jpg 960w\" sizes=\"(min-width: 2200px) 100vw, (min-width: 915px) 253px, (min-width: 824px) 337px, (min-width: 732px) 505px, (min-width: 640px) 732px, \" \/>\t\t\t<\/a>\n\t\t\t\t\t\t\t<\/div>\n<\/li>\n\t\t\t\n\t\t\t\n\t\t\t\t\t\t\t\t\t\t\t\t\t\t\t\t\t\t\t\t\t\t\t\t\t\t\t\t\t\t\t\t\t\t\t\t\t\t\t\t\t\t\t\t\t\t\t\t\t\t\t\t\t\t\t\t\t\t\t\t\t\t\t\t\t\t\t\t<\/ul>\n\t<\/div>\n\t<div class=\"fusion-post-content-wrapper\" style=\"padding:30px 25px 20px 25px;\"><div class=\"fusion-post-content post-content\"><h2 class=\"blog-shortcode-post-title entry-title\"><a href=\"https:\/\/swiss-soroptimist.ch\/fr\/si-clubs-basel-basel-viva-und-liestal-taschenboerse-2025\/\">SI Clubs Basel, Basel Viva und Liestal | Taschenb\u00f6rse 2025<\/a><\/h2><p class=\"fusion-single-line-meta\"><span class=\"vcard\" style=\"display: none;\"><span class=\"fn\"><a href=\"https:\/\/swiss-soroptimist.ch\/fr\/author\/swso_admin\/\" title=\"Articles par swso_admin\" rel=\"author\">swso_admin<\/a><\/span><\/span><span class=\"updated\" style=\"display:none;\">2025-05-14T11:23:14+02:00<\/span><span>mai 14th, 2025<\/span><span class=\"fusion-inline-sep\">|<\/span><\/p><div class=\"fusion-content-sep sep-none\"><\/div><div class=\"fusion-post-content-container\"><\/div><\/div><div class=\"fusion-meta-info\"><div class=\"fusion-alignleft\"><a class=\"fusion-read-more\" href=\"https:\/\/swiss-soroptimist.ch\/fr\/si-clubs-basel-basel-viva-und-liestal-taschenboerse-2025\/\" aria-label=\"More on SI Clubs Basel, Basel Viva und Liestal | Taschenb\u00f6rse 2025\">Read More<\/a><\/div><\/div><\/div><div class=\"fusion-clearfix\"><\/div><\/div>\n<\/article>\n<article id=\"blog-2-post-23049\" class=\"fusion-post-grid post-23049 post type-post status-publish format-standard has-post-thumbnail hentry category-rapports-des-clubs-2025\">\n<div class=\"fusion-post-wrapper\" style=\"background-color:rgba(255,255,255,1);border:1px solid #ebeaea;border-bottom-width:3px;\">\n\n\t\t\t<div class=\"fusion-flexslider flexslider fusion-flexslider-loading fusion-post-slideshow\" style=\"border-color:#ebeaea;\">\n\t\t<ul class=\"slides\">\n\t\t\t\n\t\t\t\t\t\t\t\t\t\t\t\t\t\t<li><div  class=\"fusion-image-wrapper\" aria-haspopup=\"true\">\n\t\t\t\t\t\t\t<a href=\"https:\/\/swiss-soroptimist.ch\/fr\/si-club-moesano-un-messaggio-forte-per-luguaglianza-di-genere\/\" aria-label=\"SI Club Moesano | un messaggio forte per l\u2019uguaglianza di genere\">\n\t\t\t\t\t\t\t<img decoding=\"async\" width=\"960\" height=\"640\" src=\"https:\/\/swiss-soroptimist.ch\/wp-content\/uploads\/2025\/05\/Moesano-1.jpg\" class=\"attachment-full size-full wp-post-image\" alt=\"\" srcset=\"https:\/\/swiss-soroptimist.ch\/wp-content\/uploads\/2025\/05\/Moesano-1-200x133.jpg 200w, https:\/\/swiss-soroptimist.ch\/wp-content\/uploads\/2025\/05\/Moesano-1-400x267.jpg 400w, https:\/\/swiss-soroptimist.ch\/wp-content\/uploads\/2025\/05\/Moesano-1-600x400.jpg 600w, https:\/\/swiss-soroptimist.ch\/wp-content\/uploads\/2025\/05\/Moesano-1-800x533.jpg 800w, https:\/\/swiss-soroptimist.ch\/wp-content\/uploads\/2025\/05\/Moesano-1.jpg 960w\" sizes=\"(min-width: 2200px) 100vw, (min-width: 915px) 253px, (min-width: 824px) 337px, (min-width: 732px) 505px, (min-width: 640px) 732px, \" \/>\t\t\t<\/a>\n\t\t\t\t\t\t\t<\/div>\n<\/li>\n\t\t\t\n\t\t\t\n\t\t\t\t\t\t\t\t\t\t\t\n\t\t\t\t\t\n\t\t\t\t\t\t\t\t\t\t\t<li>\n\t\t\t\t\t\t\t<div class=\"fusion-image-wrapper\">\n\t\t\t\t\t\t\t\t<a href=\"https:\/\/swiss-soroptimist.ch\/fr\/si-club-moesano-un-messaggio-forte-per-luguaglianza-di-genere\/\" aria-label=\"SI Club Moesano | un messaggio forte per l\u2019uguaglianza di genere\">\n\t\t\t\t\t\t\t\t\t<img decoding=\"async\" width=\"960\" height=\"640\" src=\"https:\/\/swiss-soroptimist.ch\/wp-content\/uploads\/2025\/05\/Moesano-2.jpg\" alt=\"\" class=\"wp-image-23040\" role=\"presentation\" srcset=\"https:\/\/swiss-soroptimist.ch\/wp-content\/uploads\/2025\/05\/Moesano-2-200x133.jpg 200w, https:\/\/swiss-soroptimist.ch\/wp-content\/uploads\/2025\/05\/Moesano-2-400x267.jpg 400w, https:\/\/swiss-soroptimist.ch\/wp-content\/uploads\/2025\/05\/Moesano-2-600x400.jpg 600w, https:\/\/swiss-soroptimist.ch\/wp-content\/uploads\/2025\/05\/Moesano-2-800x533.jpg 800w, https:\/\/swiss-soroptimist.ch\/wp-content\/uploads\/2025\/05\/Moesano-2.jpg 960w\" sizes=\"(min-width: 2200px) 100vw, (min-width: 915px) 253px, (min-width: 824px) 337px, (min-width: 732px) 505px, (min-width: 640px) 732px, \" \/>\t\t\t\t\t\t\t\t<\/a>\n\t\t\t\t\t\t\t\t<a style=\"display:none;\" href=\"https:\/\/swiss-soroptimist.ch\/wp-content\/uploads\/2025\/05\/Moesano-2.jpg\" data-rel=\"iLightbox[gallery23049]\"  title=\"\" data-title=\"Moesano-2\" data-caption=\"\">\n\t\t\t\t\t\t\t\t\t\t\t\t\t\t\t\t\t<\/a>\n\t\t\t\t\t\t\t<\/div>\n\t\t\t\t\t\t<\/li>\n\t\t\t\t\t\t\t\t\t\t\t\t\t\t\t\t\t\t\t\t\t\t\t\t\n\t\t\t\t\t\n\t\t\t\t\t\t\t\t\t\t\t<li>\n\t\t\t\t\t\t\t<div class=\"fusion-image-wrapper\">\n\t\t\t\t\t\t\t\t<a href=\"https:\/\/swiss-soroptimist.ch\/fr\/si-club-moesano-un-messaggio-forte-per-luguaglianza-di-genere\/\" aria-label=\"SI Club Moesano | un messaggio forte per l\u2019uguaglianza di genere\">\n\t\t\t\t\t\t\t\t\t<img decoding=\"async\" width=\"960\" height=\"640\" src=\"https:\/\/swiss-soroptimist.ch\/wp-content\/uploads\/2025\/05\/Moesano-3.jpg\" alt=\"\" class=\"wp-image-23042\" role=\"presentation\" srcset=\"https:\/\/swiss-soroptimist.ch\/wp-content\/uploads\/2025\/05\/Moesano-3-200x133.jpg 200w, https:\/\/swiss-soroptimist.ch\/wp-content\/uploads\/2025\/05\/Moesano-3-400x267.jpg 400w, https:\/\/swiss-soroptimist.ch\/wp-content\/uploads\/2025\/05\/Moesano-3-600x400.jpg 600w, https:\/\/swiss-soroptimist.ch\/wp-content\/uploads\/2025\/05\/Moesano-3-800x533.jpg 800w, https:\/\/swiss-soroptimist.ch\/wp-content\/uploads\/2025\/05\/Moesano-3.jpg 960w\" sizes=\"(min-width: 2200px) 100vw, (min-width: 915px) 253px, (min-width: 824px) 337px, (min-width: 732px) 505px, (min-width: 640px) 732px, \" \/>\t\t\t\t\t\t\t\t<\/a>\n\t\t\t\t\t\t\t\t<a style=\"display:none;\" href=\"https:\/\/swiss-soroptimist.ch\/wp-content\/uploads\/2025\/05\/Moesano-3.jpg\" data-rel=\"iLightbox[gallery23049]\"  title=\"\" data-title=\"Moesano-3\" data-caption=\"\">\n\t\t\t\t\t\t\t\t\t\t\t\t\t\t\t\t\t<\/a>\n\t\t\t\t\t\t\t<\/div>\n\t\t\t\t\t\t<\/li>\n\t\t\t\t\t\t\t\t\t\t\t\t\t\t\t\t\t\t\t\t\t\t\t\t\n\t\t\t\t\t\n\t\t\t\t\t\t\t\t\t\t\t<li>\n\t\t\t\t\t\t\t<div class=\"fusion-image-wrapper\">\n\t\t\t\t\t\t\t\t<a href=\"https:\/\/swiss-soroptimist.ch\/fr\/si-club-moesano-un-messaggio-forte-per-luguaglianza-di-genere\/\" aria-label=\"SI Club Moesano | un messaggio forte per l\u2019uguaglianza di genere\">\n\t\t\t\t\t\t\t\t\t<img decoding=\"async\" width=\"960\" height=\"640\" src=\"https:\/\/swiss-soroptimist.ch\/wp-content\/uploads\/2025\/05\/Moesano-4.jpg\" alt=\"\" class=\"wp-image-23044\" role=\"presentation\" srcset=\"https:\/\/swiss-soroptimist.ch\/wp-content\/uploads\/2025\/05\/Moesano-4-200x133.jpg 200w, https:\/\/swiss-soroptimist.ch\/wp-content\/uploads\/2025\/05\/Moesano-4-400x267.jpg 400w, https:\/\/swiss-soroptimist.ch\/wp-content\/uploads\/2025\/05\/Moesano-4-600x400.jpg 600w, https:\/\/swiss-soroptimist.ch\/wp-content\/uploads\/2025\/05\/Moesano-4-800x533.jpg 800w, https:\/\/swiss-soroptimist.ch\/wp-content\/uploads\/2025\/05\/Moesano-4.jpg 960w\" sizes=\"(min-width: 2200px) 100vw, (min-width: 915px) 253px, (min-width: 824px) 337px, (min-width: 732px) 505px, (min-width: 640px) 732px, \" \/>\t\t\t\t\t\t\t\t<\/a>\n\t\t\t\t\t\t\t\t<a style=\"display:none;\" href=\"https:\/\/swiss-soroptimist.ch\/wp-content\/uploads\/2025\/05\/Moesano-4.jpg\" data-rel=\"iLightbox[gallery23049]\"  title=\"\" data-title=\"Moesano-4\" data-caption=\"\">\n\t\t\t\t\t\t\t\t\t\t\t\t\t\t\t\t\t<\/a>\n\t\t\t\t\t\t\t<\/div>\n\t\t\t\t\t\t<\/li>\n\t\t\t\t\t\t\t\t\t\t\t\t\t\t\t\t\t\t\t\t\t\t\t\t\t\t\t\t\t\t\t\t\t\t\t\t<\/ul>\n\t<\/div>\n\t<div class=\"fusion-post-content-wrapper\" style=\"padding:30px 25px 20px 25px;\"><div class=\"fusion-post-content post-content\"><h2 class=\"blog-shortcode-post-title entry-title\"><a href=\"https:\/\/swiss-soroptimist.ch\/fr\/si-club-moesano-un-messaggio-forte-per-luguaglianza-di-genere\/\">SI Club Moesano | un messaggio forte per l\u2019uguaglianza di genere<\/a><\/h2><p class=\"fusion-single-line-meta\"><span class=\"vcard\" style=\"display: none;\"><span class=\"fn\"><a href=\"https:\/\/swiss-soroptimist.ch\/fr\/author\/swso_admin\/\" title=\"Articles par swso_admin\" rel=\"author\">swso_admin<\/a><\/span><\/span><span class=\"updated\" style=\"display:none;\">2025-05-12T21:59:48+02:00<\/span><span>mai 12th, 2025<\/span><span class=\"fusion-inline-sep\">|<\/span><\/p><div class=\"fusion-content-sep sep-none\"><\/div><div class=\"fusion-post-content-container\"><\/div><\/div><div class=\"fusion-meta-info\"><div class=\"fusion-alignleft\"><a class=\"fusion-read-more\" href=\"https:\/\/swiss-soroptimist.ch\/fr\/si-club-moesano-un-messaggio-forte-per-luguaglianza-di-genere\/\" aria-label=\"More on SI Club Moesano | un messaggio forte per l\u2019uguaglianza di genere\">Read More<\/a><\/div><\/div><\/div><div class=\"fusion-clearfix\"><\/div><\/div>\n<\/article>\n<article id=\"blog-2-post-23025\" class=\"fusion-post-grid post-23025 post type-post status-publish format-standard has-post-thumbnail hentry category-rapports-des-clubs-2025\">\n<div class=\"fusion-post-wrapper\" style=\"background-color:rgba(255,255,255,1);border:1px solid #ebeaea;border-bottom-width:3px;\">\n\n\t\t\t<div class=\"fusion-flexslider flexslider fusion-flexslider-loading fusion-post-slideshow\" style=\"border-color:#ebeaea;\">\n\t\t<ul class=\"slides\">\n\t\t\t\n\t\t\t\t\t\t\t\t\t\t\t\t\t\t<li><div  class=\"fusion-image-wrapper\" aria-haspopup=\"true\">\n\t\t\t\t\t\t\t<a href=\"https:\/\/swiss-soroptimist.ch\/fr\/si-club-luzern-saphir-2-erfolgreicher-sponsoring-lauf\/\" aria-label=\"SI Club Luzern Saphir | 2. erfolgreicher Sponsoring-Lauf\">\n\t\t\t\t\t\t\t<img decoding=\"async\" width=\"960\" height=\"640\" src=\"https:\/\/swiss-soroptimist.ch\/wp-content\/uploads\/2025\/05\/Soroptimist-Luzern-Saphir-2025-Sponsorenlauf.jpg\" class=\"attachment-full size-full wp-post-image\" alt=\"\" srcset=\"https:\/\/swiss-soroptimist.ch\/wp-content\/uploads\/2025\/05\/Soroptimist-Luzern-Saphir-2025-Sponsorenlauf-200x133.jpg 200w, https:\/\/swiss-soroptimist.ch\/wp-content\/uploads\/2025\/05\/Soroptimist-Luzern-Saphir-2025-Sponsorenlauf-400x267.jpg 400w, https:\/\/swiss-soroptimist.ch\/wp-content\/uploads\/2025\/05\/Soroptimist-Luzern-Saphir-2025-Sponsorenlauf-600x400.jpg 600w, https:\/\/swiss-soroptimist.ch\/wp-content\/uploads\/2025\/05\/Soroptimist-Luzern-Saphir-2025-Sponsorenlauf-800x533.jpg 800w, https:\/\/swiss-soroptimist.ch\/wp-content\/uploads\/2025\/05\/Soroptimist-Luzern-Saphir-2025-Sponsorenlauf.jpg 960w\" sizes=\"(min-width: 2200px) 100vw, (min-width: 915px) 253px, (min-width: 824px) 337px, (min-width: 732px) 505px, (min-width: 640px) 732px, \" \/>\t\t\t<\/a>\n\t\t\t\t\t\t\t<\/div>\n<\/li>\n\t\t\t\n\t\t\t\n\t\t\t\t\t\t\t\t\t\t\t\n\t\t\t\t\t\n\t\t\t\t\t\t\t\t\t\t\t<li>\n\t\t\t\t\t\t\t<div class=\"fusion-image-wrapper\">\n\t\t\t\t\t\t\t\t<a href=\"https:\/\/swiss-soroptimist.ch\/fr\/si-club-luzern-saphir-2-erfolgreicher-sponsoring-lauf\/\" aria-label=\"SI Club Luzern Saphir | 2. erfolgreicher Sponsoring-Lauf\">\n\t\t\t\t\t\t\t\t\t<img decoding=\"async\" width=\"960\" height=\"640\" src=\"https:\/\/swiss-soroptimist.ch\/wp-content\/uploads\/2025\/05\/Soroptimist-Luzern-Saphir-2025.jpg\" alt=\"\" class=\"wp-image-23021\" role=\"presentation\" srcset=\"https:\/\/swiss-soroptimist.ch\/wp-content\/uploads\/2025\/05\/Soroptimist-Luzern-Saphir-2025-200x133.jpg 200w, https:\/\/swiss-soroptimist.ch\/wp-content\/uploads\/2025\/05\/Soroptimist-Luzern-Saphir-2025-400x267.jpg 400w, https:\/\/swiss-soroptimist.ch\/wp-content\/uploads\/2025\/05\/Soroptimist-Luzern-Saphir-2025-600x400.jpg 600w, https:\/\/swiss-soroptimist.ch\/wp-content\/uploads\/2025\/05\/Soroptimist-Luzern-Saphir-2025-800x533.jpg 800w, https:\/\/swiss-soroptimist.ch\/wp-content\/uploads\/2025\/05\/Soroptimist-Luzern-Saphir-2025.jpg 960w\" sizes=\"(min-width: 2200px) 100vw, (min-width: 915px) 253px, (min-width: 824px) 337px, (min-width: 732px) 505px, (min-width: 640px) 732px, \" \/>\t\t\t\t\t\t\t\t<\/a>\n\t\t\t\t\t\t\t\t<a style=\"display:none;\" href=\"https:\/\/swiss-soroptimist.ch\/wp-content\/uploads\/2025\/05\/Soroptimist-Luzern-Saphir-2025.jpg\" data-rel=\"iLightbox[gallery23025]\"  title=\"\" data-title=\"Soroptimist-Luzern-Saphir-2025\" data-caption=\"\">\n\t\t\t\t\t\t\t\t\t\t\t\t\t\t\t\t\t<\/a>\n\t\t\t\t\t\t\t<\/div>\n\t\t\t\t\t\t<\/li>\n\t\t\t\t\t\t\t\t\t\t\t\t\t\t\t\t\t\t\t\t\t\t\t\t\t\t\t\t\t\t\t\t\t\t\t\t\t\t\t\t\t\t\t\t\t\t\t\t\t\t\t\t\t\t\t\t\t\t\t\t\t\t\t\t\t\t<\/ul>\n\t<\/div>\n\t<div class=\"fusion-post-content-wrapper\" style=\"padding:30px 25px 20px 25px;\"><div class=\"fusion-post-content post-content\"><h2 class=\"blog-shortcode-post-title entry-title\"><a href=\"https:\/\/swiss-soroptimist.ch\/fr\/si-club-luzern-saphir-2-erfolgreicher-sponsoring-lauf\/\">SI Club Luzern Saphir | 2. erfolgreicher Sponsoring-Lauf<\/a><\/h2><p class=\"fusion-single-line-meta\"><span class=\"vcard\" style=\"display: none;\"><span class=\"fn\"><a href=\"https:\/\/swiss-soroptimist.ch\/fr\/author\/swso_admin\/\" title=\"Articles par swso_admin\" rel=\"author\">swso_admin<\/a><\/span><\/span><span class=\"updated\" style=\"display:none;\">2025-05-09T12:48:45+02:00<\/span><span>mai 9th, 2025<\/span><span class=\"fusion-inline-sep\">|<\/span><\/p><div class=\"fusion-content-sep sep-none\"><\/div><div class=\"fusion-post-content-container\"><\/div><\/div><div class=\"fusion-meta-info\"><div class=\"fusion-alignleft\"><a class=\"fusion-read-more\" href=\"https:\/\/swiss-soroptimist.ch\/fr\/si-club-luzern-saphir-2-erfolgreicher-sponsoring-lauf\/\" aria-label=\"More on SI Club Luzern Saphir | 2. erfolgreicher Sponsoring-Lauf\">Read More<\/a><\/div><\/div><\/div><div class=\"fusion-clearfix\"><\/div><\/div>\n<\/article>\n<article id=\"blog-2-post-22889\" class=\"fusion-post-grid post-22889 post type-post status-publish format-standard has-post-thumbnail hentry category-rapports-des-clubs-2025\">\n<div class=\"fusion-post-wrapper\" style=\"background-color:rgba(255,255,255,1);border:1px solid #ebeaea;border-bottom-width:3px;\">\n\n\t\t\t<div class=\"fusion-flexslider flexslider fusion-flexslider-loading fusion-post-slideshow\" style=\"border-color:#ebeaea;\">\n\t\t<ul class=\"slides\">\n\t\t\t\n\t\t\t\t\t\t\t\t\t\t\t\t\t\t<li><div  class=\"fusion-image-wrapper\" aria-haspopup=\"true\">\n\t\t\t\t\t\t\t<a href=\"https:\/\/swiss-soroptimist.ch\/fr\/si-club-liechtenstein-spende-chf-9000-an-frauenhaus\/\" aria-label=\"SI Club Liechtenstein | Spende CHF 9000 an Frauenhaus\">\n\t\t\t\t\t\t\t<img decoding=\"async\" width=\"960\" height=\"640\" src=\"https:\/\/swiss-soroptimist.ch\/wp-content\/uploads\/2025\/04\/Liechtenstein-2025.jpg\" class=\"attachment-full size-full wp-post-image\" alt=\"\" srcset=\"https:\/\/swiss-soroptimist.ch\/wp-content\/uploads\/2025\/04\/Liechtenstein-2025-200x133.jpg 200w, https:\/\/swiss-soroptimist.ch\/wp-content\/uploads\/2025\/04\/Liechtenstein-2025-400x267.jpg 400w, https:\/\/swiss-soroptimist.ch\/wp-content\/uploads\/2025\/04\/Liechtenstein-2025-600x400.jpg 600w, https:\/\/swiss-soroptimist.ch\/wp-content\/uploads\/2025\/04\/Liechtenstein-2025-800x533.jpg 800w, https:\/\/swiss-soroptimist.ch\/wp-content\/uploads\/2025\/04\/Liechtenstein-2025.jpg 960w\" sizes=\"(min-width: 2200px) 100vw, (min-width: 915px) 253px, (min-width: 824px) 337px, (min-width: 732px) 505px, (min-width: 640px) 732px, \" \/>\t\t\t<\/a>\n\t\t\t\t\t\t\t<\/div>\n<\/li>\n\t\t\t\n\t\t\t\n\t\t\t\t\t\t\t\t\t\t\t\t\t\t\t\t\t\t\t\t\t\t\t\t\t\t\t\t\t\t\t\t\t\t\t\t\t\t\t\t\t\t\t\t\t\t\t\t\t\t\t\t\t\t\t\t\t\t\t\t\t\t\t\t\t\t\t\t<\/ul>\n\t<\/div>\n\t<div class=\"fusion-post-content-wrapper\" style=\"padding:30px 25px 20px 25px;\"><div class=\"fusion-post-content post-content\"><h2 class=\"blog-shortcode-post-title entry-title\"><a href=\"https:\/\/swiss-soroptimist.ch\/fr\/si-club-liechtenstein-spende-chf-9000-an-frauenhaus\/\">SI Club Liechtenstein | Spende CHF 9000 an Frauenhaus<\/a><\/h2><p class=\"fusion-single-line-meta\"><span class=\"vcard\" style=\"display: none;\"><span class=\"fn\"><a href=\"https:\/\/swiss-soroptimist.ch\/fr\/author\/swso_admin\/\" title=\"Articles par swso_admin\" rel=\"author\">swso_admin<\/a><\/span><\/span><span class=\"updated\" style=\"display:none;\">2025-04-23T20:42:30+02:00<\/span><span>avril 23rd, 2025<\/span><span class=\"fusion-inline-sep\">|<\/span><\/p><div class=\"fusion-content-sep sep-none\"><\/div><div class=\"fusion-post-content-container\"><\/div><\/div><div class=\"fusion-meta-info\"><div class=\"fusion-alignleft\"><a class=\"fusion-read-more\" href=\"https:\/\/swiss-soroptimist.ch\/fr\/si-club-liechtenstein-spende-chf-9000-an-frauenhaus\/\" aria-label=\"More on SI Club Liechtenstein | Spende CHF 9000 an Frauenhaus\">Read More<\/a><\/div><\/div><\/div><div class=\"fusion-clearfix\"><\/div><\/div>\n<\/article>\n<article id=\"blog-2-post-22748\" class=\"fusion-post-grid post-22748 post type-post status-publish format-standard has-post-thumbnail hentry category-rapports-des-clubs-2025\">\n<div class=\"fusion-post-wrapper\" style=\"background-color:rgba(255,255,255,1);border:1px solid #ebeaea;border-bottom-width:3px;\">\n\n\t\t\t<div class=\"fusion-flexslider flexslider fusion-flexslider-loading fusion-post-slideshow\" style=\"border-color:#ebeaea;\">\n\t\t<ul class=\"slides\">\n\t\t\t\n\t\t\t\t\t\t\t\t\t\t\t\t\t\t<li><div  class=\"fusion-image-wrapper\" aria-haspopup=\"true\">\n\t\t\t\t\t\t\t<a href=\"https:\/\/swiss-soroptimist.ch\/fr\/si-club-bellinzona-e-valli-sostegno-alla-valle-maggia\/\" aria-label=\"SI Club Bellinzona e Valli | Sostegno alla Valle Maggia\">\n\t\t\t\t\t\t\t<img decoding=\"async\" width=\"600\" height=\"400\" src=\"https:\/\/swiss-soroptimist.ch\/wp-content\/uploads\/2025\/03\/valle-maggia-soroptimist-bellinzona.jpg\" class=\"attachment-full size-full wp-post-image\" alt=\"\" srcset=\"https:\/\/swiss-soroptimist.ch\/wp-content\/uploads\/2025\/03\/valle-maggia-soroptimist-bellinzona-200x133.jpg 200w, https:\/\/swiss-soroptimist.ch\/wp-content\/uploads\/2025\/03\/valle-maggia-soroptimist-bellinzona-400x267.jpg 400w, https:\/\/swiss-soroptimist.ch\/wp-content\/uploads\/2025\/03\/valle-maggia-soroptimist-bellinzona.jpg 600w\" sizes=\"(min-width: 2200px) 100vw, (min-width: 915px) 253px, (min-width: 824px) 337px, (min-width: 732px) 505px, (min-width: 640px) 732px, \" \/>\t\t\t<\/a>\n\t\t\t\t\t\t\t<\/div>\n<\/li>\n\t\t\t\n\t\t\t\n\t\t\t\t\t\t\t\t\t\t\t\n\t\t\t\t\t\n\t\t\t\t\t\t\t\t\t\t\t<li>\n\t\t\t\t\t\t\t<div class=\"fusion-image-wrapper\">\n\t\t\t\t\t\t\t\t<a href=\"https:\/\/swiss-soroptimist.ch\/fr\/si-club-bellinzona-e-valli-sostegno-alla-valle-maggia\/\" aria-label=\"SI Club Bellinzona e Valli | Sostegno alla Valle Maggia\">\n\t\t\t\t\t\t\t\t\t<img decoding=\"async\" width=\"600\" height=\"400\" src=\"https:\/\/swiss-soroptimist.ch\/wp-content\/uploads\/2025\/03\/bellinz-2-1.jpg\" alt=\"\" class=\"wp-image-22773\" role=\"presentation\" srcset=\"https:\/\/swiss-soroptimist.ch\/wp-content\/uploads\/2025\/03\/bellinz-2-1-200x133.jpg 200w, https:\/\/swiss-soroptimist.ch\/wp-content\/uploads\/2025\/03\/bellinz-2-1-400x267.jpg 400w, https:\/\/swiss-soroptimist.ch\/wp-content\/uploads\/2025\/03\/bellinz-2-1.jpg 600w\" sizes=\"(min-width: 2200px) 100vw, (min-width: 915px) 253px, (min-width: 824px) 337px, (min-width: 732px) 505px, (min-width: 640px) 732px, \" \/>\t\t\t\t\t\t\t\t<\/a>\n\t\t\t\t\t\t\t\t<a style=\"display:none;\" href=\"https:\/\/swiss-soroptimist.ch\/wp-content\/uploads\/2025\/03\/bellinz-2-1.jpg\" data-rel=\"iLightbox[gallery22748]\"  title=\"\" data-title=\"bellinz-2\" data-caption=\"\">\n\t\t\t\t\t\t\t\t\t\t\t\t\t\t\t\t\t<\/a>\n\t\t\t\t\t\t\t<\/div>\n\t\t\t\t\t\t<\/li>\n\t\t\t\t\t\t\t\t\t\t\t\t\t\t\t\t\t\t\t\t\t\t\t\t\t\t\t\t\t\t\t\t\t\t\t\t\t\t\t\t\t\t\t\t\t\t\t\t\t\t\t\t\t\t\t\t\t\t\t\t\t\t\t\t\t\t<\/ul>\n\t<\/div>\n\t<div class=\"fusion-post-content-wrapper\" style=\"padding:30px 25px 20px 25px;\"><div class=\"fusion-post-content post-content\"><h2 class=\"blog-shortcode-post-title entry-title\"><a href=\"https:\/\/swiss-soroptimist.ch\/fr\/si-club-bellinzona-e-valli-sostegno-alla-valle-maggia\/\">SI Club Bellinzona e Valli | Sostegno alla Valle Maggia<\/a><\/h2><p class=\"fusion-single-line-meta\"><span class=\"vcard\" style=\"display: none;\"><span class=\"fn\"><a href=\"https:\/\/swiss-soroptimist.ch\/fr\/author\/swso_admin\/\" title=\"Articles par swso_admin\" rel=\"author\">swso_admin<\/a><\/span><\/span><span class=\"updated\" style=\"display:none;\">2025-03-22T15:33:04+01:00<\/span><span>mars 18th, 2025<\/span><span class=\"fusion-inline-sep\">|<\/span><\/p><div class=\"fusion-content-sep sep-none\"><\/div><div class=\"fusion-post-content-container\"><\/div><\/div><div class=\"fusion-meta-info\"><div class=\"fusion-alignleft\"><a class=\"fusion-read-more\" href=\"https:\/\/swiss-soroptimist.ch\/fr\/si-club-bellinzona-e-valli-sostegno-alla-valle-maggia\/\" aria-label=\"More on SI Club Bellinzona e Valli | Sostegno alla Valle Maggia\">Read More<\/a><\/div><\/div><\/div><div class=\"fusion-clearfix\"><\/div><\/div>\n<\/article>\n<div class=\"fusion-clearfix\"><\/div><\/div><\/div><\/div><\/div><\/div><\/div><div class=\"fusion-fullwidth fullwidth-box fusion-builder-row-4 fusion-flex-container has-pattern-background has-mask-background hundred-percent-fullwidth non-hundred-percent-height-scrolling\" style=\"--awb-border-radius-top-left:0px;--awb-border-radius-top-right:0px;--awb-border-radius-bottom-right:0px;--awb-border-radius-bottom-left:0px;--awb-background-color:rgba(163,174,206,0.25);--awb-flex-wrap:wrap;\" ><div class=\"fusion-builder-row fusion-row fusion-flex-align-items-flex-start fusion-flex-content-wrap\" style=\"width:104% !important;max-width:104% !important;margin-left: calc(-4% \/ 2 );margin-right: calc(-4% \/ 2 );\"><div class=\"fusion-layout-column fusion_builder_column fusion-builder-column-3 fusion_builder_column_1_1 1_1 fusion-flex-column\" style=\"--awb-bg-size:cover;--awb-width-large:100%;--awb-margin-top-large:0px;--awb-spacing-right-large:1.92%;--awb-margin-bottom-large:20px;--awb-spacing-left-large:1.92%;--awb-width-medium:100%;--awb-order-medium:0;--awb-spacing-right-medium:1.92%;--awb-spacing-left-medium:1.92%;--awb-width-small:100%;--awb-order-small:0;--awb-spacing-right-small:1.92%;--awb-spacing-left-small:1.92%;\"><div class=\"fusion-column-wrapper fusion-column-has-shadow fusion-flex-justify-content-flex-start fusion-content-layout-column\"><div class=\"fusion-separator fusion-full-width-sep\" style=\"align-self: center;margin-left: auto;margin-right: auto;margin-top:50px;width:100%;\"><\/div><div class=\"fusion-text fusion-text-3\"><h3 style=\"text-align: center;\"><strong>Activit\u00e9s des clubs au fil des ans<\/strong><\/h3>\n<\/div><\/div><\/div><\/div><\/div><div class=\"fusion-fullwidth fullwidth-box fusion-builder-row-5 fusion-flex-container has-pattern-background has-mask-background hundred-percent-fullwidth non-hundred-percent-height-scrolling\" style=\"--awb-border-radius-top-left:0px;--awb-border-radius-top-right:0px;--awb-border-radius-bottom-right:0px;--awb-border-radius-bottom-left:0px;--awb-background-image:linear-gradient(180deg, rgba(163,174,206,0.25) 0%,var(--awb-color1) 100%);--awb-flex-wrap:wrap;\" ><div class=\"fusion-builder-row fusion-row fusion-flex-align-items-flex-start fusion-flex-content-wrap\" style=\"width:104% !important;max-width:104% !important;margin-left: calc(-4% \/ 2 );margin-right: calc(-4% \/ 2 );\"><div class=\"fusion-layout-column fusion_builder_column fusion-builder-column-4 fusion_builder_column_1_1 1_1 fusion-flex-column\" style=\"--awb-bg-size:cover;--awb-width-large:100%;--awb-margin-top-large:0px;--awb-spacing-right-large:1.92%;--awb-margin-bottom-large:20px;--awb-spacing-left-large:1.92%;--awb-width-medium:100%;--awb-order-medium:0;--awb-spacing-right-medium:1.92%;--awb-spacing-left-medium:1.92%;--awb-width-small:100%;--awb-order-small:0;--awb-spacing-right-small:1.92%;--awb-spacing-left-small:1.92%;\"><div class=\"fusion-column-wrapper fusion-column-has-shadow fusion-flex-justify-content-flex-start fusion-content-layout-column\"><div class=\"fusion-separator fusion-full-width-sep\" style=\"align-self: center;margin-left: auto;margin-right: auto;margin-top:50px;width:100%;\"><\/div><div class=\"fusion-blog-shortcode fusion-blog-shortcode-3 fusion-blog-archive fusion-blog-layout-grid-wrapper fusion-blog-no\" style=\"--awb-title-text-transform:uppercase;\"><style type=\"text\/css\">.fusion-blog-shortcode-3 .fusion-blog-layout-grid .fusion-post-grid{padding:20px;}.fusion-blog-shortcode-3 .fusion-posts-container{margin-left: -20px !important; margin-right:-20px !important;}<\/style><div class=\"fusion-posts-container fusion-posts-container-no fusion-no-meta-info fusion-blog-layout-grid fusion-blog-layout-grid-4 isotope fusion-blog-equal-heights\" data-pages=\"0\" data-grid-col-space=\"40\" style=\"margin: -20px -20px 0;min-height:500px;\"><article id=\"blog-3-post-22540\" class=\"fusion-post-grid post-22540 post type-post status-publish format-standard has-post-thumbnail hentry category-c-2024-f\">\n<div class=\"fusion-post-wrapper\" style=\"background-color:rgba(255,255,255,0);border:1px solid #ebeaea;border-bottom-width:3px;\">\n\n\t\t\t<div class=\"fusion-flexslider flexslider fusion-flexslider-loading fusion-post-slideshow\" style=\"border-color:#ebeaea;\">\n\t\t<ul class=\"slides\">\n\t\t\t\n\t\t\t\t\t\t\t\t\t\t\t\t\t\t<li><div  class=\"fusion-image-wrapper\" aria-haspopup=\"true\">\n\t\t\t\t\t\t\t<a href=\"https:\/\/swiss-soroptimist.ch\/fr\/activites-des-clubs-2024\/\" aria-label=\"ACTIVIT\u00c9S DES CLUBS 2024\">\n\t\t\t\t\t\t\t<img decoding=\"async\" width=\"800\" height=\"533\" src=\"https:\/\/swiss-soroptimist.ch\/wp-content\/uploads\/2025\/02\/2024.jpg\" class=\"attachment-full size-full wp-post-image\" alt=\"\" srcset=\"https:\/\/swiss-soroptimist.ch\/wp-content\/uploads\/2025\/02\/2024-200x133.jpg 200w, https:\/\/swiss-soroptimist.ch\/wp-content\/uploads\/2025\/02\/2024-400x267.jpg 400w, https:\/\/swiss-soroptimist.ch\/wp-content\/uploads\/2025\/02\/2024-600x400.jpg 600w, https:\/\/swiss-soroptimist.ch\/wp-content\/uploads\/2025\/02\/2024.jpg 800w\" sizes=\"(min-width: 2200px) 100vw, (min-width: 915px) 245px, (min-width: 824px) 327px, (min-width: 732px) 490px, (min-width: 640px) 732px, \" \/>\t\t\t<\/a>\n\t\t\t\t\t\t\t<\/div>\n<\/li>\n\t\t\t\n\t\t\t\n\t\t\t\t\t\t\t\t\t\t\t\t\t\t\t\t\t\t\t\t\t\t\t\t\t\t\t\t\t\t\t\t\t\t\t\t\t\t\t\t\t\t\t\t\t\t\t\t\t\t\t\t\t\t\t\t\t\t\t\t\t\t\t\t\t\t\t\t<\/ul>\n\t<\/div>\n\t<div class=\"fusion-post-content-wrapper\" style=\"padding:30px 25px 20px 25px;\"><div class=\"fusion-post-content post-content\"><h2 class=\"blog-shortcode-post-title entry-title\"><a href=\"https:\/\/swiss-soroptimist.ch\/fr\/activites-des-clubs-2024\/\">ACTIVIT\u00c9S DES CLUBS 2024<\/a><\/h2><\/div><\/div><div class=\"fusion-clearfix\"><\/div><\/div>\n<\/article>\n<article id=\"blog-3-post-22528\" class=\"fusion-post-grid post-22528 post type-post status-publish format-standard has-post-thumbnail hentry category-c-2023-f\">\n<div class=\"fusion-post-wrapper\" style=\"background-color:rgba(255,255,255,0);border:1px solid #ebeaea;border-bottom-width:3px;\">\n\n\t\t\t<div class=\"fusion-flexslider flexslider fusion-flexslider-loading fusion-post-slideshow\" style=\"border-color:#ebeaea;\">\n\t\t<ul class=\"slides\">\n\t\t\t\n\t\t\t\t\t\t\t\t\t\t\t\t\t\t<li><div  class=\"fusion-image-wrapper\" aria-haspopup=\"true\">\n\t\t\t\t\t\t\t<a href=\"https:\/\/swiss-soroptimist.ch\/fr\/activites-des-clubs-2023\/\" aria-label=\"ACTIVIT\u00c9S DES CLUBS 2023\">\n\t\t\t\t\t\t\t<img decoding=\"async\" width=\"800\" height=\"533\" src=\"https:\/\/swiss-soroptimist.ch\/wp-content\/uploads\/2025\/02\/2023.jpg\" class=\"attachment-full size-full wp-post-image\" alt=\"\" srcset=\"https:\/\/swiss-soroptimist.ch\/wp-content\/uploads\/2025\/02\/2023-200x133.jpg 200w, https:\/\/swiss-soroptimist.ch\/wp-content\/uploads\/2025\/02\/2023-400x267.jpg 400w, https:\/\/swiss-soroptimist.ch\/wp-content\/uploads\/2025\/02\/2023-600x400.jpg 600w, https:\/\/swiss-soroptimist.ch\/wp-content\/uploads\/2025\/02\/2023.jpg 800w\" sizes=\"(min-width: 2200px) 100vw, (min-width: 915px) 245px, (min-width: 824px) 327px, (min-width: 732px) 490px, (min-width: 640px) 732px, \" \/>\t\t\t<\/a>\n\t\t\t\t\t\t\t<\/div>\n<\/li>\n\t\t\t\n\t\t\t\n\t\t\t\t\t\t\t\t\t\t\t\t\t\t\t\t\t\t\t\t\t\t\t\t\t\t\t\t\t\t\t\t\t\t\t\t\t\t\t\t\t\t\t\t\t\t\t\t\t\t\t\t\t\t\t\t\t\t\t\t\t\t\t\t\t\t\t\t<\/ul>\n\t<\/div>\n\t<div class=\"fusion-post-content-wrapper\" style=\"padding:30px 25px 20px 25px;\"><div class=\"fusion-post-content post-content\"><h2 class=\"blog-shortcode-post-title entry-title\"><a href=\"https:\/\/swiss-soroptimist.ch\/fr\/activites-des-clubs-2023\/\">ACTIVIT\u00c9S DES CLUBS 2023<\/a><\/h2><\/div><\/div><div class=\"fusion-clearfix\"><\/div><\/div>\n<\/article>\n<article id=\"blog-3-post-19120\" class=\"fusion-post-grid post-19120 post type-post status-publish format-standard has-post-thumbnail hentry category-c-2022-f\">\n<div class=\"fusion-post-wrapper\" style=\"background-color:rgba(255,255,255,0);border:1px solid #ebeaea;border-bottom-width:3px;\">\n\n\t\t\t<div class=\"fusion-flexslider flexslider fusion-flexslider-loading fusion-post-slideshow\" style=\"border-color:#ebeaea;\">\n\t\t<ul class=\"slides\">\n\t\t\t\n\t\t\t\t\t\t\t\t\t\t\t\t\t\t<li><div  class=\"fusion-image-wrapper\" aria-haspopup=\"true\">\n\t\t\t\t\t\t\t<a href=\"https:\/\/swiss-soroptimist.ch\/fr\/activites-des-clubs-2022\/\" aria-label=\"Activit\u00e9s des Clubs 2022\">\n\t\t\t\t\t\t\t<img decoding=\"async\" width=\"800\" height=\"533\" src=\"https:\/\/swiss-soroptimist.ch\/wp-content\/uploads\/2023\/04\/2022.jpg\" class=\"attachment-full size-full wp-post-image\" alt=\"\" srcset=\"https:\/\/swiss-soroptimist.ch\/wp-content\/uploads\/2023\/04\/2022-200x133.jpg 200w, https:\/\/swiss-soroptimist.ch\/wp-content\/uploads\/2023\/04\/2022-400x267.jpg 400w, https:\/\/swiss-soroptimist.ch\/wp-content\/uploads\/2023\/04\/2022-600x400.jpg 600w, https:\/\/swiss-soroptimist.ch\/wp-content\/uploads\/2023\/04\/2022.jpg 800w\" sizes=\"(min-width: 2200px) 100vw, (min-width: 915px) 245px, (min-width: 824px) 327px, (min-width: 732px) 490px, (min-width: 640px) 732px, \" \/>\t\t\t<\/a>\n\t\t\t\t\t\t\t<\/div>\n<\/li>\n\t\t\t\n\t\t\t\n\t\t\t\t\t\t\t\t\t\t\t\t\t\t\t\t\t\t\t\t\t\t\t\t\t\t\t\t\t\t\t\t\t\t\t\t\t\t\t\t\t\t\t\t\t\t\t\t\t\t\t\t\t\t\t\t\t\t\t\t\t\t\t\t\t\t\t\t<\/ul>\n\t<\/div>\n\t<div class=\"fusion-post-content-wrapper\" style=\"padding:30px 25px 20px 25px;\"><div class=\"fusion-post-content post-content\"><h2 class=\"blog-shortcode-post-title entry-title\"><a href=\"https:\/\/swiss-soroptimist.ch\/fr\/activites-des-clubs-2022\/\">Activit\u00e9s des Clubs 2022<\/a><\/h2><\/div><\/div><div class=\"fusion-clearfix\"><\/div><\/div>\n<\/article>\n<article id=\"blog-3-post-19135\" class=\"fusion-post-grid post-19135 post type-post status-publish format-standard has-post-thumbnail hentry category-c-2021-f\">\n<div class=\"fusion-post-wrapper\" style=\"background-color:rgba(255,255,255,0);border:1px solid #ebeaea;border-bottom-width:3px;\">\n\n\t\t\t<div class=\"fusion-flexslider flexslider fusion-flexslider-loading fusion-post-slideshow\" style=\"border-color:#ebeaea;\">\n\t\t<ul class=\"slides\">\n\t\t\t\n\t\t\t\t\t\t\t\t\t\t\t\t\t\t<li><div  class=\"fusion-image-wrapper\" aria-haspopup=\"true\">\n\t\t\t\t\t\t\t<a href=\"https:\/\/swiss-soroptimist.ch\/fr\/activites-des-clubs-2021\/\" aria-label=\"Activit\u00e9s des Clubs 2021\">\n\t\t\t\t\t\t\t<img decoding=\"async\" width=\"800\" height=\"533\" src=\"https:\/\/swiss-soroptimist.ch\/wp-content\/uploads\/2023\/04\/2021.jpg\" class=\"attachment-full size-full wp-post-image\" alt=\"\" srcset=\"https:\/\/swiss-soroptimist.ch\/wp-content\/uploads\/2023\/04\/2021-200x133.jpg 200w, https:\/\/swiss-soroptimist.ch\/wp-content\/uploads\/2023\/04\/2021-400x267.jpg 400w, https:\/\/swiss-soroptimist.ch\/wp-content\/uploads\/2023\/04\/2021-600x400.jpg 600w, https:\/\/swiss-soroptimist.ch\/wp-content\/uploads\/2023\/04\/2021.jpg 800w\" sizes=\"(min-width: 2200px) 100vw, (min-width: 915px) 245px, (min-width: 824px) 327px, (min-width: 732px) 490px, (min-width: 640px) 732px, \" \/>\t\t\t<\/a>\n\t\t\t\t\t\t\t<\/div>\n<\/li>\n\t\t\t\n\t\t\t\n\t\t\t\t\t\t\t\t\t\t\t\t\t\t\t\t\t\t\t\t\t\t\t\t\t\t\t\t\t\t\t\t\t\t\t\t\t\t\t\t\t\t\t\t\t\t\t\t\t\t\t\t\t\t\t\t\t\t\t\t\t\t\t\t\t\t\t\t<\/ul>\n\t<\/div>\n\t<div class=\"fusion-post-content-wrapper\" style=\"padding:30px 25px 20px 25px;\"><div class=\"fusion-post-content post-content\"><h2 class=\"blog-shortcode-post-title entry-title\"><a href=\"https:\/\/swiss-soroptimist.ch\/fr\/activites-des-clubs-2021\/\">Activit\u00e9s des Clubs 2021<\/a><\/h2><\/div><\/div><div class=\"fusion-clearfix\"><\/div><\/div>\n<\/article>\n<article id=\"blog-3-post-19155\" class=\"fusion-post-grid post-19155 post type-post status-publish format-standard has-post-thumbnail hentry category-c-2020-f\">\n<div class=\"fusion-post-wrapper\" style=\"background-color:rgba(255,255,255,0);border:1px solid #ebeaea;border-bottom-width:3px;\">\n\n\t\t\t<div class=\"fusion-flexslider flexslider fusion-flexslider-loading fusion-post-slideshow\" style=\"border-color:#ebeaea;\">\n\t\t<ul class=\"slides\">\n\t\t\t\n\t\t\t\t\t\t\t\t\t\t\t\t\t\t<li><div  class=\"fusion-image-wrapper\" aria-haspopup=\"true\">\n\t\t\t\t\t\t\t<a href=\"https:\/\/swiss-soroptimist.ch\/fr\/activites-des-clubs-2020\/\" aria-label=\"Activit\u00e9s des Clubs 2020\">\n\t\t\t\t\t\t\t<img decoding=\"async\" width=\"800\" height=\"533\" src=\"https:\/\/swiss-soroptimist.ch\/wp-content\/uploads\/2023\/04\/2020.jpg\" class=\"attachment-full size-full wp-post-image\" alt=\"\" srcset=\"https:\/\/swiss-soroptimist.ch\/wp-content\/uploads\/2023\/04\/2020-200x133.jpg 200w, https:\/\/swiss-soroptimist.ch\/wp-content\/uploads\/2023\/04\/2020-400x267.jpg 400w, https:\/\/swiss-soroptimist.ch\/wp-content\/uploads\/2023\/04\/2020-600x400.jpg 600w, https:\/\/swiss-soroptimist.ch\/wp-content\/uploads\/2023\/04\/2020.jpg 800w\" sizes=\"(min-width: 2200px) 100vw, (min-width: 915px) 245px, (min-width: 824px) 327px, (min-width: 732px) 490px, (min-width: 640px) 732px, \" \/>\t\t\t<\/a>\n\t\t\t\t\t\t\t<\/div>\n<\/li>\n\t\t\t\n\t\t\t\n\t\t\t\t\t\t\t\t\t\t\t\t\t\t\t\t\t\t\t\t\t\t\t\t\t\t\t\t\t\t\t\t\t\t\t\t\t\t\t\t\t\t\t\t\t\t\t\t\t\t\t\t\t\t\t\t\t\t\t\t\t\t\t\t\t\t\t\t<\/ul>\n\t<\/div>\n\t<div class=\"fusion-post-content-wrapper\" style=\"padding:30px 25px 20px 25px;\"><div class=\"fusion-post-content post-content\"><h2 class=\"blog-shortcode-post-title entry-title\"><a href=\"https:\/\/swiss-soroptimist.ch\/fr\/activites-des-clubs-2020\/\">Activit\u00e9s des Clubs 2020<\/a><\/h2><\/div><\/div><div class=\"fusion-clearfix\"><\/div><\/div>\n<\/article>\n<article id=\"blog-3-post-19170\" class=\"fusion-post-grid post-19170 post type-post status-publish format-standard has-post-thumbnail hentry category-c-2019-f\">\n<div class=\"fusion-post-wrapper\" style=\"background-color:rgba(255,255,255,0);border:1px solid #ebeaea;border-bottom-width:3px;\">\n\n\t\t\t<div class=\"fusion-flexslider flexslider fusion-flexslider-loading fusion-post-slideshow\" style=\"border-color:#ebeaea;\">\n\t\t<ul class=\"slides\">\n\t\t\t\n\t\t\t\t\t\t\t\t\t\t\t\t\t\t<li><div  class=\"fusion-image-wrapper\" aria-haspopup=\"true\">\n\t\t\t\t\t\t\t<a href=\"https:\/\/swiss-soroptimist.ch\/fr\/activites-des-clubs-2019\/\" aria-label=\"Activit\u00e9s des Clubs 2019\">\n\t\t\t\t\t\t\t<img decoding=\"async\" width=\"800\" height=\"533\" src=\"https:\/\/swiss-soroptimist.ch\/wp-content\/uploads\/2023\/04\/2019.jpg\" class=\"attachment-full size-full wp-post-image\" alt=\"\" srcset=\"https:\/\/swiss-soroptimist.ch\/wp-content\/uploads\/2023\/04\/2019-200x133.jpg 200w, https:\/\/swiss-soroptimist.ch\/wp-content\/uploads\/2023\/04\/2019-400x267.jpg 400w, https:\/\/swiss-soroptimist.ch\/wp-content\/uploads\/2023\/04\/2019-600x400.jpg 600w, https:\/\/swiss-soroptimist.ch\/wp-content\/uploads\/2023\/04\/2019.jpg 800w\" sizes=\"(min-width: 2200px) 100vw, (min-width: 915px) 245px, (min-width: 824px) 327px, (min-width: 732px) 490px, (min-width: 640px) 732px, \" \/>\t\t\t<\/a>\n\t\t\t\t\t\t\t<\/div>\n<\/li>\n\t\t\t\n\t\t\t\n\t\t\t\t\t\t\t\t\t\t\t\t\t\t\t\t\t\t\t\t\t\t\t\t\t\t\t\t\t\t\t\t\t\t\t\t\t\t\t\t\t\t\t\t\t\t\t\t\t\t\t\t\t\t\t\t\t\t\t\t\t\t\t\t\t\t\t\t<\/ul>\n\t<\/div>\n\t<div class=\"fusion-post-content-wrapper\" style=\"padding:30px 25px 20px 25px;\"><div class=\"fusion-post-content post-content\"><h2 class=\"blog-shortcode-post-title entry-title\"><a href=\"https:\/\/swiss-soroptimist.ch\/fr\/activites-des-clubs-2019\/\">Activit\u00e9s des Clubs 2019<\/a><\/h2><\/div><\/div><div class=\"fusion-clearfix\"><\/div><\/div>\n<\/article>\n<article id=\"blog-3-post-19214\" class=\"fusion-post-grid post-19214 post type-post status-publish format-standard has-post-thumbnail hentry category-c-2018-f\">\n<div class=\"fusion-post-wrapper\" style=\"background-color:rgba(255,255,255,0);border:1px solid #ebeaea;border-bottom-width:3px;\">\n\n\t\t\t<div class=\"fusion-flexslider flexslider fusion-flexslider-loading fusion-post-slideshow\" style=\"border-color:#ebeaea;\">\n\t\t<ul class=\"slides\">\n\t\t\t\n\t\t\t\t\t\t\t\t\t\t\t\t\t\t<li><div  class=\"fusion-image-wrapper\" aria-haspopup=\"true\">\n\t\t\t\t\t\t\t<a href=\"https:\/\/swiss-soroptimist.ch\/fr\/activites-des-clubs-2018\/\" aria-label=\"Activit\u00e9s des Clubs 2018\">\n\t\t\t\t\t\t\t<img decoding=\"async\" width=\"800\" height=\"533\" src=\"https:\/\/swiss-soroptimist.ch\/wp-content\/uploads\/2023\/04\/2018.jpg\" class=\"attachment-full size-full wp-post-image\" alt=\"\" srcset=\"https:\/\/swiss-soroptimist.ch\/wp-content\/uploads\/2023\/04\/2018-200x133.jpg 200w, https:\/\/swiss-soroptimist.ch\/wp-content\/uploads\/2023\/04\/2018-400x267.jpg 400w, https:\/\/swiss-soroptimist.ch\/wp-content\/uploads\/2023\/04\/2018-600x400.jpg 600w, https:\/\/swiss-soroptimist.ch\/wp-content\/uploads\/2023\/04\/2018.jpg 800w\" sizes=\"(min-width: 2200px) 100vw, (min-width: 915px) 245px, (min-width: 824px) 327px, (min-width: 732px) 490px, (min-width: 640px) 732px, \" \/>\t\t\t<\/a>\n\t\t\t\t\t\t\t<\/div>\n<\/li>\n\t\t\t\n\t\t\t\n\t\t\t\t\t\t\t\t\t\t\t\t\t\t\t\t\t\t\t\t\t\t\t\t\t\t\t\t\t\t\t\t\t\t\t\t\t\t\t\t\t\t\t\t\t\t\t\t\t\t\t\t\t\t\t\t\t\t\t\t\t\t\t\t\t\t\t\t<\/ul>\n\t<\/div>\n\t<div class=\"fusion-post-content-wrapper\" style=\"padding:30px 25px 20px 25px;\"><div class=\"fusion-post-content post-content\"><h2 class=\"blog-shortcode-post-title entry-title\"><a href=\"https:\/\/swiss-soroptimist.ch\/fr\/activites-des-clubs-2018\/\">Activit\u00e9s des Clubs 2018<\/a><\/h2><\/div><\/div><div class=\"fusion-clearfix\"><\/div><\/div>\n<\/article>\n<article id=\"blog-3-post-19224\" class=\"fusion-post-grid post-19224 post type-post status-publish format-standard has-post-thumbnail hentry category-c-2017-f\">\n<div class=\"fusion-post-wrapper\" style=\"background-color:rgba(255,255,255,0);border:1px solid #ebeaea;border-bottom-width:3px;\">\n\n\t\t\t<div class=\"fusion-flexslider flexslider fusion-flexslider-loading fusion-post-slideshow\" style=\"border-color:#ebeaea;\">\n\t\t<ul class=\"slides\">\n\t\t\t\n\t\t\t\t\t\t\t\t\t\t\t\t\t\t<li><div  class=\"fusion-image-wrapper\" aria-haspopup=\"true\">\n\t\t\t\t\t\t\t<a href=\"https:\/\/swiss-soroptimist.ch\/fr\/activites-des-clubs-2017\/\" aria-label=\"Activit\u00e9s des Clubs 2017\">\n\t\t\t\t\t\t\t<img decoding=\"async\" width=\"800\" height=\"533\" src=\"https:\/\/swiss-soroptimist.ch\/wp-content\/uploads\/2023\/04\/2017.jpg\" class=\"attachment-full size-full wp-post-image\" alt=\"\" srcset=\"https:\/\/swiss-soroptimist.ch\/wp-content\/uploads\/2023\/04\/2017-200x133.jpg 200w, https:\/\/swiss-soroptimist.ch\/wp-content\/uploads\/2023\/04\/2017-400x267.jpg 400w, https:\/\/swiss-soroptimist.ch\/wp-content\/uploads\/2023\/04\/2017-600x400.jpg 600w, https:\/\/swiss-soroptimist.ch\/wp-content\/uploads\/2023\/04\/2017.jpg 800w\" sizes=\"(min-width: 2200px) 100vw, (min-width: 915px) 245px, (min-width: 824px) 327px, (min-width: 732px) 490px, (min-width: 640px) 732px, \" \/>\t\t\t<\/a>\n\t\t\t\t\t\t\t<\/div>\n<\/li>\n\t\t\t\n\t\t\t\n\t\t\t\t\t\t\t\t\t\t\t\t\t\t\t\t\t\t\t\t\t\t\t\t\t\t\t\t\t\t\t\t\t\t\t\t\t\t\t\t\t\t\t\t\t\t\t\t\t\t\t\t\t\t\t\t\t\t\t\t\t\t\t\t\t\t\t\t<\/ul>\n\t<\/div>\n\t<div class=\"fusion-post-content-wrapper\" style=\"padding:30px 25px 20px 25px;\"><div class=\"fusion-post-content post-content\"><h2 class=\"blog-shortcode-post-title entry-title\"><a href=\"https:\/\/swiss-soroptimist.ch\/fr\/activites-des-clubs-2017\/\">Activit\u00e9s des Clubs 2017<\/a><\/h2><\/div><\/div><div class=\"fusion-clearfix\"><\/div><\/div>\n<\/article>\n<article id=\"blog-3-post-19307\" class=\"fusion-post-grid post-19307 post type-post status-publish format-standard has-post-thumbnail hentry category-c-2016-f\">\n<div class=\"fusion-post-wrapper\" style=\"background-color:rgba(255,255,255,0);border:1px solid #ebeaea;border-bottom-width:3px;\">\n\n\t\t\t<div class=\"fusion-flexslider flexslider fusion-flexslider-loading fusion-post-slideshow\" style=\"border-color:#ebeaea;\">\n\t\t<ul class=\"slides\">\n\t\t\t\n\t\t\t\t\t\t\t\t\t\t\t\t\t\t<li><div  class=\"fusion-image-wrapper\" aria-haspopup=\"true\">\n\t\t\t\t\t\t\t<a href=\"https:\/\/swiss-soroptimist.ch\/fr\/activites-des-clubs-2016\/\" aria-label=\"Activit\u00e9s des Clubs 2016\">\n\t\t\t\t\t\t\t<img decoding=\"async\" width=\"800\" height=\"533\" src=\"https:\/\/swiss-soroptimist.ch\/wp-content\/uploads\/2023\/04\/2016.jpg\" class=\"attachment-full size-full wp-post-image\" alt=\"\" srcset=\"https:\/\/swiss-soroptimist.ch\/wp-content\/uploads\/2023\/04\/2016-200x133.jpg 200w, https:\/\/swiss-soroptimist.ch\/wp-content\/uploads\/2023\/04\/2016-400x267.jpg 400w, https:\/\/swiss-soroptimist.ch\/wp-content\/uploads\/2023\/04\/2016-600x400.jpg 600w, https:\/\/swiss-soroptimist.ch\/wp-content\/uploads\/2023\/04\/2016.jpg 800w\" sizes=\"(min-width: 2200px) 100vw, (min-width: 915px) 245px, (min-width: 824px) 327px, (min-width: 732px) 490px, (min-width: 640px) 732px, \" \/>\t\t\t<\/a>\n\t\t\t\t\t\t\t<\/div>\n<\/li>\n\t\t\t\n\t\t\t\n\t\t\t\t\t\t\t\t\t\t\t\t\t\t\t\t\t\t\t\t\t\t\t\t\t\t\t\t\t\t\t\t\t\t\t\t\t\t\t\t\t\t\t\t\t\t\t\t\t\t\t\t\t\t\t\t\t\t\t\t\t\t\t\t\t\t\t\t<\/ul>\n\t<\/div>\n\t<div class=\"fusion-post-content-wrapper\" style=\"padding:30px 25px 20px 25px;\"><div class=\"fusion-post-content post-content\"><h2 class=\"blog-shortcode-post-title entry-title\"><a href=\"https:\/\/swiss-soroptimist.ch\/fr\/activites-des-clubs-2016\/\">Activit\u00e9s des Clubs 2016<\/a><\/h2><\/div><\/div><div class=\"fusion-clearfix\"><\/div><\/div>\n<\/article>\n<article id=\"blog-3-post-19332\" class=\"fusion-post-grid post-19332 post type-post status-publish format-standard has-post-thumbnail hentry category-c-2015-f\">\n<div class=\"fusion-post-wrapper\" style=\"background-color:rgba(255,255,255,0);border:1px solid #ebeaea;border-bottom-width:3px;\">\n\n\t\t\t<div class=\"fusion-flexslider flexslider fusion-flexslider-loading fusion-post-slideshow\" style=\"border-color:#ebeaea;\">\n\t\t<ul class=\"slides\">\n\t\t\t\n\t\t\t\t\t\t\t\t\t\t\t\t\t\t<li><div  class=\"fusion-image-wrapper\" aria-haspopup=\"true\">\n\t\t\t\t\t\t\t<a href=\"https:\/\/swiss-soroptimist.ch\/fr\/activites-des-clubs-2015\/\" aria-label=\"Activit\u00e9s des Clubs 2015\">\n\t\t\t\t\t\t\t<img decoding=\"async\" width=\"800\" height=\"533\" src=\"https:\/\/swiss-soroptimist.ch\/wp-content\/uploads\/2023\/04\/2015.jpg\" class=\"attachment-full size-full wp-post-image\" alt=\"\" srcset=\"https:\/\/swiss-soroptimist.ch\/wp-content\/uploads\/2023\/04\/2015-200x133.jpg 200w, https:\/\/swiss-soroptimist.ch\/wp-content\/uploads\/2023\/04\/2015-400x267.jpg 400w, https:\/\/swiss-soroptimist.ch\/wp-content\/uploads\/2023\/04\/2015-600x400.jpg 600w, https:\/\/swiss-soroptimist.ch\/wp-content\/uploads\/2023\/04\/2015.jpg 800w\" sizes=\"(min-width: 2200px) 100vw, (min-width: 915px) 245px, (min-width: 824px) 327px, (min-width: 732px) 490px, (min-width: 640px) 732px, \" \/>\t\t\t<\/a>\n\t\t\t\t\t\t\t<\/div>\n<\/li>\n\t\t\t\n\t\t\t\n\t\t\t\t\t\t\t\t\t\t\t\t\t\t\t\t\t\t\t\t\t\t\t\t\t\t\t\t\t\t\t\t\t\t\t\t\t\t\t\t\t\t\t\t\t\t\t\t\t\t\t\t\t\t\t\t\t\t\t\t\t\t\t\t\t\t\t\t<\/ul>\n\t<\/div>\n\t<div class=\"fusion-post-content-wrapper\" style=\"padding:30px 25px 20px 25px;\"><div class=\"fusion-post-content post-content\"><h2 class=\"blog-shortcode-post-title entry-title\"><a href=\"https:\/\/swiss-soroptimist.ch\/fr\/activites-des-clubs-2015\/\">Activit\u00e9s des Clubs 2015<\/a><\/h2><\/div><\/div><div class=\"fusion-clearfix\"><\/div><\/div>\n<\/article>\n<div class=\"fusion-clearfix\"><\/div><\/div><\/div><\/div><\/div><\/div><\/div><\/p>\n","protected":false},"excerpt":{"rendered":"","protected":false},"author":2,"featured_media":0,"parent":0,"menu_order":0,"comment_status":"closed","ping_status":"closed","template":"100-width.php","meta":{"footnotes":""},"class_list":["post-19003","page","type-page","status-publish","hentry"],"_links":{"self":[{"href":"https:\/\/swiss-soroptimist.ch\/fr\/wp-json\/wp\/v2\/pages\/19003","targetHints":{"allow":["GET"]}}],"collection":[{"href":"https:\/\/swiss-soroptimist.ch\/fr\/wp-json\/wp\/v2\/pages"}],"about":[{"href":"https:\/\/swiss-soroptimist.ch\/fr\/wp-json\/wp\/v2\/types\/page"}],"author":[{"embeddable":true,"href":"https:\/\/swiss-soroptimist.ch\/fr\/wp-json\/wp\/v2\/users\/2"}],"replies":[{"embeddable":true,"href":"https:\/\/swiss-soroptimist.ch\/fr\/wp-json\/wp\/v2\/comments?post=19003"}],"version-history":[{"count":49,"href":"https:\/\/swiss-soroptimist.ch\/fr\/wp-json\/wp\/v2\/pages\/19003\/revisions"}],"predecessor-version":[{"id":24885,"href":"https:\/\/swiss-soroptimist.ch\/fr\/wp-json\/wp\/v2\/pages\/19003\/revisions\/24885"}],"wp:attachment":[{"href":"https:\/\/swiss-soroptimist.ch\/fr\/wp-json\/wp\/v2\/media?parent=19003"}],"curies":[{"name":"wp","href":"https:\/\/api.w.org\/{rel}","templated":true}]}}